{"id":10338,"date":"2022-03-03T15:21:31","date_gmt":"2022-03-03T14:21:31","guid":{"rendered":"https:\/\/milke.se\/?post_type=product&#038;p=10338"},"modified":"2026-04-01T02:16:17","modified_gmt":"2026-04-01T00:16:17","slug":"probki-plytek-i-kafli-kolor-indywidualny","status":"publish","type":"product","link":"https:\/\/milke.se\/en\/product\/probki-plytek-i-kafli-kolor-indywidualny\/","title":{"rendered":"Tile and Tile Samples - Individual Colour"},"content":{"rendered":"<h2 style=\"text-align: left;\">W MILKE mamy \u015bwiadomo\u015b\u0107, \u017ce ka\u017cdy projekt ma sw\u00f3j unikalny charakter, dlatego oferujemy mo\u017cliwo\u015b\u0107 zam\u00f3wienia pr\u00f3bek p\u0142ytek i kafli w kolorach indywidualnych. To nasza specjalno\u015b\u0107, kt\u00f3ra wyr\u00f3\u017cnia nas na rynku \u2013 niepowtarzalne kolory, stworzone specjalnie dla Twojego projektu.<\/h2>\n<p>\u00a0<\/p>\n<h4 style=\"text-align: left;\">Dlaczego kolory indywidualne?<\/h4>\n<p style=\"text-align: left;\"><span style=\"text-decoration: underline; color: #000000;\">Opcja nadawania indywidualnych kolor\u00f3w naszym produktom to jedna z najwa\u017cniejszych cech MILKE.<\/span> Manufaktura\u00a0pozwala nam na pe\u0142n\u0105 swobod\u0119 dzia\u0142ania. Kryje sie\u0328 tu zar\u00f3wno rzemios\u0142o, jak i wolno\u015b\u0107 tworzenia. Czas na wprowadzanie zmian czy udoskonale\u0144 w ka\u017cdym momencie.\u00a0Nasze do\u015bwiadczenie, po\u0142\u0105czone z r\u0119czn\u0105 prac\u0105 specjalist\u00f3w, daje mo\u017cliwo\u015b\u0107 kreowania unikalnych barw, kt\u00f3re idealnie wpisz\u0105 si\u0119 w specyfik\u0119 Twojej inwestycji.<\/p>\n<p style=\"text-align: left;\">Przez lata naszej wsp\u00f3\u0142pracy z Klientami <span style=\"text-decoration: underline; color: #000080;\"><a style=\"color: #000080; text-decoration: underline;\" href=\"https:\/\/milke.se\/en\/kolory\/\" target=\"_blank\" rel=\"noopener\">wykrystalizowa\u0142a si\u0119 baza kolor\u00f3w podstawowych<\/a><\/span>, kt\u00f3re cz\u0119sto wybieracie do swoich projekt\u00f3w. Jednak kolory indywidualne daj\u0105 jeszcze wi\u0119cej mo\u017cliwo\u015bci. To odcienie tworzone na specjalne zam\u00f3wienie, by ceg\u0142y czy kafle idealnie wsp\u00f3\u0142gra\u0142y z reszt\u0105 projektu.<\/p>\n<div id='gallery-1' class='gallery galleryid-10338 gallery-columns-2 gallery-size-large'><figure class='gallery-item'>\n\t\t\t<div class='gallery-icon landscape'>\n\t\t\t\t<a href='https:\/\/milke.se\/en\/?attachment_id=10356'><img loading=\"lazy\" decoding=\"async\" width=\"640\" height=\"427\" src=\"https:\/\/milke.se\/wp-content\/uploads\/2022\/03\/kolory-betonu-MILKE-2-1024x683.jpg\" class=\"attachment-large size-large\" alt=\"\" srcset=\"https:\/\/milke.se\/wp-content\/uploads\/2022\/03\/kolory-betonu-MILKE-2-1024x683.jpg 1024w, https:\/\/milke.se\/wp-content\/uploads\/2022\/03\/kolory-betonu-MILKE-2-300x200.jpg 300w, https:\/\/milke.se\/wp-content\/uploads\/2022\/03\/kolory-betonu-MILKE-2-768x512.jpg 768w, https:\/\/milke.se\/wp-content\/uploads\/2022\/03\/kolory-betonu-MILKE-2-1536x1024.jpg 1536w, https:\/\/milke.se\/wp-content\/uploads\/2022\/03\/kolory-betonu-MILKE-2-2048x1365.jpg 2048w, https:\/\/milke.se\/wp-content\/uploads\/2022\/03\/kolory-betonu-MILKE-2-360x240.jpg 360w, https:\/\/milke.se\/wp-content\/uploads\/2022\/03\/kolory-betonu-MILKE-2-565x377.jpg 565w, https:\/\/milke.se\/wp-content\/uploads\/2022\/03\/kolory-betonu-MILKE-2-937x625.jpg 937w\" sizes=\"auto, (max-width: 640px) 100vw, 640px\" \/><\/a>\n\t\t\t<\/div><\/figure><figure class='gallery-item'>\n\t\t\t<div class='gallery-icon landscape'>\n\t\t\t\t<a href='https:\/\/milke.se\/en\/?attachment_id=10357'><img loading=\"lazy\" decoding=\"async\" width=\"640\" height=\"427\" src=\"https:\/\/milke.se\/wp-content\/uploads\/2022\/03\/kolory-betonu-MILKE-1-1024x683.jpg\" class=\"attachment-large size-large\" alt=\"\" srcset=\"https:\/\/milke.se\/wp-content\/uploads\/2022\/03\/kolory-betonu-MILKE-1-1024x683.jpg 1024w, https:\/\/milke.se\/wp-content\/uploads\/2022\/03\/kolory-betonu-MILKE-1-300x200.jpg 300w, https:\/\/milke.se\/wp-content\/uploads\/2022\/03\/kolory-betonu-MILKE-1-768x512.jpg 768w, https:\/\/milke.se\/wp-content\/uploads\/2022\/03\/kolory-betonu-MILKE-1-1536x1024.jpg 1536w, https:\/\/milke.se\/wp-content\/uploads\/2022\/03\/kolory-betonu-MILKE-1-2048x1365.jpg 2048w, https:\/\/milke.se\/wp-content\/uploads\/2022\/03\/kolory-betonu-MILKE-1-360x240.jpg 360w, https:\/\/milke.se\/wp-content\/uploads\/2022\/03\/kolory-betonu-MILKE-1-565x377.jpg 565w, https:\/\/milke.se\/wp-content\/uploads\/2022\/03\/kolory-betonu-MILKE-1-937x625.jpg 937w\" sizes=\"auto, (max-width: 640px) 100vw, 640px\" \/><\/a>\n\t\t\t<\/div><\/figure>\n\t\t<\/div>\n\n<div class=\"page\" title=\"Page 3\">\n<div class=\"section\">\n<div class=\"layoutArea\">\n<div class=\"column\">\n<h4 style=\"text-align: left;\">Jak zam\u00f3wi\u0107 kolor indywidualny?<\/h4>\n<p style=\"text-align: left;\">Je\u015bli my\u015blisz o indywidualnym kolorze p\u0142ytek lub kafli MILKE, oto jak wygl\u0105da ca\u0142y proces:<\/p>\n<ol style=\"text-align: left;\">\n<li><strong>Koncepcja<\/strong><\/li>\n<li><strong>Wykonanie pr\u00f3bek<\/strong><\/li>\n<li><strong>Dedykowana produkcja<\/strong><\/li>\n<\/ol>\n<\/div>\n<\/div>\n<\/div>\n<\/div>\n<p style=\"text-align: left;\"><a href=\"https:\/\/milke.se\/wp-content\/uploads\/2022\/03\/KII.png\">\u00a0<\/a><\/p>\n<h4 style=\"text-align: left;\">Koncepcja<\/h4>\n<p style=\"text-align: left;\"><span style=\"text-decoration: underline; color: #000000;\">Pierwszym krokiem jest rozmowa z nami. Ws\u0142uchujemy si\u0119 w Twoje potrzeby i pomys\u0142y.<\/span> Podczas tej konsultacji zbieramy wszystkie niezb\u0119dne informacje, g<span style=\"text-align: left; color: #7c7c80; font-size: 14px;\">romadzimy inspiracje i wskaz\u00f3wki do pracy nad docelowym kolorem. Musimy dok\u0142adnie wiedzie\u0107, co chcesz uzyska\u0107 i co Ci si\u0119 podoba. Z drugiej strony informujemy Ci\u0119 o naszych moz\u0307liwo\u015bciach. To niezwykle wa\u017cny moment, poniewaz\u0307 na podstawie wymiany wiedzy przejdziemy do punktu drugiego, gdzie inspiracje przybior\u0105 realny format p\u0142ytki czy kafla.<\/span><\/p>\n<h5 style=\"text-align: left;\">Aby u\u0142atwi\u0107 ten etap:<\/h5>\n<ul style=\"text-align: left;\">\n<li><strong>Prze\u015blij nam zdj\u0119cia<\/strong>, kt\u00f3re Ci\u0119 zainspirowa\u0142y.<\/li>\n<li>Jez\u0307eli posiadasz <strong>fizyczny produkt oddaj\u0105cy barw\u0119<\/strong>, o kt\u00f3rej my\u015blisz \u2013 pokaz\u0307 go nam.<\/li>\n<li>Je\u015bli <span style=\"text-decoration: underline; color: #000080;\"><a style=\"color: #000080; text-decoration: underline;\" href=\"https:\/\/milke.semilke-design\/ncs-ral-i-ciut-czyli-najpopularniejsze-wzorniki-kolorystyczne-swiata\/\" target=\"_blank\" rel=\"noopener\">opierasz si\u0119 na wzornikach RAL czy NCS<\/a><\/span> \u2013 podaj nam zakres barw i numery.<\/li>\n<\/ul>\n<blockquote><p>Wskaz\u00f3wki etapu koncepcja<\/p><\/blockquote>\n<h5 style=\"text-align: left;\">Pami\u0119taj, \u017ce beton architektoniczny ma swoje naturalne cechy \u2013 s\u0105 to charakterystyczne smugi i przebarwienia.<\/h5>\n<p style=\"padding-left: 40px; text-align: left;\">W jego \u015bwiecie uzyskanie odcienia 1:1, a w tym finalny efekt powierzchni z\u0142o\u017conej z betonowych element\u00f3w, obwarowany jest szeregiem zmiennych. Kolorystyk\u0119 betonu nale\u017cy traktowa\u0107 z pewnym marginesem tolerancji.<\/p>\n<div class=\"page\" style=\"text-align: left;\" title=\"Page 5\">\n<div class=\"section\">\n<div class=\"layoutArea\">\n<div class=\"page\" title=\"Page 6\">\n<div class=\"section\">\n<div class=\"layoutArea\">\n<div class=\"column\">\n<p style=\"padding-left: 40px;\">Mieszanki betonu, z kt\u00f3rych produkowane s\u0105 p\u0142ytki i kafle, powstaj\u0105 poprzez po\u0142\u0105czenie wielu sk\u0142adnik\u00f3w wed\u0142ug okre\u015blonej receptury. Na efekt ko\u0144cowy i docelow\u0105 kolorystyk\u0119 wp\u0142yw maj\u0105 proces produkcji, warunki atmosferyczne (w du\u017cej mierze ma wp\u0142yw temperatura i wilgotno\u015b\u0107) oraz spos\u00f3b monta\u017cu. Tak samo wa\u017cne jest przygotowanie pod\u0142o\u017ca, stosowanie procedur prac budowlanych, jak i dob\u00f3r odpowiedniej chemii.<\/p>\n<h5 style=\"text-align: left;\">W jaki spos\u00f3b wp\u0142ywa to na finalny produkt?<\/h5>\n<p style=\"padding-left: 40px;\">Odcienie p\u0142ytek i kafli, nawet tych pochodz\u0105cych z tej samej partii, mog\u0105 si\u0119 delikatnie r\u00f3\u017cni\u0107. Je\u015bli wskazujesz konkretny kolor jako inspiracj\u0119 lub odnosisz si\u0119 do numeru z palety RAL\/NCS, warto uwzgl\u0119dni\u0107 pewien margines, kt\u00f3ry nazwany potocznie \u201ep\u0142ywaniem koloru\u201d. Dodatkowo, kolor p\u0142ytek mo\u017ce si\u0119 zmienia\u0107 przez okres do 120 dni od daty produkcji. Jest to efekt naturalnych proces\u00f3w, takich jak hydratacja cementu. Dlatego chc\u0105c zachowa\u0107 zbli\u017con\u0105 kolorystyk\u0119 poszczeg\u00f3lnych element\u00f3w montowanych w jednym miejscu, nale\u017cy uwzgl\u0119dni\u0107 powy\u017csze informacje na etapie sk\u0142adania zam\u00f3wienia. Warto r\u00f3wnie\u017c dopilnowa\u0107 kwestii budowlano-monta\u017cowych.<\/p>\n<div id='gallery-2' class='gallery galleryid-10338 gallery-columns-2 gallery-size-large'><figure class='gallery-item'>\n\t\t\t<div class='gallery-icon landscape'>\n\t\t\t\t<a href='https:\/\/milke.se\/en\/?attachment_id=11896'><img loading=\"lazy\" decoding=\"async\" width=\"640\" height=\"414\" src=\"https:\/\/milke.se\/wp-content\/uploads\/2019\/09\/Plytka-LONG-MILKE-kolor-indywidulany-104-1024x662.png\" class=\"attachment-large size-large\" alt=\"\" srcset=\"https:\/\/milke.se\/wp-content\/uploads\/2019\/09\/Plytka-LONG-MILKE-kolor-indywidulany-104-1024x662.png 1024w, https:\/\/milke.se\/wp-content\/uploads\/2019\/09\/Plytka-LONG-MILKE-kolor-indywidulany-104-300x194.png 300w, https:\/\/milke.se\/wp-content\/uploads\/2019\/09\/Plytka-LONG-MILKE-kolor-indywidulany-104-768x497.png 768w, https:\/\/milke.se\/wp-content\/uploads\/2019\/09\/Plytka-LONG-MILKE-kolor-indywidulany-104-565x365.png 565w, https:\/\/milke.se\/wp-content\/uploads\/2019\/09\/Plytka-LONG-MILKE-kolor-indywidulany-104-1140x740.png 1140w, https:\/\/milke.se\/wp-content\/uploads\/2019\/09\/Plytka-LONG-MILKE-kolor-indywidulany-104-937x606.png 937w, https:\/\/milke.se\/wp-content\/uploads\/2019\/09\/Plytka-LONG-MILKE-kolor-indywidulany-104.png 1500w\" sizes=\"auto, (max-width: 640px) 100vw, 640px\" \/><\/a>\n\t\t\t<\/div><\/figure><figure class='gallery-item'>\n\t\t\t<div class='gallery-icon landscape'>\n\t\t\t\t<a href='https:\/\/milke.se\/en\/?attachment_id=11892'><img loading=\"lazy\" decoding=\"async\" width=\"640\" height=\"414\" src=\"https:\/\/milke.se\/wp-content\/uploads\/2019\/09\/Plytka-LONG-MILKE-kolor-indywidulany-100-1024x662.png\" class=\"attachment-large size-large\" alt=\"\" srcset=\"https:\/\/milke.se\/wp-content\/uploads\/2019\/09\/Plytka-LONG-MILKE-kolor-indywidulany-100-1024x662.png 1024w, https:\/\/milke.se\/wp-content\/uploads\/2019\/09\/Plytka-LONG-MILKE-kolor-indywidulany-100-300x194.png 300w, https:\/\/milke.se\/wp-content\/uploads\/2019\/09\/Plytka-LONG-MILKE-kolor-indywidulany-100-768x497.png 768w, https:\/\/milke.se\/wp-content\/uploads\/2019\/09\/Plytka-LONG-MILKE-kolor-indywidulany-100-565x365.png 565w, https:\/\/milke.se\/wp-content\/uploads\/2019\/09\/Plytka-LONG-MILKE-kolor-indywidulany-100-1140x740.png 1140w, https:\/\/milke.se\/wp-content\/uploads\/2019\/09\/Plytka-LONG-MILKE-kolor-indywidulany-100-937x606.png 937w, https:\/\/milke.se\/wp-content\/uploads\/2019\/09\/Plytka-LONG-MILKE-kolor-indywidulany-100.png 1500w\" sizes=\"auto, (max-width: 640px) 100vw, 640px\" \/><\/a>\n\t\t\t<\/div><\/figure>\n\t\t<\/div>\n\n<\/div>\n<h4>Wykonanie pr\u00f3bek<\/h4>\n<p><span style=\"text-decoration: underline; color: #000000;\">Kiedy otrzymamy od Ciebie wszystkie niezb\u0119dne informacje, <span style=\"text-decoration: underline;\">przekazujemy je do naszego laboratorium, gdzie rozpoczynamy poszukiwanie najlepszego z efekt\u00f3w kolorystycznych.<\/span><\/span> Takiego, kt\u00f3ry oddaje i zbli\u017ca si\u0119 swoim wygl\u0105dem, do docelowej wizji. B\u0119d\u0105 to konkretne ceg\u0142y czy kafle, w nowych ju\u017c, nietypowych propozycjach odcieni.<\/p>\n<p>Proces ten zajmuje minimum 3 tygodnie, poniewa\u017c wymaga pr\u00f3b, sezonowania oraz sprawdzania efekt\u00f3w. Finalnie przygotujemy dla Ciebie set 3 pr\u00f3bek kolorystycznych, kt\u00f3re przedstawi\u0105 mo\u017cliwe opcje. Je\u015bli potrzebne s\u0105 modyfikacje, wprowadzimy zmiany zgodnie z Twoimi uwagami.<\/p>\n<p>\u00a0<\/p>\n<\/div>\n<\/div>\n<\/div>\n<\/div>\n<\/div>\n<\/div>\n<blockquote><p>Wskaz\u00f3wki etapu wykonania pr\u00f3bek<\/p><\/blockquote>\n<h5 style=\"text-align: left;\">Jakie s\u0105 metody barwienia betonu?<\/h5>\n<p style=\"padding-left: 40px; text-align: left;\">W MILKE wszystkie nasze produkty\u00a0barwimy w masie, co oznacza, \u017ce kolor jest jednolity zar\u00f3wno na zewn\u0105trz, jak i wewn\u0105trz elementu. Czy wiesz jednak, \u017ce swoj\u0105 decyzj\u0105 mo\u017cesz wp\u0142yn\u0105\u0107 na ich powierzchni\u0119 licow\u0105, a przez to na ostateczny wygl\u0105d betonowej kompozycji na \u015bcianie?<\/p>\n<ul style=\"text-align: left;\">\n<li style=\"text-align: left;\"><strong>Standard<\/strong> \u2013 to podstawowa, najbardziej naturalna wersja betonu. Tu kolorystyka element\u00f3w jest delikatna, stonowana, \u201epastelowa\u201d. Zachowany jest surowy charakter materia\u0142u, ze smugami, przebarwieniami, zar\u00f3wno w ramach jednego elementu, jak i ca\u0142ej partii.<\/li>\n<li style=\"text-align: left;\"><strong>Wysycenie<\/strong> \u2013 gdy zale\u017cy Ci na bardziej intensywnym, wyrazistym i g\u0142\u0119bszym kolorze, w\u00f3wczas mo\u017cesz dodatkowo zastosowa\u0107 chemi\u0119 specjalistyczn\u0105 w postaci impregnat\u00f3w wysycaj\u0105cych i podbijaj\u0105cych kolor standardowej wersji.<\/li>\n<li style=\"text-align: left;\"><strong>Wyr\u00f3wnanie<\/strong> \u2013 je\u017celi chcesz zachowa\u0107 temperament betonu, jednak my\u015blisz o delikatnym wyr\u00f3wnaniu kolor\u00f3w, w\u00f3wczas podkre\u015bl ca\u0142\u0105 parti\u0119 betonowych p\u0142ytek czy kafli u\u017cywaj\u0105c farb laserunkowych czy p\u00f3\u0142przezroczystych.<\/li>\n<li style=\"text-align: left;\"><strong>Malowanie<\/strong> \u2013 finalnie mo\u017cesz wybra\u0107 opcj\u0119 powierzchniowego malowania element\u00f3w z zastosowaniem szerokiego spektrum farb kryj\u0105cych. Pami\u0119taj jednak, \u017ce ca\u0142o\u015b\u0107 stanie si\u0119 w\u00f3wczas jednolita, co wp\u0142ynie na rysunek samego betonu. Znikn\u0105 smugi i przebarwienia.<\/li>\n<li style=\"text-align: left;\"><strong>Mat \/ b\u0142ysk <\/strong>\u2013 betonowa kompozycja mo\u017ce si\u0119 r\u00f3wnie\u017c wyr\u00f3\u017cni\u0107, gdy pojedyncze p\u0142ytki czy kafle pokryjesz preparatem nadaj\u0105cym im wyko\u0144czenie matowe lub b\u0142yszcz\u0105ce.Wa\u017cne \u2013 je\u017celi decydujesz si\u0119 na u\u017cywanie chemii specjalistycznej, zapoznaj si\u0119 z kartami technicznymi ka\u017cdego preparatu. Sprawd\u017a r\u00f3wnie\u017c czy ich w\u0142a\u015bciwo\u015bci s\u0105\u00a0odpowiednie do rodzaju materia\u0142u, z kt\u00f3rego wykonujemy produkty MILKE.\u00a0Dodatkowo zwr\u00f3\u0107 uwag\u0119 na miejsce ich przeznaczenia, jak i relacj\u0119 w stosunku do innych \u015brodk\u00f3w, je\u017celi postanowisz u\u017cy\u0107 wi\u0119cej ni\u017c jednego w tej samej realizacji.<\/li>\n<\/ul>\n<div id='gallery-3' class='gallery galleryid-10338 gallery-columns-2 gallery-size-large'><figure class='gallery-item'>\n\t\t\t<div class='gallery-icon landscape'>\n\t\t\t\t<a href='https:\/\/milke.se\/en\/?attachment_id=12268'><img loading=\"lazy\" decoding=\"async\" width=\"640\" height=\"414\" src=\"https:\/\/milke.se\/wp-content\/uploads\/2019\/09\/Kafle-PLANK-MILKE-linia-TEKT-Concrete-111-1024x662.png\" class=\"attachment-large size-large\" alt=\"\" srcset=\"https:\/\/milke.se\/wp-content\/uploads\/2019\/09\/Kafle-PLANK-MILKE-linia-TEKT-Concrete-111-1024x662.png 1024w, https:\/\/milke.se\/wp-content\/uploads\/2019\/09\/Kafle-PLANK-MILKE-linia-TEKT-Concrete-111-300x194.png 300w, https:\/\/milke.se\/wp-content\/uploads\/2019\/09\/Kafle-PLANK-MILKE-linia-TEKT-Concrete-111-768x497.png 768w, https:\/\/milke.se\/wp-content\/uploads\/2019\/09\/Kafle-PLANK-MILKE-linia-TEKT-Concrete-111-565x365.png 565w, https:\/\/milke.se\/wp-content\/uploads\/2019\/09\/Kafle-PLANK-MILKE-linia-TEKT-Concrete-111-1140x740.png 1140w, https:\/\/milke.se\/wp-content\/uploads\/2019\/09\/Kafle-PLANK-MILKE-linia-TEKT-Concrete-111-937x606.png 937w, https:\/\/milke.se\/wp-content\/uploads\/2019\/09\/Kafle-PLANK-MILKE-linia-TEKT-Concrete-111.png 1500w\" sizes=\"auto, (max-width: 640px) 100vw, 640px\" \/><\/a>\n\t\t\t<\/div><\/figure><figure class='gallery-item'>\n\t\t\t<div class='gallery-icon landscape'>\n\t\t\t\t<a href='https:\/\/milke.se\/en\/?attachment_id=12418'><img loading=\"lazy\" decoding=\"async\" width=\"640\" height=\"414\" src=\"https:\/\/milke.se\/wp-content\/uploads\/2019\/09\/Kafle-HONEY-BEE-MILKE-linia-TEKT-Concrete-101-1024x662.png\" class=\"attachment-large size-large\" alt=\"\" srcset=\"https:\/\/milke.se\/wp-content\/uploads\/2019\/09\/Kafle-HONEY-BEE-MILKE-linia-TEKT-Concrete-101-1024x662.png 1024w, https:\/\/milke.se\/wp-content\/uploads\/2019\/09\/Kafle-HONEY-BEE-MILKE-linia-TEKT-Concrete-101-300x194.png 300w, https:\/\/milke.se\/wp-content\/uploads\/2019\/09\/Kafle-HONEY-BEE-MILKE-linia-TEKT-Concrete-101-768x497.png 768w, https:\/\/milke.se\/wp-content\/uploads\/2019\/09\/Kafle-HONEY-BEE-MILKE-linia-TEKT-Concrete-101-565x365.png 565w, https:\/\/milke.se\/wp-content\/uploads\/2019\/09\/Kafle-HONEY-BEE-MILKE-linia-TEKT-Concrete-101-1140x740.png 1140w, https:\/\/milke.se\/wp-content\/uploads\/2019\/09\/Kafle-HONEY-BEE-MILKE-linia-TEKT-Concrete-101-937x606.png 937w, https:\/\/milke.se\/wp-content\/uploads\/2019\/09\/Kafle-HONEY-BEE-MILKE-linia-TEKT-Concrete-101.png 1500w\" sizes=\"auto, (max-width: 640px) 100vw, 640px\" \/><\/a>\n\t\t\t<\/div><\/figure>\n\t\t<\/div>\n\n<h4 style=\"text-align: left;\">Dedykowana produkcja p\u0142ytek i kafli<\/h4>\n<p style=\"text-align: left;\"><span style=\"text-decoration: underline; color: #000000;\">Po zaakceptowaniu pr\u00f3bek i ustaleniu wszystkich szczeg\u00f3\u0142\u00f3w, przyst\u0119pujemy do realizacji zam\u00f3wienia. <\/span>Wszystkie kwestie techniczno-monta\u017cowe b\u0119dziemy mieli ju\u017c w tym momencie przedyskutowane.<\/p>\n<p style=\"text-align: left;\">Wycena nietypowego zam\u00f3wienia przygotowywana jest indywidualnie dla ka\u017cdego projektu. Do jego wytworzenia dedykujemy i przeznaczamy dla Ciebie ca\u0142\u0105 lini\u0119 produkcyjn\u0105. Na ostateczn\u0105 cen\u0119 wp\u0142ywa r\u00f3wnie\u017c wybrany odcie\u0144, kt\u00f3ry przek\u0142ada si\u0119 na zastosowane w produkcji barwniki, a tak\u017ce typ produktu, jego ilo\u015b\u0107, jak r\u00f3wnie\u017c rodzaj wyko\u0144czenia, je\u017celi zdecydujesz si\u0119 na nadanie elementom dodatkowych cech.<\/p>\n<blockquote><p>Masz pytania?<\/p><\/blockquote>\n<p style=\"text-align: left;\"><span style=\"text-decoration: underline;\"><span style=\"color: #000000; text-decoration: underline;\">Ch\u0119tnie odpowiemy na wszelkie pytania i doradzimy na ka\u017cdym etapie \u2013 skontaktuj si\u0119 z nami, by porozmawia\u0107 o swoim projekcie: <span class=\"info-value\">+48 577 507 300 \/\u00a0<\/span><span class=\"info-value\">biuro@milke.se.<\/span><\/span><\/span><\/p>","protected":false},"excerpt":{"rendered":"<p style=\"text-align: left;\"><span style=\"text-decoration: underline; color: #000000;\">Szukasz niestandardowego koloru p\u0142ytek lub kafli do swojego projektu?<\/span> W MILKE oferujemy mo\u017cliwo\u015b\u0107 stworzenia indywidualnych odcieni, idealnie dopasowanych do Twojej wizji. Ka\u017cda pr\u00f3bka jest pe\u0142nowymiarowym produktem, dzi\u0119ki czemu zobaczysz rzeczywisty efekt przed finalnym zam\u00f3wieniem.<\/p>\n<p>&nbsp;<\/p>","protected":false},"featured_media":18428,"template":"","meta":[],"product_brand":[],"product_cat":[129],"product_tag":[312,130,234,131],"class_list":{"0":"post-10338","1":"product","2":"type-product","3":"status-publish","4":"has-post-thumbnail","6":"product_cat-probki","7":"product_tag-kolory-indywidualne","8":"product_tag-probki","9":"product_tag-probki-produktow","10":"product_tag-sample","11":"product_shipping_class-produkty-w-opakowaniach-wysylane-pojedynczo","13":"first","14":"onbackorder","15":"taxable","16":"shipping-taxable","17":"purchasable","18":"product-type-simple","19":"layout-style-2","20":"col-md-4 col-sm-4 col-xs-6","21":"col-lg-3","22":"product-has-gallery","23":"product-style-default"},"yoast_head":"<!-- This site is optimized with the Yoast SEO plugin v27.5 - https:\/\/yoast.com\/product\/yoast-seo-wordpress\/ -->\n<title>Pr\u00f3bki P\u0142ytek i Kafli - Kolor Indywidualny - Sklep milke.se<\/title>\n<meta name=\"description\" content=\"Zam\u00f3w pr\u00f3bki cegie\u0142 lub kafli - w indywidualnym, dedykowanym kolorze. Ich produkcja jest realizowana tylko pod Twoje zam\u00f3wienie.\" \/>\n<meta name=\"robots\" content=\"index, follow, max-snippet:-1, max-image-preview:large, max-video-preview:-1\" \/>\n<link rel=\"canonical\" href=\"https:\/\/milke.se\/en\/product\/probki-plytek-i-kafli-kolor-indywidualny\/\" \/>\n<meta property=\"og:locale\" content=\"en_GB\" \/>\n<meta property=\"og:type\" content=\"article\" \/>\n<meta property=\"og:title\" content=\"Pr\u00f3bki P\u0142ytek i Kafli - Kolor Indywidualny - Sklep milke.se\" \/>\n<meta property=\"og:description\" content=\"Zam\u00f3w pr\u00f3bki cegie\u0142 lub kafli - w indywidualnym, dedykowanym kolorze. Ich produkcja jest realizowana tylko pod Twoje zam\u00f3wienie.\" \/>\n<meta property=\"og:url\" content=\"https:\/\/milke.se\/en\/product\/probki-plytek-i-kafli-kolor-indywidualny\/\" \/>\n<meta property=\"og:site_name\" content=\"Sklep milke.se\" \/>\n<meta property=\"article:modified_time\" content=\"2026-04-01T00:16:17+00:00\" \/>\n<meta property=\"og:image\" content=\"https:\/\/milke.se\/wp-content\/uploads\/2026\/04\/MILKE_kolory-indywidualne_6.png\" \/>\n\t<meta property=\"og:image:width\" content=\"1160\" \/>\n\t<meta property=\"og:image:height\" content=\"1380\" \/>\n\t<meta property=\"og:image:type\" content=\"image\/png\" \/>\n<meta name=\"twitter:card\" content=\"summary_large_image\" \/>\n<meta name=\"twitter:label1\" content=\"Estimated reading time\" \/>\n\t<meta name=\"twitter:data1\" content=\"6 minutes\" \/>\n<script type=\"application\/ld+json\" class=\"yoast-schema-graph\">{\"@context\":\"https:\\\/\\\/schema.org\",\"@graph\":[{\"@type\":\"WebPage\",\"@id\":\"https:\\\/\\\/milke.se\\\/en\\\/product\\\/probki-plytek-i-kafli-kolor-indywidualny\\\/\",\"url\":\"https:\\\/\\\/milke.se\\\/en\\\/product\\\/probki-plytek-i-kafli-kolor-indywidualny\\\/\",\"name\":\"Pr\u00f3bki P\u0142ytek i Kafli - Kolor Indywidualny - Sklep milke.se\",\"isPartOf\":{\"@id\":\"https:\\\/\\\/milke.se\\\/#website\"},\"primaryImageOfPage\":{\"@id\":\"https:\\\/\\\/milke.se\\\/en\\\/product\\\/probki-plytek-i-kafli-kolor-indywidualny\\\/#primaryimage\"},\"image\":{\"@id\":\"https:\\\/\\\/milke.se\\\/en\\\/product\\\/probki-plytek-i-kafli-kolor-indywidualny\\\/#primaryimage\"},\"thumbnailUrl\":\"https:\\\/\\\/milke.se\\\/wp-content\\\/uploads\\\/2026\\\/04\\\/MILKE_kolory-indywidualne_6.png\",\"datePublished\":\"2022-03-03T14:21:31+00:00\",\"dateModified\":\"2026-04-01T00:16:17+00:00\",\"description\":\"Zam\u00f3w pr\u00f3bki cegie\u0142 lub kafli - w indywidualnym, dedykowanym kolorze. Ich produkcja jest realizowana tylko pod Twoje zam\u00f3wienie.\",\"breadcrumb\":{\"@id\":\"https:\\\/\\\/milke.se\\\/en\\\/product\\\/probki-plytek-i-kafli-kolor-indywidualny\\\/#breadcrumb\"},\"inLanguage\":\"en-GB\",\"potentialAction\":[{\"@type\":\"ReadAction\",\"target\":[\"https:\\\/\\\/milke.se\\\/en\\\/product\\\/probki-plytek-i-kafli-kolor-indywidualny\\\/\"]}]},{\"@type\":\"ImageObject\",\"inLanguage\":\"en-GB\",\"@id\":\"https:\\\/\\\/milke.se\\\/en\\\/product\\\/probki-plytek-i-kafli-kolor-indywidualny\\\/#primaryimage\",\"url\":\"https:\\\/\\\/milke.se\\\/wp-content\\\/uploads\\\/2026\\\/04\\\/MILKE_kolory-indywidualne_6.png\",\"contentUrl\":\"https:\\\/\\\/milke.se\\\/wp-content\\\/uploads\\\/2026\\\/04\\\/MILKE_kolory-indywidualne_6.png\",\"width\":1160,\"height\":1380},{\"@type\":\"BreadcrumbList\",\"@id\":\"https:\\\/\\\/milke.se\\\/en\\\/product\\\/probki-plytek-i-kafli-kolor-indywidualny\\\/#breadcrumb\",\"itemListElement\":[{\"@type\":\"ListItem\",\"position\":1,\"name\":\"Strona g\u0142\u00f3wna\",\"item\":\"https:\\\/\\\/milke.se\\\/\"},{\"@type\":\"ListItem\",\"position\":2,\"name\":\"Sklep\",\"item\":\"https:\\\/\\\/milke.se\\\/sklep\\\/\"},{\"@type\":\"ListItem\",\"position\":3,\"name\":\"Pr\u00f3bki P\u0142ytek i Kafli &#8211; Kolor Indywidualny\"}]},{\"@type\":\"WebSite\",\"@id\":\"https:\\\/\\\/milke.se\\\/#website\",\"url\":\"https:\\\/\\\/milke.se\\\/\",\"name\":\"Sklep milke.se\",\"description\":\"\",\"potentialAction\":[{\"@type\":\"SearchAction\",\"target\":{\"@type\":\"EntryPoint\",\"urlTemplate\":\"https:\\\/\\\/milke.se\\\/?s={search_term_string}\"},\"query-input\":{\"@type\":\"PropertyValueSpecification\",\"valueRequired\":true,\"valueName\":\"search_term_string\"}}],\"inLanguage\":\"en-GB\"}]}<\/script>\n<!-- \/ Yoast SEO plugin. -->","yoast_head_json":{"title":"Pr\u00f3bki P\u0142ytek i Kafli - Kolor Indywidualny - Sklep milke.se","description":"Zam\u00f3w pr\u00f3bki cegie\u0142 lub kafli - w indywidualnym, dedykowanym kolorze. Ich produkcja jest realizowana tylko pod Twoje zam\u00f3wienie.","robots":{"index":"index","follow":"follow","max-snippet":"max-snippet:-1","max-image-preview":"max-image-preview:large","max-video-preview":"max-video-preview:-1"},"canonical":"https:\/\/milke.se\/en\/product\/probki-plytek-i-kafli-kolor-indywidualny\/","og_locale":"en_GB","og_type":"article","og_title":"Pr\u00f3bki P\u0142ytek i Kafli - Kolor Indywidualny - Sklep milke.se","og_description":"Zam\u00f3w pr\u00f3bki cegie\u0142 lub kafli - w indywidualnym, dedykowanym kolorze. Ich produkcja jest realizowana tylko pod Twoje zam\u00f3wienie.","og_url":"https:\/\/milke.se\/en\/product\/probki-plytek-i-kafli-kolor-indywidualny\/","og_site_name":"Sklep milke.se","article_modified_time":"2026-04-01T00:16:17+00:00","og_image":[{"width":1160,"height":1380,"url":"https:\/\/milke.se\/wp-content\/uploads\/2026\/04\/MILKE_kolory-indywidualne_6.png","type":"image\/png"}],"twitter_card":"summary_large_image","twitter_misc":{"Estimated reading time":"6 minutes"},"schema":{"@context":"https:\/\/schema.org","@graph":[{"@type":"WebPage","@id":"https:\/\/milke.se\/en\/product\/probki-plytek-i-kafli-kolor-indywidualny\/","url":"https:\/\/milke.se\/en\/product\/probki-plytek-i-kafli-kolor-indywidualny\/","name":"Pr\u00f3bki P\u0142ytek i Kafli - Kolor Indywidualny - Sklep milke.se","isPartOf":{"@id":"https:\/\/milke.se\/#website"},"primaryImageOfPage":{"@id":"https:\/\/milke.se\/en\/product\/probki-plytek-i-kafli-kolor-indywidualny\/#primaryimage"},"image":{"@id":"https:\/\/milke.se\/en\/product\/probki-plytek-i-kafli-kolor-indywidualny\/#primaryimage"},"thumbnailUrl":"https:\/\/milke.se\/wp-content\/uploads\/2026\/04\/MILKE_kolory-indywidualne_6.png","datePublished":"2022-03-03T14:21:31+00:00","dateModified":"2026-04-01T00:16:17+00:00","description":"Zam\u00f3w pr\u00f3bki cegie\u0142 lub kafli - w indywidualnym, dedykowanym kolorze. Ich produkcja jest realizowana tylko pod Twoje zam\u00f3wienie.","breadcrumb":{"@id":"https:\/\/milke.se\/en\/product\/probki-plytek-i-kafli-kolor-indywidualny\/#breadcrumb"},"inLanguage":"en-GB","potentialAction":[{"@type":"ReadAction","target":["https:\/\/milke.se\/en\/product\/probki-plytek-i-kafli-kolor-indywidualny\/"]}]},{"@type":"ImageObject","inLanguage":"en-GB","@id":"https:\/\/milke.se\/en\/product\/probki-plytek-i-kafli-kolor-indywidualny\/#primaryimage","url":"https:\/\/milke.se\/wp-content\/uploads\/2026\/04\/MILKE_kolory-indywidualne_6.png","contentUrl":"https:\/\/milke.se\/wp-content\/uploads\/2026\/04\/MILKE_kolory-indywidualne_6.png","width":1160,"height":1380},{"@type":"BreadcrumbList","@id":"https:\/\/milke.se\/en\/product\/probki-plytek-i-kafli-kolor-indywidualny\/#breadcrumb","itemListElement":[{"@type":"ListItem","position":1,"name":"Strona g\u0142\u00f3wna","item":"https:\/\/milke.se\/"},{"@type":"ListItem","position":2,"name":"Sklep","item":"https:\/\/milke.se\/sklep\/"},{"@type":"ListItem","position":3,"name":"Pr\u00f3bki P\u0142ytek i Kafli &#8211; Kolor Indywidualny"}]},{"@type":"WebSite","@id":"https:\/\/milke.se\/#website","url":"https:\/\/milke.se\/","name":"Shop milke.se","description":"","potentialAction":[{"@type":"SearchAction","target":{"@type":"EntryPoint","urlTemplate":"https:\/\/milke.se\/?s={search_term_string}"},"query-input":{"@type":"PropertyValueSpecification","valueRequired":true,"valueName":"search_term_string"}}],"inLanguage":"en-GB"}]}},"_links":{"self":[{"href":"https:\/\/milke.se\/en\/wp-json\/wp\/v2\/product\/10338","targetHints":{"allow":["GET"]}}],"collection":[{"href":"https:\/\/milke.se\/en\/wp-json\/wp\/v2\/product"}],"about":[{"href":"https:\/\/milke.se\/en\/wp-json\/wp\/v2\/types\/product"}],"wp:featuredmedia":[{"embeddable":true,"href":"https:\/\/milke.se\/en\/wp-json\/wp\/v2\/media\/18428"}],"wp:attachment":[{"href":"https:\/\/milke.se\/en\/wp-json\/wp\/v2\/media?parent=10338"}],"wp:term":[{"taxonomy":"product_brand","embeddable":true,"href":"https:\/\/milke.se\/en\/wp-json\/wp\/v2\/product_brand?post=10338"},{"taxonomy":"product_cat","embeddable":true,"href":"https:\/\/milke.se\/en\/wp-json\/wp\/v2\/product_cat?post=10338"},{"taxonomy":"product_tag","embeddable":true,"href":"https:\/\/milke.se\/en\/wp-json\/wp\/v2\/product_tag?post=10338"}],"curies":[{"name":"wp","href":"https:\/\/api.w.org\/{rel}","templated":true}]}}