{"id":5511,"date":"2020-04-07T20:18:21","date_gmt":"2020-04-07T18:18:21","guid":{"rendered":"https:\/\/milke.se\/?post_type=product&#038;p=5511"},"modified":"2026-04-01T02:16:45","modified_gmt":"2026-04-01T00:16:45","slug":"nowa-cegla-naroznik-klasyczny-plytka-ceglana-dekoracyjna","status":"publish","type":"product","link":"https:\/\/milke.se\/en\/product\/nowa-cegla-naroznik-klasyczny-plytka-ceglana-dekoracyjna\/","title":{"rendered":"Nowa Ceg\u0142a naro\u017cnik klasyczny &#8211; p\u0142ytka ceglana dekoracyjna"},"content":{"rendered":"<div class=\"page\" title=\"Page 11\">\n<div class=\"section\">\n<div class=\"layoutArea\">\n<div class=\"column\">\n<h4 style=\"text-align: left;\">Nowa Ceg\u0142a MILKE \u0142\u0105czy nowoczesny design z niepowtarzalnym charakterem. Jej lekko\u015b\u0107 po\u0142\u0105czona z wytrzyma\u0142o\u015bci\u0105 sprawiaj\u0105, \u017ce idealnie sprawdzi si\u0119 zar\u00f3wno we wn\u0119trzach, jak i na elewacjach.<\/h4>\n<p style=\"text-align: left;\">Zaprojektowana w prostok\u0105tnym kszta\u0142cie, zachowuje unikalny charakter manufaktury. Surowa faktura lica, z naturalnymi zag\u0142\u0119bieniami, bruzdami i \u017c\u0142obieniami, dodaje g\u0142\u0119bi i autentyczno\u015bci, przywo\u0142uj\u0105c histori\u0119 zapisan\u0105 w materiale. Nowa Ceg\u0142a wpisuje si\u0119 w trendy stosowane we wsp\u00f3\u0142czesnej architekturze.<\/p>\n<p><a href=\"https:\/\/milke.se\/en\/portfolio\/royal-tulip-warsaw-apartments-tremend\/\" target=\"_blank\" rel=\"noopener\"><img loading=\"lazy\" decoding=\"async\" class=\"alignnone wp-image-11794\" src=\"https:\/\/milke.se\/wp-content\/uploads\/2020\/01\/Nowa-Cegla-MILKE-kolor-naturalny-101-1-1024x662.png\" alt=\"\" width=\"918\" height=\"594\" srcset=\"https:\/\/milke.se\/wp-content\/uploads\/2020\/01\/Nowa-Cegla-MILKE-kolor-naturalny-101-1-1024x662.png 1024w, https:\/\/milke.se\/wp-content\/uploads\/2020\/01\/Nowa-Cegla-MILKE-kolor-naturalny-101-1-300x194.png 300w, https:\/\/milke.se\/wp-content\/uploads\/2020\/01\/Nowa-Cegla-MILKE-kolor-naturalny-101-1-768x497.png 768w, https:\/\/milke.se\/wp-content\/uploads\/2020\/01\/Nowa-Cegla-MILKE-kolor-naturalny-101-1-565x365.png 565w, https:\/\/milke.se\/wp-content\/uploads\/2020\/01\/Nowa-Cegla-MILKE-kolor-naturalny-101-1-937x606.png 937w, https:\/\/milke.se\/wp-content\/uploads\/2020\/01\/Nowa-Cegla-MILKE-kolor-naturalny-101-1.png 1500w\" sizes=\"auto, (max-width: 918px) 100vw, 918px\" \/><\/a><\/p>\n<p><a href=\"https:\/\/milke.se\/en\/portfolio\/royal-tulip-warsaw-apartments-tremend\/\" target=\"_blank\" rel=\"noopener\"><img loading=\"lazy\" decoding=\"async\" class=\"alignnone wp-image-11795\" src=\"https:\/\/milke.se\/wp-content\/uploads\/2020\/01\/Nowa-Cegla-MILKE-kolor-naturalny-102-1.png\" alt=\"\" width=\"451\" height=\"292\" srcset=\"https:\/\/milke.se\/wp-content\/uploads\/2020\/01\/Nowa-Cegla-MILKE-kolor-naturalny-102-1.png 1500w, https:\/\/milke.se\/wp-content\/uploads\/2020\/01\/Nowa-Cegla-MILKE-kolor-naturalny-102-1-300x194.png 300w, https:\/\/milke.se\/wp-content\/uploads\/2020\/01\/Nowa-Cegla-MILKE-kolor-naturalny-102-1-1024x662.png 1024w, https:\/\/milke.se\/wp-content\/uploads\/2020\/01\/Nowa-Cegla-MILKE-kolor-naturalny-102-1-768x497.png 768w, https:\/\/milke.se\/wp-content\/uploads\/2020\/01\/Nowa-Cegla-MILKE-kolor-naturalny-102-1-565x365.png 565w, https:\/\/milke.se\/wp-content\/uploads\/2020\/01\/Nowa-Cegla-MILKE-kolor-naturalny-102-1-1140x740.png 1140w, https:\/\/milke.se\/wp-content\/uploads\/2020\/01\/Nowa-Cegla-MILKE-kolor-naturalny-102-1-937x606.png 937w\" sizes=\"auto, (max-width: 451px) 100vw, 451px\" \/><\/a>\u00a0 \u00a0 <a href=\"https:\/\/milke.se\/en\/portfolio\/royal-tulip-warsaw-apartments-tremend\/\" target=\"_blank\" rel=\"noopener\"><img loading=\"lazy\" decoding=\"async\" class=\"alignnone wp-image-11793\" src=\"https:\/\/milke.se\/wp-content\/uploads\/2020\/01\/Nowa-Cegla-MILKE-kolor-naturalny-100-1.png\" alt=\"\" width=\"452\" height=\"292\" srcset=\"https:\/\/milke.se\/wp-content\/uploads\/2020\/01\/Nowa-Cegla-MILKE-kolor-naturalny-100-1.png 1500w, https:\/\/milke.se\/wp-content\/uploads\/2020\/01\/Nowa-Cegla-MILKE-kolor-naturalny-100-1-300x194.png 300w, https:\/\/milke.se\/wp-content\/uploads\/2020\/01\/Nowa-Cegla-MILKE-kolor-naturalny-100-1-1024x662.png 1024w, https:\/\/milke.se\/wp-content\/uploads\/2020\/01\/Nowa-Cegla-MILKE-kolor-naturalny-100-1-768x497.png 768w, https:\/\/milke.se\/wp-content\/uploads\/2020\/01\/Nowa-Cegla-MILKE-kolor-naturalny-100-1-565x365.png 565w, https:\/\/milke.se\/wp-content\/uploads\/2020\/01\/Nowa-Cegla-MILKE-kolor-naturalny-100-1-1140x740.png 1140w, https:\/\/milke.se\/wp-content\/uploads\/2020\/01\/Nowa-Cegla-MILKE-kolor-naturalny-100-1-937x606.png 937w\" sizes=\"auto, (max-width: 452px) 100vw, 452px\" \/><\/a><\/p>\n<\/div>\n<\/div>\n<\/div>\n<\/div>\n<blockquote><p>Nowa Ceg\u0142a technicznie<\/p><\/blockquote>\n<p style=\"font-weight: 400; text-align: left;\">P\u0142ytki Nowa Ceg\u0142a formujemy i produkujemy r\u0119cznie z betonu architektonicznego barwionego w masie. P\u0142ytki betonowe to uk\u0142on w stosunku do ostatecznej, l\u017cejszej wagi produktu, przy zachowaniu najwy\u017cszych parametr\u00f3w jako\u015bciowych oraz wytrzyma\u0142o\u015bciowych.<\/p>\n<p style=\"font-weight: 400; text-align: left;\"><span style=\"color: #000000;\"><span style=\"text-decoration: underline;\">Format Nowej Ceg\u0142y zamyka si\u0119 w kszta\u0142cie prostok\u0105ta, zachowuj\u0105c nieznaczne wahania wymiar\u00f3w p\u0142ytek.<\/span><\/span><\/p>\n<p style=\"font-weight: 400; text-align: left;\"><span style=\"color: #000000;\">Aktualne wymiary Nowej Ceg\u0142y, wielko\u015b\u0107 (+\/- 0,5 cm): wysoko\u015b\u0107 ~ 6-6,5 cm, d\u0142ugo\u015b\u0107 ~ 25-25,7 cm, grubo\u015b\u0107 ~ 1,2-1,8 cm.<\/p>\n<p>Na 1m2 potrzeba 52 szt. p\u0142ytek (przy 10mm fudze).<\/p>\n<p>Na 1mb potrzeba 13 szt. naro\u017cnik\u00f3w (przy 10 mm fudze).<\/p>\n<p>Na 1m2 potrzeba 100 szt. p\u0142ytek po\u0142\u00f3wek (przy 10mm fudze).<\/span><\/p>\n<p style=\"text-align: left;\">Dzi\u0119ki r\u00f3\u017cnorodnym kszta\u0142tom i formatom p\u0142ytek oraz r\u0119cznemu barwieniu, ka\u017cdy metr kwadratowy powierzchni z naszych p\u0142ytek jest unikalny. Na przestrzeni 10m2 masz pewno\u015b\u0107, \u017ce \u015bciana b\u0119dzie prezentowa\u0107 niepowtarzalny wz\u00f3r, kt\u00f3ry nada Twojej przestrzeni wyj\u0105tkowy charakter.\u00a0Dope\u0142nieniem serii p\u0142ytek ceglanych s\u0105 elementy dodatkowe \u2013 p\u0142ytka po\u0142\u00f3wkowa, naro\u017cnik w opcji klasycznej, parapetowej i nadpro\u017ca.<\/p>\n<div class=\"page\" title=\"Page 11\">\n<div class=\"section\">\n<div class=\"layoutArea\">\n<div class=\"column\">\n<p><a href=\"https:\/\/milke.se\/en\/portfolio\/long-brick-gdansk-arkano\/\" target=\"_blank\" rel=\"noopener\"><img loading=\"lazy\" decoding=\"async\" class=\"alignnone wp-image-11901\" src=\"https:\/\/milke.se\/wp-content\/uploads\/2019\/09\/Plytka-LONG-MILKE-kolor-naturalny-104.png\" alt=\"\" width=\"918\" height=\"594\" srcset=\"https:\/\/milke.se\/wp-content\/uploads\/2019\/09\/Plytka-LONG-MILKE-kolor-naturalny-104.png 1500w, https:\/\/milke.se\/wp-content\/uploads\/2019\/09\/Plytka-LONG-MILKE-kolor-naturalny-104-300x194.png 300w, https:\/\/milke.se\/wp-content\/uploads\/2019\/09\/Plytka-LONG-MILKE-kolor-naturalny-104-1024x662.png 1024w, https:\/\/milke.se\/wp-content\/uploads\/2019\/09\/Plytka-LONG-MILKE-kolor-naturalny-104-768x497.png 768w, https:\/\/milke.se\/wp-content\/uploads\/2019\/09\/Plytka-LONG-MILKE-kolor-naturalny-104-565x365.png 565w, https:\/\/milke.se\/wp-content\/uploads\/2019\/09\/Plytka-LONG-MILKE-kolor-naturalny-104-937x606.png 937w\" sizes=\"auto, (max-width: 918px) 100vw, 918px\" \/><\/a><\/p>\n<p><a href=\"https:\/\/milke.se\/en\/portfolio\/long-brick-gdansk-arkano\/\" target=\"_blank\" rel=\"noopener\"><img loading=\"lazy\" decoding=\"async\" class=\"alignnone wp-image-11798\" src=\"https:\/\/milke.se\/wp-content\/uploads\/2020\/01\/Nowa-Cegla-MILKE-kolor-naturalny-105-1.png\" alt=\"\" width=\"451\" height=\"292\" srcset=\"https:\/\/milke.se\/wp-content\/uploads\/2020\/01\/Nowa-Cegla-MILKE-kolor-naturalny-105-1.png 1500w, https:\/\/milke.se\/wp-content\/uploads\/2020\/01\/Nowa-Cegla-MILKE-kolor-naturalny-105-1-300x194.png 300w, https:\/\/milke.se\/wp-content\/uploads\/2020\/01\/Nowa-Cegla-MILKE-kolor-naturalny-105-1-1024x662.png 1024w, https:\/\/milke.se\/wp-content\/uploads\/2020\/01\/Nowa-Cegla-MILKE-kolor-naturalny-105-1-768x497.png 768w, https:\/\/milke.se\/wp-content\/uploads\/2020\/01\/Nowa-Cegla-MILKE-kolor-naturalny-105-1-565x365.png 565w, https:\/\/milke.se\/wp-content\/uploads\/2020\/01\/Nowa-Cegla-MILKE-kolor-naturalny-105-1-1140x740.png 1140w, https:\/\/milke.se\/wp-content\/uploads\/2020\/01\/Nowa-Cegla-MILKE-kolor-naturalny-105-1-937x606.png 937w\" sizes=\"auto, (max-width: 451px) 100vw, 451px\" \/><\/a> \u00a0 \u00a0<a href=\"https:\/\/milke.se\/en\/portfolio\/long-brick-gdansk-arkano\/\" target=\"_blank\" rel=\"noopener\"><img loading=\"lazy\" decoding=\"async\" class=\"alignnone wp-image-11800\" src=\"https:\/\/milke.se\/wp-content\/uploads\/2025\/06\/Nowa-Cegla-MILKE-kolor-naturalny-107-1.png\" alt=\"\" width=\"451\" height=\"291\" \/><\/a><\/p>\n<p style=\"text-align: left;\">Ka\u017cda budowa, remont czy metamorfoza to wyzwanie, przypominaj\u0105ce uk\u0142adanie skomplikowanych puzzli, kt\u00f3re w efekcie stworz\u0105 Tw\u00f3j wymarzony dom. Dlatego tak wa\u017cne jest, by \u015bwiadomie wybiera\u0107 elementy wyko\u0144czeniowe, kt\u00f3re najlepiej odzwierciedlaj\u0105 Tw\u00f3j charakter. To moment, w kt\u00f3rym warto zaufa\u0107 swojemu sercu i pod\u0105\u017ca\u0107 za marzeniami. Dzi\u0119ki temu stworzysz przestrze\u0144, w kt\u00f3rej poczujesz si\u0119 swobodnie, przytulnie i bezpiecznie.<\/p>\n<blockquote>\n<p style=\"font-weight: 400;\">P\u0142ytki ceglane MILKE s\u0105 jednym z tych wa\u017cnych sk\u0142adnik\u00f3w, kt\u00f3re stawiaj\u0105 kropk\u0119 nad \u201ei\u201d Twojej realizacji, nadaj\u0105c jej charakter i podkre\u015blaj\u0105c jej indywidualno\u015b\u0107.<\/p>\n<\/blockquote>\n<div class=\"column\">\n<p><a href=\"https:\/\/milke.se\/en\/portfolio\/nowa-cegla-lajkonik\/\" target=\"_blank\" rel=\"noopener\"><img loading=\"lazy\" decoding=\"async\" class=\"alignnone wp-image-11883\" src=\"https:\/\/milke.se\/wp-content\/uploads\/2021\/02\/Nowa-Cegla-MILKE-kolor-pomaranczowy-232.png\" alt=\"\" width=\"918\" height=\"594\" srcset=\"https:\/\/milke.se\/wp-content\/uploads\/2021\/02\/Nowa-Cegla-MILKE-kolor-pomaranczowy-232.png 1500w, https:\/\/milke.se\/wp-content\/uploads\/2021\/02\/Nowa-Cegla-MILKE-kolor-pomaranczowy-232-300x194.png 300w, https:\/\/milke.se\/wp-content\/uploads\/2021\/02\/Nowa-Cegla-MILKE-kolor-pomaranczowy-232-1024x662.png 1024w, https:\/\/milke.se\/wp-content\/uploads\/2021\/02\/Nowa-Cegla-MILKE-kolor-pomaranczowy-232-768x497.png 768w, https:\/\/milke.se\/wp-content\/uploads\/2021\/02\/Nowa-Cegla-MILKE-kolor-pomaranczowy-232-565x365.png 565w, https:\/\/milke.se\/wp-content\/uploads\/2021\/02\/Nowa-Cegla-MILKE-kolor-pomaranczowy-232-937x606.png 937w\" sizes=\"auto, (max-width: 918px) 100vw, 918px\" \/><\/a><\/p>\n<p><a href=\"https:\/\/milke.se\/en\/portfolio\/nowa-cegla-lajkonik\/\" target=\"_blank\" rel=\"noopener\"><img loading=\"lazy\" decoding=\"async\" class=\"alignnone wp-image-11884\" src=\"https:\/\/milke.se\/wp-content\/uploads\/2021\/02\/Nowa-Cegla-MILKE-kolor-pomaranczowy-233.png\" alt=\"\" width=\"451\" height=\"292\" srcset=\"https:\/\/milke.se\/wp-content\/uploads\/2021\/02\/Nowa-Cegla-MILKE-kolor-pomaranczowy-233.png 1500w, https:\/\/milke.se\/wp-content\/uploads\/2021\/02\/Nowa-Cegla-MILKE-kolor-pomaranczowy-233-300x194.png 300w, https:\/\/milke.se\/wp-content\/uploads\/2021\/02\/Nowa-Cegla-MILKE-kolor-pomaranczowy-233-1024x662.png 1024w, https:\/\/milke.se\/wp-content\/uploads\/2021\/02\/Nowa-Cegla-MILKE-kolor-pomaranczowy-233-768x497.png 768w, https:\/\/milke.se\/wp-content\/uploads\/2021\/02\/Nowa-Cegla-MILKE-kolor-pomaranczowy-233-565x365.png 565w, https:\/\/milke.se\/wp-content\/uploads\/2021\/02\/Nowa-Cegla-MILKE-kolor-pomaranczowy-233-1140x740.png 1140w, https:\/\/milke.se\/wp-content\/uploads\/2021\/02\/Nowa-Cegla-MILKE-kolor-pomaranczowy-233-937x606.png 937w\" sizes=\"auto, (max-width: 451px) 100vw, 451px\" \/> \u00a0 \u00a0<\/a><a href=\"https:\/\/milke.se\/en\/portfolio\/nowa-cegla-lajkonik\/\" target=\"_blank\" rel=\"noopener\"><img loading=\"lazy\" decoding=\"async\" class=\"alignnone wp-image-11885\" src=\"https:\/\/milke.se\/wp-content\/uploads\/2021\/02\/Nowa-Cegla-MILKE-kolor-pomaranczowy-234.png\" alt=\"\" width=\"452\" height=\"292\" srcset=\"https:\/\/milke.se\/wp-content\/uploads\/2021\/02\/Nowa-Cegla-MILKE-kolor-pomaranczowy-234.png 1500w, https:\/\/milke.se\/wp-content\/uploads\/2021\/02\/Nowa-Cegla-MILKE-kolor-pomaranczowy-234-300x194.png 300w, https:\/\/milke.se\/wp-content\/uploads\/2021\/02\/Nowa-Cegla-MILKE-kolor-pomaranczowy-234-1024x662.png 1024w, https:\/\/milke.se\/wp-content\/uploads\/2021\/02\/Nowa-Cegla-MILKE-kolor-pomaranczowy-234-768x497.png 768w, https:\/\/milke.se\/wp-content\/uploads\/2021\/02\/Nowa-Cegla-MILKE-kolor-pomaranczowy-234-565x365.png 565w, https:\/\/milke.se\/wp-content\/uploads\/2021\/02\/Nowa-Cegla-MILKE-kolor-pomaranczowy-234-1140x740.png 1140w, https:\/\/milke.se\/wp-content\/uploads\/2021\/02\/Nowa-Cegla-MILKE-kolor-pomaranczowy-234-937x606.png 937w\" sizes=\"auto, (max-width: 452px) 100vw, 452px\" \/><\/a><\/p>\n<h5 style=\"text-align: left;\">P\u0142ytki ceglane Nowa Ceg\u0142a MILKE mo\u017cesz wykorzysta\u0107:<\/h5>\n<ul>\n<li style=\"font-weight: 400; text-align: left;\">we wn\u0119trzach, jak i na zewn\u0105trz budynk\u00f3w<\/li>\n<li style=\"font-weight: 400; text-align: left;\">na \u015bcianach, fasadach i elewacjach<\/li>\n<li style=\"font-weight: 400; text-align: left;\">w pomieszczeniach suchych i mokrych<\/li>\n<li style=\"font-weight: 400; text-align: left;\">w pokoju, kuchni, \u0142azience i na kominku<\/li>\n<\/ul>\n<\/div>\n<\/div>\n<\/div>\n<\/div>\n<\/div>\n<blockquote><p>Now\u0105 Ceg\u0142\u0119 produkujemy r\u0119cznie<\/p><\/blockquote>\n<p style=\"font-weight: 400; text-align: left;\">Produkcja p\u0142ytek Nowa Ceg\u0142a MILKE to w pe\u0142ni r\u0119czna praca, oparta na tradycyjnych metodach manufaktury. Baz\u0105 dla naszych wzor\u00f3w s\u0105 ponad stuletnie wyroby z cegielni Mazowsza i Kaszub,\u00a0zachowuj\u0105ce na naszych cegie\u0142kach unikalne zag\u0142\u0119bienia wy\u017c\u0142obione palcami rzemie\u015blnik\u00f3w. Ka\u017cda p\u0142ytka dekoracyjna jest pe\u0142na naturalnych nier\u00f3wno\u015bci, w\u017cer\u00f3w, wy\u017c\u0142obie\u0144, uszczerbk\u00f3w i przebarwie\u0144, kt\u00f3re nadaj\u0105 jej niepowtarzalny charakter. Dzi\u0119ki temu Twoja \u015bciana zyska autentyczny wygl\u0105d starego, ceglanego muru.<\/p>\n<blockquote><p>Kolory i odcienie<\/p><\/blockquote>\n<p style=\"text-align: left;\">W MILKE ka\u017cd\u0105 p\u0142ytk\u0119 dekoracyjn\u0105 barwimy r\u0119cznie, co daje nam pe\u0142n\u0105 swobod\u0119 w kreowaniu unikatowych kolor\u00f3w. Dzi\u0119ki temu ka\u017cdy element ma subtelnie r\u00f3\u017cni\u0105ce si\u0119 odcienie. Ponadto smugi, jak i ja\u015bniejsze czy ciemniejsze przebarwienia \u015bwiadomie pot\u0119gowane na etapie produkcji sprawiaj\u0105, \u017ce ka\u017cda z cegie\u0142ek jest unikatowa i jedyna w swoim rodzaju. Twoja \u015bciana zyskuje pe\u0142n\u0105 oryginalno\u015b\u0107.<\/p>\n<blockquote class=\"wp-embedded-content\" data-secret=\"cNq1S4G0dY\"><p><a href=\"https:\/\/milke.se\/en\/kolory\/\">\u015aCI\u0104GAWKA KOLOR\u00d3W<\/a><\/p><\/blockquote>\n<p style=\"text-align: left;\">P\u0142ytki ceglane wykonane z betonu oferuj\u0105 nieograniczone mo\u017cliwo\u015bci kolorystyczne i pozwalaj\u0105 na eksperymenty z r\u00f3\u017cnorodnymi teksturami. Tworzenie niestandardowych kszta\u0142t\u00f3w, jak i specjalnych element\u00f3w o okre\u015blonej formie czy rozmiarze, staje si\u0119 prostsze i bardziej elastyczne.<\/p>\n<div class=\"page\" style=\"text-align: left;\" title=\"Page 4\">\n<div class=\"section\">\n<div class=\"layoutArea\">\n<blockquote>\n<div class=\"column\">Co wi\u0119cej, zastosowanie betonu przek\u0142ada si\u0119 na l\u017cejsz\u0105 wag\u0119 produktu, co czyni go nie tylko estetycznym, ale r\u00f3wnie\u017c praktycznym wyborem.<\/div>\n<\/blockquote>\n<\/div>\n<\/div>\n<\/div>\n<div class=\"page\" title=\"Page 11\">\n<div class=\"section\">\n<div class=\"layoutArea\">\n<div class=\"column\">\n<p><a href=\"https:\/\/milke.se\/en\/portfolio\/long-brick-nowa-cegla-stodola-arkano\/\" target=\"_blank\" rel=\"noopener\"><img loading=\"lazy\" decoding=\"async\" class=\"alignnone wp-image-11797\" src=\"https:\/\/milke.se\/wp-content\/uploads\/2020\/01\/Nowa-Cegla-MILKE-kolor-naturalny-104-1.png\" alt=\"\" width=\"918\" height=\"594\" srcset=\"https:\/\/milke.se\/wp-content\/uploads\/2020\/01\/Nowa-Cegla-MILKE-kolor-naturalny-104-1.png 1500w, https:\/\/milke.se\/wp-content\/uploads\/2020\/01\/Nowa-Cegla-MILKE-kolor-naturalny-104-1-300x194.png 300w, https:\/\/milke.se\/wp-content\/uploads\/2020\/01\/Nowa-Cegla-MILKE-kolor-naturalny-104-1-1024x662.png 1024w, https:\/\/milke.se\/wp-content\/uploads\/2020\/01\/Nowa-Cegla-MILKE-kolor-naturalny-104-1-768x497.png 768w, https:\/\/milke.se\/wp-content\/uploads\/2020\/01\/Nowa-Cegla-MILKE-kolor-naturalny-104-1-565x365.png 565w, https:\/\/milke.se\/wp-content\/uploads\/2020\/01\/Nowa-Cegla-MILKE-kolor-naturalny-104-1-937x606.png 937w\" sizes=\"auto, (max-width: 918px) 100vw, 918px\" \/><\/a><\/p>\n<p><a href=\"https:\/\/milke.se\/en\/portfolio\/long-brick-nowa-cegla-stodola-arkano\/\" target=\"_blank\" rel=\"noopener\"><img loading=\"lazy\" decoding=\"async\" class=\"alignnone wp-image-11968\" src=\"https:\/\/milke.se\/wp-content\/uploads\/2020\/01\/Nowa-Cegla-MILKE-kolor-naturalny-118.png\" alt=\"\" width=\"451\" height=\"292\" srcset=\"https:\/\/milke.se\/wp-content\/uploads\/2020\/01\/Nowa-Cegla-MILKE-kolor-naturalny-118.png 1500w, https:\/\/milke.se\/wp-content\/uploads\/2020\/01\/Nowa-Cegla-MILKE-kolor-naturalny-118-300x194.png 300w, https:\/\/milke.se\/wp-content\/uploads\/2020\/01\/Nowa-Cegla-MILKE-kolor-naturalny-118-1024x662.png 1024w, https:\/\/milke.se\/wp-content\/uploads\/2020\/01\/Nowa-Cegla-MILKE-kolor-naturalny-118-768x497.png 768w, https:\/\/milke.se\/wp-content\/uploads\/2020\/01\/Nowa-Cegla-MILKE-kolor-naturalny-118-565x365.png 565w, https:\/\/milke.se\/wp-content\/uploads\/2020\/01\/Nowa-Cegla-MILKE-kolor-naturalny-118-1140x740.png 1140w, https:\/\/milke.se\/wp-content\/uploads\/2020\/01\/Nowa-Cegla-MILKE-kolor-naturalny-118-937x606.png 937w\" sizes=\"auto, (max-width: 451px) 100vw, 451px\" \/><\/a><a href=\"https:\/\/milke.se\/en\/portfolio\/nowa-cegla-lajkonik\/\" target=\"_blank\" rel=\"noopener\"> \u00a0 <\/a><a href=\"https:\/\/milke.se\/en\/portfolio\/long-brick-nowa-cegla-stodola-arkano\/\" target=\"_blank\" rel=\"noopener\"><img loading=\"lazy\" decoding=\"async\" class=\"alignnone wp-image-11969\" src=\"https:\/\/milke.se\/wp-content\/uploads\/2020\/01\/Nowa-Cegla-MILKE-kolor-naturalny-119.png\" alt=\"\" width=\"451\" height=\"292\" srcset=\"https:\/\/milke.se\/wp-content\/uploads\/2020\/01\/Nowa-Cegla-MILKE-kolor-naturalny-119.png 1500w, https:\/\/milke.se\/wp-content\/uploads\/2020\/01\/Nowa-Cegla-MILKE-kolor-naturalny-119-300x194.png 300w, https:\/\/milke.se\/wp-content\/uploads\/2020\/01\/Nowa-Cegla-MILKE-kolor-naturalny-119-1024x662.png 1024w, https:\/\/milke.se\/wp-content\/uploads\/2020\/01\/Nowa-Cegla-MILKE-kolor-naturalny-119-768x497.png 768w, https:\/\/milke.se\/wp-content\/uploads\/2020\/01\/Nowa-Cegla-MILKE-kolor-naturalny-119-565x365.png 565w, https:\/\/milke.se\/wp-content\/uploads\/2020\/01\/Nowa-Cegla-MILKE-kolor-naturalny-119-1140x740.png 1140w, https:\/\/milke.se\/wp-content\/uploads\/2020\/01\/Nowa-Cegla-MILKE-kolor-naturalny-119-937x606.png 937w\" sizes=\"auto, (max-width: 451px) 100vw, 451px\" \/><\/a><\/p>\n<\/div>\n<div class=\"page\" style=\"text-align: left;\" title=\"Page 6\">\n<div class=\"section\">\n<div class=\"layoutArea\">\n<div class=\"column\">\n<div class=\"page\" style=\"text-align: left;\" title=\"Page 6\">\n<div class=\"section\">\n<div class=\"layoutArea\">\n<div class=\"column\">\n<div class=\"page\" title=\"Page 9\">\n<div class=\"section\">\n<div class=\"layoutArea\">\n<h5 class=\"column\">G\u0142\u00f3wne zalety\u00a0dekoracyjnych\u00a0p\u0142ytek betonowych MILKE:<\/h5>\n<\/div>\n<\/div>\n<\/div>\n<\/div>\n<\/div>\n<\/div>\n<\/div>\n<div class=\"page\" title=\"Page 9\">\n<div class=\"section\">\n<div class=\"layoutArea\">\n<div class=\"column\">\n<ul>\n<li style=\"text-align: left;\">trwa\u0142o\u015b\u0107 &#8211;\u00a0czyli wytrzyma\u0142o\u015b\u0107 na uderzenia i \u015bcieranie<\/li>\n<li style=\"text-align: left;\">wytrzyma\u0142o\u015b\u0107 na warunki atmosferyczne &#8211; czyli mrozoodporno\u015b\u0107, niska nasi\u0105kliwo\u015b\u0107<\/li>\n<li style=\"text-align: left;\">odporno\u015b\u0107 &#8211;\u00a0zar\u00f3wno na korozj\u0119 biologiczn\u0105, jak i agresywne \u015brodowisko naraz\u0307one na permanentne dzia\u0142anie i kontakt z wod\u0105, oparami czy t\u0142uszczem<\/li>\n<li style=\"text-align: left;\">niepalno\u015b\u0107 &#8211; w rozumieniu odporno\u015b\u0107 na ogie\u0144<\/li>\n<li style=\"text-align: left;\">podwy\u017cszona izolacja akustyczna i cieplna<\/li>\n<li style=\"text-align: left;\">niska waga<\/li>\n<\/ul>\n<\/div>\n<\/div>\n<\/div>\n<\/div>\n<\/div>\n<\/div>\n<\/div>\n<\/div>\n<p><a href=\"https:\/\/milke.se\/en\/portfolio\/nowa-cegla-wola-golkowska\/\" target=\"_blank\" rel=\"noopener\"><img loading=\"lazy\" decoding=\"async\" class=\"alignnone wp-image-11880\" src=\"https:\/\/milke.se\/wp-content\/uploads\/2021\/02\/Nowa-Cegla-MILKE-kolor-szary-301.png\" alt=\"\" width=\"451\" height=\"292\" srcset=\"https:\/\/milke.se\/wp-content\/uploads\/2021\/02\/Nowa-Cegla-MILKE-kolor-szary-301.png 1500w, https:\/\/milke.se\/wp-content\/uploads\/2021\/02\/Nowa-Cegla-MILKE-kolor-szary-301-300x194.png 300w, https:\/\/milke.se\/wp-content\/uploads\/2021\/02\/Nowa-Cegla-MILKE-kolor-szary-301-1024x662.png 1024w, https:\/\/milke.se\/wp-content\/uploads\/2021\/02\/Nowa-Cegla-MILKE-kolor-szary-301-768x497.png 768w, https:\/\/milke.se\/wp-content\/uploads\/2021\/02\/Nowa-Cegla-MILKE-kolor-szary-301-565x365.png 565w, https:\/\/milke.se\/wp-content\/uploads\/2021\/02\/Nowa-Cegla-MILKE-kolor-szary-301-1140x740.png 1140w, https:\/\/milke.se\/wp-content\/uploads\/2021\/02\/Nowa-Cegla-MILKE-kolor-szary-301-937x606.png 937w\" sizes=\"auto, (max-width: 451px) 100vw, 451px\" \/><\/a>\u00a0 \u00a0 <a href=\"https:\/\/milke.se\/en\/portfolio\/nowa-cegla-wola-golkowska\/\" target=\"_blank\" rel=\"noopener\"><img loading=\"lazy\" decoding=\"async\" class=\"alignnone wp-image-11881\" src=\"https:\/\/milke.se\/wp-content\/uploads\/2021\/02\/Nowa-Cegla-MILKE-kolor-szary-302.png\" alt=\"\" width=\"451\" height=\"292\" srcset=\"https:\/\/milke.se\/wp-content\/uploads\/2021\/02\/Nowa-Cegla-MILKE-kolor-szary-302.png 1500w, https:\/\/milke.se\/wp-content\/uploads\/2021\/02\/Nowa-Cegla-MILKE-kolor-szary-302-300x194.png 300w, https:\/\/milke.se\/wp-content\/uploads\/2021\/02\/Nowa-Cegla-MILKE-kolor-szary-302-1024x662.png 1024w, https:\/\/milke.se\/wp-content\/uploads\/2021\/02\/Nowa-Cegla-MILKE-kolor-szary-302-768x497.png 768w, https:\/\/milke.se\/wp-content\/uploads\/2021\/02\/Nowa-Cegla-MILKE-kolor-szary-302-565x365.png 565w, https:\/\/milke.se\/wp-content\/uploads\/2021\/02\/Nowa-Cegla-MILKE-kolor-szary-302-1140x740.png 1140w, https:\/\/milke.se\/wp-content\/uploads\/2021\/02\/Nowa-Cegla-MILKE-kolor-szary-302-937x606.png 937w\" sizes=\"auto, (max-width: 451px) 100vw, 451px\" \/><\/a><\/p>\n<\/div>\n<blockquote>\n<div>Zam\u00f3w Pr\u00f3bki<\/div>\n<\/blockquote>\n<\/div>\n<\/div>\n<div class=\"page\" title=\"Page 11\">\n<p style=\"text-align: left;\">\n<blockquote class=\"wp-embedded-content\" data-secret=\"zlfWhm9pGt\"><p><a href=\"https:\/\/milke.se\/en\/product\/probki-plytek-ceglanych-klasyczny-format\/\">Pr\u00f3bki P\u0142ytek Ceglanych &#8211; Klasyczny Format<\/a><\/p><\/blockquote>\n<\/div>","protected":false},"excerpt":{"rendered":"<p style=\"text-align: left;\">P\u0142ytka dekoracyjna Nowa Ceg\u0142a \u0142\u0105czy w sobie urok tradycyjnego, nier\u00f3wnego lica Starej Ceg\u0142y z nowoczesnym, regularnym prostok\u0105tem. <span style=\"text-decoration: underline;\"><span style=\"color: #000080; text-decoration: underline;\"><a style=\"color: #000080; text-decoration: underline;\" href=\"https:\/\/milke.se\/en\/kolory\/\" target=\"_blank\" rel=\"noopener\">Dost\u0119pna w r\u00f3\u017cnych kolorach.<\/a><\/span><\/span> Na 1mb potrzeba 13 szt. naro\u017cnik\u00f3w (przy 10 mm fudze).<\/p>","protected":false},"featured_media":18313,"template":"","meta":[],"product_brand":[],"product_cat":[369,225],"product_tag":[166,337,173,105,157,159],"class_list":{"0":"post-5511","1":"product","2":"type-product","3":"status-publish","4":"has-post-thumbnail","6":"product_cat-naroznik","7":"product_cat-plytka-ceglana","8":"product_tag-naroznik","9":"product_tag-naroznik-klasyczny","10":"product_tag-naroznik-nowa-cegla","11":"product_tag-nowa-cegla","12":"product_tag-plytka-elewacyjna","13":"product_tag-plytka-scienna","14":"product_shipping_class-produkty-wysylane-na-paletach","16":"first","17":"instock","18":"taxable","19":"shipping-taxable","20":"purchasable","21":"product-type-variable","22":"layout-style-2","23":"col-md-4 col-sm-4 col-xs-6","24":"col-lg-3","25":"product-has-gallery","26":"product-style-default"},"yoast_head":"<!-- This site is optimized with the Yoast SEO plugin v27.4 - https:\/\/yoast.com\/product\/yoast-seo-wordpress\/ -->\n<title>Nowa Ceg\u0142a naro\u017cnik klasyczny - p\u0142ytka ceglana dekoracyjna - Sklep milke.se<\/title>\n<meta name=\"description\" content=\"Wz\u00f3r p\u0142ytki dekoracyjnej Nowa Ceg\u0142a jest po\u0142\u0105czeniem tradycyjnego lica charakterystycznego dla starej ceg\u0142y z obrysem kszta\u0142tu prostok\u0105ta.\" \/>\n<meta name=\"robots\" content=\"index, follow, max-snippet:-1, max-image-preview:large, max-video-preview:-1\" \/>\n<link rel=\"canonical\" href=\"https:\/\/milke.se\/en\/product\/nowa-cegla-naroznik-klasyczny-plytka-ceglana-dekoracyjna\/\" \/>\n<meta property=\"og:locale\" content=\"en_GB\" \/>\n<meta property=\"og:type\" content=\"article\" \/>\n<meta property=\"og:title\" content=\"Nowa Ceg\u0142a naro\u017cnik klasyczny - p\u0142ytka ceglana dekoracyjna - Sklep milke.se\" \/>\n<meta property=\"og:description\" content=\"Wz\u00f3r p\u0142ytki dekoracyjnej Nowa Ceg\u0142a jest po\u0142\u0105czeniem tradycyjnego lica charakterystycznego dla starej ceg\u0142y z obrysem kszta\u0142tu prostok\u0105ta.\" \/>\n<meta property=\"og:url\" content=\"https:\/\/milke.se\/en\/product\/nowa-cegla-naroznik-klasyczny-plytka-ceglana-dekoracyjna\/\" \/>\n<meta property=\"og:site_name\" content=\"Sklep milke.se\" \/>\n<meta property=\"article:modified_time\" content=\"2026-04-01T00:16:45+00:00\" \/>\n<meta property=\"og:image\" content=\"https:\/\/milke.se\/wp-content\/uploads\/2026\/04\/Nowa-Cegla-MILKE-naroznik-plytka.png\" \/>\n\t<meta property=\"og:image:width\" content=\"759\" \/>\n\t<meta property=\"og:image:height\" content=\"900\" \/>\n\t<meta property=\"og:image:type\" content=\"image\/png\" \/>\n<meta name=\"twitter:card\" content=\"summary_large_image\" \/>\n<meta name=\"twitter:label1\" content=\"Estimated reading time\" \/>\n\t<meta name=\"twitter:data1\" content=\"7 minutes\" \/>\n<script type=\"application\/ld+json\" class=\"yoast-schema-graph\">{\"@context\":\"https:\\\/\\\/schema.org\",\"@graph\":[{\"@type\":\"WebPage\",\"@id\":\"https:\\\/\\\/milke.se\\\/produkt\\\/nowa-cegla-naroznik-klasyczny-plytka-ceglana-dekoracyjna\\\/\",\"url\":\"https:\\\/\\\/milke.se\\\/produkt\\\/nowa-cegla-naroznik-klasyczny-plytka-ceglana-dekoracyjna\\\/\",\"name\":\"Nowa Ceg\u0142a naro\u017cnik klasyczny - p\u0142ytka ceglana dekoracyjna - Sklep milke.se\",\"isPartOf\":{\"@id\":\"https:\\\/\\\/milke.se\\\/en\\\/#website\"},\"primaryImageOfPage\":{\"@id\":\"https:\\\/\\\/milke.se\\\/produkt\\\/nowa-cegla-naroznik-klasyczny-plytka-ceglana-dekoracyjna\\\/#primaryimage\"},\"image\":{\"@id\":\"https:\\\/\\\/milke.se\\\/produkt\\\/nowa-cegla-naroznik-klasyczny-plytka-ceglana-dekoracyjna\\\/#primaryimage\"},\"thumbnailUrl\":\"https:\\\/\\\/milke.se\\\/wp-content\\\/uploads\\\/2026\\\/04\\\/Nowa-Cegla-MILKE-naroznik-plytka.png\",\"datePublished\":\"2020-04-07T18:18:21+00:00\",\"dateModified\":\"2026-04-01T00:16:45+00:00\",\"description\":\"Wz\u00f3r p\u0142ytki dekoracyjnej Nowa Ceg\u0142a jest po\u0142\u0105czeniem tradycyjnego lica charakterystycznego dla starej ceg\u0142y z obrysem kszta\u0142tu prostok\u0105ta.\",\"breadcrumb\":{\"@id\":\"https:\\\/\\\/milke.se\\\/produkt\\\/nowa-cegla-naroznik-klasyczny-plytka-ceglana-dekoracyjna\\\/#breadcrumb\"},\"inLanguage\":\"en-GB\",\"potentialAction\":[{\"@type\":\"ReadAction\",\"target\":[\"https:\\\/\\\/milke.se\\\/produkt\\\/nowa-cegla-naroznik-klasyczny-plytka-ceglana-dekoracyjna\\\/\"]}]},{\"@type\":\"ImageObject\",\"inLanguage\":\"en-GB\",\"@id\":\"https:\\\/\\\/milke.se\\\/produkt\\\/nowa-cegla-naroznik-klasyczny-plytka-ceglana-dekoracyjna\\\/#primaryimage\",\"url\":\"https:\\\/\\\/milke.se\\\/wp-content\\\/uploads\\\/2026\\\/04\\\/Nowa-Cegla-MILKE-naroznik-plytka.png\",\"contentUrl\":\"https:\\\/\\\/milke.se\\\/wp-content\\\/uploads\\\/2026\\\/04\\\/Nowa-Cegla-MILKE-naroznik-plytka.png\",\"width\":759,\"height\":900},{\"@type\":\"BreadcrumbList\",\"@id\":\"https:\\\/\\\/milke.se\\\/produkt\\\/nowa-cegla-naroznik-klasyczny-plytka-ceglana-dekoracyjna\\\/#breadcrumb\",\"itemListElement\":[{\"@type\":\"ListItem\",\"position\":1,\"name\":\"Strona g\u0142\u00f3wna\",\"item\":\"https:\\\/\\\/milke.se\\\/en\\\/\"},{\"@type\":\"ListItem\",\"position\":2,\"name\":\"Sklep\",\"item\":\"https:\\\/\\\/milke.se\\\/sklep\\\/\"},{\"@type\":\"ListItem\",\"position\":3,\"name\":\"Nowa Ceg\u0142a naro\u017cnik klasyczny &#8211; p\u0142ytka ceglana dekoracyjna\"}]},{\"@type\":\"WebSite\",\"@id\":\"https:\\\/\\\/milke.se\\\/en\\\/#website\",\"url\":\"https:\\\/\\\/milke.se\\\/en\\\/\",\"name\":\"Sklep milke.se\",\"description\":\"\",\"potentialAction\":[{\"@type\":\"SearchAction\",\"target\":{\"@type\":\"EntryPoint\",\"urlTemplate\":\"https:\\\/\\\/milke.se\\\/en\\\/?s={search_term_string}\"},\"query-input\":{\"@type\":\"PropertyValueSpecification\",\"valueRequired\":true,\"valueName\":\"search_term_string\"}}],\"inLanguage\":\"en-GB\"}]}<\/script>\n<!-- \/ Yoast SEO plugin. -->","yoast_head_json":{"title":"Nowa Ceg\u0142a naro\u017cnik klasyczny - p\u0142ytka ceglana dekoracyjna - Sklep milke.se","description":"Wz\u00f3r p\u0142ytki dekoracyjnej Nowa Ceg\u0142a jest po\u0142\u0105czeniem tradycyjnego lica charakterystycznego dla starej ceg\u0142y z obrysem kszta\u0142tu prostok\u0105ta.","robots":{"index":"index","follow":"follow","max-snippet":"max-snippet:-1","max-image-preview":"max-image-preview:large","max-video-preview":"max-video-preview:-1"},"canonical":"https:\/\/milke.se\/en\/product\/nowa-cegla-naroznik-klasyczny-plytka-ceglana-dekoracyjna\/","og_locale":"en_GB","og_type":"article","og_title":"Nowa Ceg\u0142a naro\u017cnik klasyczny - p\u0142ytka ceglana dekoracyjna - Sklep milke.se","og_description":"Wz\u00f3r p\u0142ytki dekoracyjnej Nowa Ceg\u0142a jest po\u0142\u0105czeniem tradycyjnego lica charakterystycznego dla starej ceg\u0142y z obrysem kszta\u0142tu prostok\u0105ta.","og_url":"https:\/\/milke.se\/en\/product\/nowa-cegla-naroznik-klasyczny-plytka-ceglana-dekoracyjna\/","og_site_name":"Sklep milke.se","article_modified_time":"2026-04-01T00:16:45+00:00","og_image":[{"width":759,"height":900,"url":"https:\/\/milke.se\/wp-content\/uploads\/2026\/04\/Nowa-Cegla-MILKE-naroznik-plytka.png","type":"image\/png"}],"twitter_card":"summary_large_image","twitter_misc":{"Estimated reading time":"7 minutes"},"schema":{"@context":"https:\/\/schema.org","@graph":[{"@type":"WebPage","@id":"https:\/\/milke.se\/produkt\/nowa-cegla-naroznik-klasyczny-plytka-ceglana-dekoracyjna\/","url":"https:\/\/milke.se\/produkt\/nowa-cegla-naroznik-klasyczny-plytka-ceglana-dekoracyjna\/","name":"Nowa Ceg\u0142a naro\u017cnik klasyczny - p\u0142ytka ceglana dekoracyjna - Sklep milke.se","isPartOf":{"@id":"https:\/\/milke.se\/en\/#website"},"primaryImageOfPage":{"@id":"https:\/\/milke.se\/produkt\/nowa-cegla-naroznik-klasyczny-plytka-ceglana-dekoracyjna\/#primaryimage"},"image":{"@id":"https:\/\/milke.se\/produkt\/nowa-cegla-naroznik-klasyczny-plytka-ceglana-dekoracyjna\/#primaryimage"},"thumbnailUrl":"https:\/\/milke.se\/wp-content\/uploads\/2026\/04\/Nowa-Cegla-MILKE-naroznik-plytka.png","datePublished":"2020-04-07T18:18:21+00:00","dateModified":"2026-04-01T00:16:45+00:00","description":"Wz\u00f3r p\u0142ytki dekoracyjnej Nowa Ceg\u0142a jest po\u0142\u0105czeniem tradycyjnego lica charakterystycznego dla starej ceg\u0142y z obrysem kszta\u0142tu prostok\u0105ta.","breadcrumb":{"@id":"https:\/\/milke.se\/produkt\/nowa-cegla-naroznik-klasyczny-plytka-ceglana-dekoracyjna\/#breadcrumb"},"inLanguage":"en-GB","potentialAction":[{"@type":"ReadAction","target":["https:\/\/milke.se\/produkt\/nowa-cegla-naroznik-klasyczny-plytka-ceglana-dekoracyjna\/"]}]},{"@type":"ImageObject","inLanguage":"en-GB","@id":"https:\/\/milke.se\/produkt\/nowa-cegla-naroznik-klasyczny-plytka-ceglana-dekoracyjna\/#primaryimage","url":"https:\/\/milke.se\/wp-content\/uploads\/2026\/04\/Nowa-Cegla-MILKE-naroznik-plytka.png","contentUrl":"https:\/\/milke.se\/wp-content\/uploads\/2026\/04\/Nowa-Cegla-MILKE-naroznik-plytka.png","width":759,"height":900},{"@type":"BreadcrumbList","@id":"https:\/\/milke.se\/produkt\/nowa-cegla-naroznik-klasyczny-plytka-ceglana-dekoracyjna\/#breadcrumb","itemListElement":[{"@type":"ListItem","position":1,"name":"Strona g\u0142\u00f3wna","item":"https:\/\/milke.se\/en\/"},{"@type":"ListItem","position":2,"name":"Sklep","item":"https:\/\/milke.se\/sklep\/"},{"@type":"ListItem","position":3,"name":"Nowa Ceg\u0142a naro\u017cnik klasyczny &#8211; p\u0142ytka ceglana dekoracyjna"}]},{"@type":"WebSite","@id":"https:\/\/milke.se\/en\/#website","url":"https:\/\/milke.se\/en\/","name":"Shop milke.se","description":"","potentialAction":[{"@type":"SearchAction","target":{"@type":"EntryPoint","urlTemplate":"https:\/\/milke.se\/en\/?s={search_term_string}"},"query-input":{"@type":"PropertyValueSpecification","valueRequired":true,"valueName":"search_term_string"}}],"inLanguage":"en-GB"}]}},"_links":{"self":[{"href":"https:\/\/milke.se\/en\/wp-json\/wp\/v2\/product\/5511","targetHints":{"allow":["GET"]}}],"collection":[{"href":"https:\/\/milke.se\/en\/wp-json\/wp\/v2\/product"}],"about":[{"href":"https:\/\/milke.se\/en\/wp-json\/wp\/v2\/types\/product"}],"wp:featuredmedia":[{"embeddable":true,"href":"https:\/\/milke.se\/en\/wp-json\/wp\/v2\/media\/18313"}],"wp:attachment":[{"href":"https:\/\/milke.se\/en\/wp-json\/wp\/v2\/media?parent=5511"}],"wp:term":[{"taxonomy":"product_brand","embeddable":true,"href":"https:\/\/milke.se\/en\/wp-json\/wp\/v2\/product_brand?post=5511"},{"taxonomy":"product_cat","embeddable":true,"href":"https:\/\/milke.se\/en\/wp-json\/wp\/v2\/product_cat?post=5511"},{"taxonomy":"product_tag","embeddable":true,"href":"https:\/\/milke.se\/en\/wp-json\/wp\/v2\/product_tag?post=5511"}],"curies":[{"name":"wp","href":"https:\/\/api.w.org\/{rel}","templated":true}]}}