{"id":6241,"date":"2020-07-20T12:55:23","date_gmt":"2020-07-20T10:55:23","guid":{"rendered":"https:\/\/milke.se\/?post_type=product&#038;p=6241"},"modified":"2026-04-01T01:42:25","modified_gmt":"2026-03-31T23:42:25","slug":"stara-cegla-plytka-ceglana-dekoracyjna-kolor-naturalny","status":"publish","type":"product","link":"https:\/\/milke.se\/en\/product\/stara-cegla-plytka-ceglana-dekoracyjna-kolor-naturalny\/","title":{"rendered":"BESTSELLER Stara Ceg\u0142a &#8211; p\u0142ytka ceglana dekoracyjna &#8211; kolor naturalny"},"content":{"rendered":"<h4 style=\"text-align: left;\">Oryginalna, niepowtarzalna, wytrzyma\u0142a i lekka \u2013 Stara Ceg\u0142a MILKE to idealne rozwi\u0105zanie, kt\u00f3re doskonale sprawdzi si\u0119 zar\u00f3wno we wn\u0119trzach, jak i na elewacjach.<\/h4>\n<p style=\"text-align: left;\">Dzi\u0119ki r\u0119cznemu formowaniu, nier\u00f3wnej powierzchni i unikalnemu barwieniu, ka\u017cda p\u0142ytka oddaje autentyczny klimat starego, ceglanego muru.<\/p>\n<p><a href=\"https:\/\/milke.se\/wp-content\/uploads\/2020\/01\/Stara-Cegla-naturalny-2-scaled.jpg\"><img loading=\"lazy\" decoding=\"async\" class=\"aligncenter wp-image-7452\" src=\"https:\/\/milke.se\/wp-content\/uploads\/2020\/01\/Stara-Cegla-naturalny-2-scaled.jpg\" alt=\"\" width=\"915\" height=\"610\" srcset=\"https:\/\/milke.se\/wp-content\/uploads\/2020\/01\/Stara-Cegla-naturalny-2-scaled.jpg 2560w, https:\/\/milke.se\/wp-content\/uploads\/2020\/01\/Stara-Cegla-naturalny-2-300x200.jpg 300w, https:\/\/milke.se\/wp-content\/uploads\/2020\/01\/Stara-Cegla-naturalny-2-1024x683.jpg 1024w, https:\/\/milke.se\/wp-content\/uploads\/2020\/01\/Stara-Cegla-naturalny-2-768x512.jpg 768w, https:\/\/milke.se\/wp-content\/uploads\/2020\/01\/Stara-Cegla-naturalny-2-1536x1024.jpg 1536w, https:\/\/milke.se\/wp-content\/uploads\/2020\/01\/Stara-Cegla-naturalny-2-2048x1365.jpg 2048w, https:\/\/milke.se\/wp-content\/uploads\/2020\/01\/Stara-Cegla-naturalny-2-360x240.jpg 360w, https:\/\/milke.se\/wp-content\/uploads\/2020\/01\/Stara-Cegla-naturalny-2-565x377.jpg 565w, https:\/\/milke.se\/wp-content\/uploads\/2020\/01\/Stara-Cegla-naturalny-2-937x625.jpg 937w\" sizes=\"auto, (max-width: 915px) 100vw, 915px\" \/><\/a><\/p>\n<blockquote><p>Stara Ceg\u0142a technicznie<\/p><\/blockquote>\n<p style=\"font-weight: 400; text-align: left;\">P\u0142ytki Stara Ceg\u0142a formujemy i produkujemy r\u0119cznie z betonu architektonicznego barwionego w masie. P\u0142ytki betonowe to uk\u0142on w stosunku do ostatecznej, l\u017cejszej wagi produktu, przy zachowaniu najwy\u017cszych parametr\u00f3w jako\u015bciowych oraz wytrzyma\u0142o\u015bciowych.<\/p>\n<p style=\"font-weight: 400; text-align: left;\"><span style=\"text-decoration: underline;\"><span style=\"color: #000000; text-decoration: underline;\">Cegie\u0142ki dekoracyjne MILKE posiadaj\u0105 najbardziej tradycyjny format lica, zachowuj\u0105cy nieznaczne wahania wymiar\u00f3w p\u0142ytek.<\/span><\/span><\/p>\n<p style=\"font-weight: 400; text-align: left;\"><span style=\"color: #000000;\">Aktualna wielko\u015b\u0107 (+\/- 0,5 cm): wysoko\u015b\u0107 ~ 5,5-7 cm, d\u0142ugo\u015b\u0107 ~ 24-28 cm, grubo\u015b\u0107 ~ 1-1,8 cm.<\/span><\/p>\n<p><span style=\"color: #000000;\">Na 1m2 potrzeba 52 szt. p\u0142ytek (przy 10mm fudze).<\/p>\n<p>Na 1mb potrzeba 13 szt. naro\u017cnik\u00f3w (przy 10 mm fudze).<\/p>\n<p>Na 1m2 potrzeba 100 szt. p\u0142ytek po\u0142\u00f3wek (przy 10mm fudze).<\/span><\/p>\n<p style=\"text-align: left;\">Dzi\u0119ki r\u00f3\u017cnorodnym kszta\u0142tom i formatom p\u0142ytek oraz r\u0119cznemu barwieniu, ka\u017cdy metr kwadratowy powierzchni z naszych p\u0142ytek jest unikalny. Na przestrzeni 10m2 masz pewno\u015b\u0107, \u017ce \u015bciana b\u0119dzie prezentowa\u0107 niepowtarzalny wz\u00f3r, kt\u00f3ry nada Twojej przestrzeni wyj\u0105tkowy charakter.\u00a0Dope\u0142nieniem serii p\u0142ytek ceglanych s\u0105 elementy dodatkowe \u2013 p\u0142ytka po\u0142\u00f3wkowa, naro\u017cnik w opcji klasycznej, parapetowej i nadpro\u017ca.<\/p>\n<p><a href=\"https:\/\/milke.se\/en\/portfolio\/crowne-plaza-warsaw-the-hub-holiday-inn-express-warsaw-the-hub-tremend\/\" target=\"_blank\" rel=\"noopener\"><img loading=\"lazy\" decoding=\"async\" class=\"alignnone wp-image-9364\" src=\"https:\/\/milke.se\/wp-content\/uploads\/2021\/09\/MILKE-Stara-Cegla-Crowne-Plaza-Warsaw-The-HUB-14-1024x683.jpg\" alt=\"\" width=\"915\" height=\"611\" srcset=\"https:\/\/milke.se\/wp-content\/uploads\/2021\/09\/MILKE-Stara-Cegla-Crowne-Plaza-Warsaw-The-HUB-14-1024x683.jpg 1024w, https:\/\/milke.se\/wp-content\/uploads\/2021\/09\/MILKE-Stara-Cegla-Crowne-Plaza-Warsaw-The-HUB-14-300x200.jpg 300w, https:\/\/milke.se\/wp-content\/uploads\/2021\/09\/MILKE-Stara-Cegla-Crowne-Plaza-Warsaw-The-HUB-14-768x512.jpg 768w, https:\/\/milke.se\/wp-content\/uploads\/2021\/09\/MILKE-Stara-Cegla-Crowne-Plaza-Warsaw-The-HUB-14-1536x1024.jpg 1536w, https:\/\/milke.se\/wp-content\/uploads\/2021\/09\/MILKE-Stara-Cegla-Crowne-Plaza-Warsaw-The-HUB-14-2048x1365.jpg 2048w, https:\/\/milke.se\/wp-content\/uploads\/2021\/09\/MILKE-Stara-Cegla-Crowne-Plaza-Warsaw-The-HUB-14-360x240.jpg 360w, https:\/\/milke.se\/wp-content\/uploads\/2021\/09\/MILKE-Stara-Cegla-Crowne-Plaza-Warsaw-The-HUB-14-565x377.jpg 565w, https:\/\/milke.se\/wp-content\/uploads\/2021\/09\/MILKE-Stara-Cegla-Crowne-Plaza-Warsaw-The-HUB-14-937x625.jpg 937w\" sizes=\"auto, (max-width: 915px) 100vw, 915px\" \/>\u00a0 <\/a><\/p>\n<p><a href=\"https:\/\/milke.se\/en\/portfolio\/crowne-plaza-warsaw-the-hub-holiday-inn-express-warsaw-the-hub-tremend\/\" target=\"_blank\" rel=\"noopener\"><img loading=\"lazy\" decoding=\"async\" class=\"alignnone wp-image-12035\" src=\"https:\/\/milke.se\/wp-content\/uploads\/2020\/07\/Stara-Cegla-MILKE-kolor-naturalny-309.png\" alt=\"\" width=\"451\" height=\"292\" srcset=\"https:\/\/milke.se\/wp-content\/uploads\/2020\/07\/Stara-Cegla-MILKE-kolor-naturalny-309.png 1500w, https:\/\/milke.se\/wp-content\/uploads\/2020\/07\/Stara-Cegla-MILKE-kolor-naturalny-309-300x194.png 300w, https:\/\/milke.se\/wp-content\/uploads\/2020\/07\/Stara-Cegla-MILKE-kolor-naturalny-309-1024x662.png 1024w, https:\/\/milke.se\/wp-content\/uploads\/2020\/07\/Stara-Cegla-MILKE-kolor-naturalny-309-768x497.png 768w, https:\/\/milke.se\/wp-content\/uploads\/2020\/07\/Stara-Cegla-MILKE-kolor-naturalny-309-565x365.png 565w, https:\/\/milke.se\/wp-content\/uploads\/2020\/07\/Stara-Cegla-MILKE-kolor-naturalny-309-1140x740.png 1140w, https:\/\/milke.se\/wp-content\/uploads\/2020\/07\/Stara-Cegla-MILKE-kolor-naturalny-309-937x606.png 937w\" sizes=\"auto, (max-width: 451px) 100vw, 451px\" \/>\u00a0\u00a0\u00a0<\/a> <a href=\"https:\/\/milke.se\/en\/portfolio\/crowne-plaza-warsaw-the-hub-holiday-inn-express-warsaw-the-hub-tremend\/\" target=\"_blank\" rel=\"noopener\"><img loading=\"lazy\" decoding=\"async\" class=\"alignnone wp-image-12034\" src=\"https:\/\/milke.se\/wp-content\/uploads\/2020\/07\/Stara-Cegla-MILKE-kolor-naturalny-308.png\" alt=\"\" width=\"451\" height=\"292\" srcset=\"https:\/\/milke.se\/wp-content\/uploads\/2020\/07\/Stara-Cegla-MILKE-kolor-naturalny-308.png 1500w, https:\/\/milke.se\/wp-content\/uploads\/2020\/07\/Stara-Cegla-MILKE-kolor-naturalny-308-300x194.png 300w, https:\/\/milke.se\/wp-content\/uploads\/2020\/07\/Stara-Cegla-MILKE-kolor-naturalny-308-1024x662.png 1024w, https:\/\/milke.se\/wp-content\/uploads\/2020\/07\/Stara-Cegla-MILKE-kolor-naturalny-308-768x497.png 768w, https:\/\/milke.se\/wp-content\/uploads\/2020\/07\/Stara-Cegla-MILKE-kolor-naturalny-308-565x365.png 565w, https:\/\/milke.se\/wp-content\/uploads\/2020\/07\/Stara-Cegla-MILKE-kolor-naturalny-308-1140x740.png 1140w, https:\/\/milke.se\/wp-content\/uploads\/2020\/07\/Stara-Cegla-MILKE-kolor-naturalny-308-937x606.png 937w\" sizes=\"auto, (max-width: 451px) 100vw, 451px\" \/><\/a><\/p>\n<p style=\"text-align: left;\">Ka\u017cda budowa, remont czy metamorfoza to wyzwanie, przypominaj\u0105ce uk\u0142adanie skomplikowanych puzzli, kt\u00f3re w efekcie stworz\u0105 Tw\u00f3j wymarzony dom. Dlatego tak wa\u017cne jest, by \u015bwiadomie wybiera\u0107 elementy wyko\u0144czeniowe, kt\u00f3re najlepiej odzwierciedlaj\u0105 Tw\u00f3j charakter. To moment, w kt\u00f3rym warto zaufa\u0107 swojemu sercu i pod\u0105\u017ca\u0107 za marzeniami. Dzi\u0119ki temu stworzysz przestrze\u0144, w kt\u00f3rej poczujesz si\u0119 swobodnie, przytulnie i bezpiecznie.<\/p>\n<blockquote>\n<p style=\"font-weight: 400;\">P\u0142ytki ceglane MILKE s\u0105 jednym z tych wa\u017cnych sk\u0142adnik\u00f3w, kt\u00f3re stawiaj\u0105 kropk\u0119 nad \u201ei\u201d Twojej realizacji, nadaj\u0105c jej charakter i podkre\u015blaj\u0105c jej indywidualno\u015b\u0107.<\/p>\n<\/blockquote>\n<p><a href=\"https:\/\/milke.se\/en\/portfolio\/budynek-kancelarii-sejmu-warszawa\/\" target=\"_blank\" rel=\"noopener noreferrer\"><img loading=\"lazy\" decoding=\"async\" class=\"alignnone wp-image-7173\" src=\"https:\/\/milke.se\/wp-content\/uploads\/2020\/01\/MILKE-Budynek-Kancelarii-Sejmu-Warszawa-1024x680.png\" alt=\"\" width=\"451\" height=\"299\" srcset=\"https:\/\/milke.se\/wp-content\/uploads\/2020\/01\/MILKE-Budynek-Kancelarii-Sejmu-Warszawa-1024x680.png 1024w, https:\/\/milke.se\/wp-content\/uploads\/2020\/01\/MILKE-Budynek-Kancelarii-Sejmu-Warszawa-300x199.png 300w, https:\/\/milke.se\/wp-content\/uploads\/2020\/01\/MILKE-Budynek-Kancelarii-Sejmu-Warszawa-768x510.png 768w, https:\/\/milke.se\/wp-content\/uploads\/2020\/01\/MILKE-Budynek-Kancelarii-Sejmu-Warszawa-360x240.png 360w, https:\/\/milke.se\/wp-content\/uploads\/2020\/01\/MILKE-Budynek-Kancelarii-Sejmu-Warszawa-565x375.png 565w, https:\/\/milke.se\/wp-content\/uploads\/2020\/01\/MILKE-Budynek-Kancelarii-Sejmu-Warszawa-937x622.png 937w, https:\/\/milke.se\/wp-content\/uploads\/2020\/01\/MILKE-Budynek-Kancelarii-Sejmu-Warszawa.png 1074w\" sizes=\"auto, (max-width: 451px) 100vw, 451px\" \/> \u00a0 \u00a0<\/a><a href=\"https:\/\/milke.se\/en\/portfolio\/decoroom-inwestycja-prywatna\/\" target=\"_blank\" rel=\"noopener noreferrer\"><img loading=\"lazy\" decoding=\"async\" class=\"alignnone wp-image-7176\" src=\"https:\/\/milke.se\/wp-content\/uploads\/2020\/01\/MILKE-Decoroom-1024x680.png\" alt=\"\" width=\"451\" height=\"299\" srcset=\"https:\/\/milke.se\/wp-content\/uploads\/2020\/01\/MILKE-Decoroom-1024x680.png 1024w, https:\/\/milke.se\/wp-content\/uploads\/2020\/01\/MILKE-Decoroom-300x199.png 300w, https:\/\/milke.se\/wp-content\/uploads\/2020\/01\/MILKE-Decoroom-768x510.png 768w, https:\/\/milke.se\/wp-content\/uploads\/2020\/01\/MILKE-Decoroom-360x240.png 360w, https:\/\/milke.se\/wp-content\/uploads\/2020\/01\/MILKE-Decoroom-565x375.png 565w, https:\/\/milke.se\/wp-content\/uploads\/2020\/01\/MILKE-Decoroom-937x622.png 937w, https:\/\/milke.se\/wp-content\/uploads\/2020\/01\/MILKE-Decoroom.png 1074w\" sizes=\"auto, (max-width: 451px) 100vw, 451px\" \/><\/a><\/p>\n<p><a href=\"https:\/\/milke.se\/en\/portfolio\/nvn-motorworks\/\" target=\"_blank\" rel=\"noopener\"><img loading=\"lazy\" decoding=\"async\" class=\"alignnone wp-image-12042\" src=\"https:\/\/milke.se\/wp-content\/uploads\/2020\/07\/Stara-Cegla-MILKE-kolor-naturalny-316.png\" alt=\"\" width=\"451\" height=\"292\" srcset=\"https:\/\/milke.se\/wp-content\/uploads\/2020\/07\/Stara-Cegla-MILKE-kolor-naturalny-316.png 1500w, https:\/\/milke.se\/wp-content\/uploads\/2020\/07\/Stara-Cegla-MILKE-kolor-naturalny-316-300x194.png 300w, https:\/\/milke.se\/wp-content\/uploads\/2020\/07\/Stara-Cegla-MILKE-kolor-naturalny-316-1024x662.png 1024w, https:\/\/milke.se\/wp-content\/uploads\/2020\/07\/Stara-Cegla-MILKE-kolor-naturalny-316-768x497.png 768w, https:\/\/milke.se\/wp-content\/uploads\/2020\/07\/Stara-Cegla-MILKE-kolor-naturalny-316-565x365.png 565w, https:\/\/milke.se\/wp-content\/uploads\/2020\/07\/Stara-Cegla-MILKE-kolor-naturalny-316-1140x740.png 1140w, https:\/\/milke.se\/wp-content\/uploads\/2020\/07\/Stara-Cegla-MILKE-kolor-naturalny-316-937x606.png 937w\" sizes=\"auto, (max-width: 451px) 100vw, 451px\" \/><\/a><a href=\"https:\/\/milke.se\/en\/portfolio\/budynek-kancelarii-sejmu-warszawa\/\" target=\"_blank\" rel=\"noopener noreferrer\"> \u00a0 <\/a>\u00a0<a href=\"https:\/\/milke.se\/en\/portfolio\/crowne-plaza-warsaw-the-hub-holiday-inn-express-warsaw-the-hub-tremend\/\" target=\"_blank\" rel=\"noopener\"><img loading=\"lazy\" decoding=\"async\" class=\"alignnone wp-image-12038\" src=\"https:\/\/milke.se\/wp-content\/uploads\/2020\/07\/Stara-Cegla-MILKE-kolor-naturalny-312.png\" alt=\"\" width=\"451\" height=\"292\" srcset=\"https:\/\/milke.se\/wp-content\/uploads\/2020\/07\/Stara-Cegla-MILKE-kolor-naturalny-312.png 1500w, https:\/\/milke.se\/wp-content\/uploads\/2020\/07\/Stara-Cegla-MILKE-kolor-naturalny-312-300x194.png 300w, https:\/\/milke.se\/wp-content\/uploads\/2020\/07\/Stara-Cegla-MILKE-kolor-naturalny-312-1024x662.png 1024w, https:\/\/milke.se\/wp-content\/uploads\/2020\/07\/Stara-Cegla-MILKE-kolor-naturalny-312-768x497.png 768w, https:\/\/milke.se\/wp-content\/uploads\/2020\/07\/Stara-Cegla-MILKE-kolor-naturalny-312-565x365.png 565w, https:\/\/milke.se\/wp-content\/uploads\/2020\/07\/Stara-Cegla-MILKE-kolor-naturalny-312-1140x740.png 1140w, https:\/\/milke.se\/wp-content\/uploads\/2020\/07\/Stara-Cegla-MILKE-kolor-naturalny-312-937x606.png 937w\" sizes=\"auto, (max-width: 451px) 100vw, 451px\" \/><\/a><\/p>\n<h5 style=\"text-align: left;\">P\u0142ytki ceglane Stara Ceg\u0142a MILKE mo\u017cesz wykorzysta\u0107:<\/h5>\n<ul>\n<li style=\"font-weight: 400; text-align: left;\">we wn\u0119trzach, jak i na zewn\u0105trz budynk\u00f3w<\/li>\n<li style=\"font-weight: 400; text-align: left;\">na \u015bcianach, fasadach i elewacjach<\/li>\n<li style=\"font-weight: 400; text-align: left;\">w pomieszczeniach suchych i mokrych<\/li>\n<li style=\"font-weight: 400; text-align: left;\">w pokoju, kuchni, \u0142azience i na kominku<\/li>\n<\/ul>\n<blockquote><p>Nasza najbardziej tradycyjna wersja Starej Ceg\u0142y MILKE w naturalnym, czerwonym kolorze,\u00a0to uniwersalne rozwi\u0105zanie, kt\u00f3re sprawdza si\u0119 zar\u00f3wno w inwestycjach prywatnych, jak i publicznych. Jest szczeg\u00f3lnie ceniona w odnawianiu zabytkowych budynk\u00f3w i renowacji ceglanych elewacji.<\/p><\/blockquote>\n<p><a href=\"https:\/\/milke.se\/en\/portfolio\/purose-gdansk-oliwa\/\" target=\"_blank\" rel=\"noopener\"><img loading=\"lazy\" decoding=\"async\" class=\"alignnone wp-image-12043\" src=\"https:\/\/milke.se\/wp-content\/uploads\/2020\/07\/Stara-Cegla-MILKE-kolor-naturalny-317.png\" alt=\"\" width=\"915\" height=\"592\" srcset=\"https:\/\/milke.se\/wp-content\/uploads\/2020\/07\/Stara-Cegla-MILKE-kolor-naturalny-317.png 1500w, https:\/\/milke.se\/wp-content\/uploads\/2020\/07\/Stara-Cegla-MILKE-kolor-naturalny-317-300x194.png 300w, https:\/\/milke.se\/wp-content\/uploads\/2020\/07\/Stara-Cegla-MILKE-kolor-naturalny-317-1024x662.png 1024w, https:\/\/milke.se\/wp-content\/uploads\/2020\/07\/Stara-Cegla-MILKE-kolor-naturalny-317-768x497.png 768w, https:\/\/milke.se\/wp-content\/uploads\/2020\/07\/Stara-Cegla-MILKE-kolor-naturalny-317-565x365.png 565w, https:\/\/milke.se\/wp-content\/uploads\/2020\/07\/Stara-Cegla-MILKE-kolor-naturalny-317-937x606.png 937w\" sizes=\"auto, (max-width: 915px) 100vw, 915px\" \/><\/a><\/p>\n<p><a href=\"https:\/\/milke.se\/en\/portfolio\/purose-gdansk-oliwa\/\" target=\"_blank\" rel=\"noopener\"><img loading=\"lazy\" decoding=\"async\" class=\"alignnone wp-image-12044\" src=\"https:\/\/milke.se\/wp-content\/uploads\/2020\/07\/Stara-Cegla-MILKE-kolor-naturalny-318.png\" alt=\"\" width=\"451\" height=\"292\" srcset=\"https:\/\/milke.se\/wp-content\/uploads\/2020\/07\/Stara-Cegla-MILKE-kolor-naturalny-318.png 1500w, https:\/\/milke.se\/wp-content\/uploads\/2020\/07\/Stara-Cegla-MILKE-kolor-naturalny-318-300x194.png 300w, https:\/\/milke.se\/wp-content\/uploads\/2020\/07\/Stara-Cegla-MILKE-kolor-naturalny-318-1024x662.png 1024w, https:\/\/milke.se\/wp-content\/uploads\/2020\/07\/Stara-Cegla-MILKE-kolor-naturalny-318-768x497.png 768w, https:\/\/milke.se\/wp-content\/uploads\/2020\/07\/Stara-Cegla-MILKE-kolor-naturalny-318-565x365.png 565w, https:\/\/milke.se\/wp-content\/uploads\/2020\/07\/Stara-Cegla-MILKE-kolor-naturalny-318-1140x740.png 1140w, https:\/\/milke.se\/wp-content\/uploads\/2020\/07\/Stara-Cegla-MILKE-kolor-naturalny-318-937x606.png 937w\" sizes=\"auto, (max-width: 451px) 100vw, 451px\" \/><\/a> \u00a0 \u00a0<a href=\"https:\/\/milke.se\/en\/portfolio\/purose-gdansk-oliwa\/\" target=\"_blank\" rel=\"noopener\"><img loading=\"lazy\" decoding=\"async\" class=\"alignnone wp-image-12045\" src=\"https:\/\/milke.se\/wp-content\/uploads\/2020\/07\/Stara-Cegla-MILKE-kolor-naturalny-319.png\" alt=\"\" width=\"451\" height=\"292\" srcset=\"https:\/\/milke.se\/wp-content\/uploads\/2020\/07\/Stara-Cegla-MILKE-kolor-naturalny-319.png 1500w, https:\/\/milke.se\/wp-content\/uploads\/2020\/07\/Stara-Cegla-MILKE-kolor-naturalny-319-300x194.png 300w, https:\/\/milke.se\/wp-content\/uploads\/2020\/07\/Stara-Cegla-MILKE-kolor-naturalny-319-1024x662.png 1024w, https:\/\/milke.se\/wp-content\/uploads\/2020\/07\/Stara-Cegla-MILKE-kolor-naturalny-319-768x497.png 768w, https:\/\/milke.se\/wp-content\/uploads\/2020\/07\/Stara-Cegla-MILKE-kolor-naturalny-319-565x365.png 565w, https:\/\/milke.se\/wp-content\/uploads\/2020\/07\/Stara-Cegla-MILKE-kolor-naturalny-319-1140x740.png 1140w, https:\/\/milke.se\/wp-content\/uploads\/2020\/07\/Stara-Cegla-MILKE-kolor-naturalny-319-937x606.png 937w\" sizes=\"auto, (max-width: 451px) 100vw, 451px\" \/><\/a><\/p>\n<blockquote><p>Star\u0105 ceg\u0142\u0119 produkujemy r\u0119cznie<\/p><\/blockquote>\n<div class=\"page\" title=\"Page 4\">\n<div class=\"section\">\n<div class=\"layoutArea\">\n<div class=\"column\">\n<div class=\"page\" style=\"text-align: left;\" title=\"Page 4\">\n<div class=\"section\">\n<div class=\"layoutArea\">\n<div class=\"column\">\n<p style=\"font-weight: 400; text-align: left;\">Produkcja p\u0142ytek Stara Ceg\u0142a MILKE to w pe\u0142ni r\u0119czna praca, oparta na tradycyjnych metodach manufaktury. Baz\u0105 dla naszych wzor\u00f3w s\u0105 ponad stuletnie wyroby z cegielni Mazowsza i Kaszub,\u00a0zachowuj\u0105ce na naszych cegie\u0142kach unikalne zag\u0142\u0119bienia wy\u017c\u0142obione palcami rzemie\u015blnik\u00f3w. Ka\u017cda p\u0142ytka dekoracyjna jest pe\u0142na naturalnych nier\u00f3wno\u015bci, w\u017cer\u00f3w, wy\u017c\u0142obie\u0144, uszczerbk\u00f3w i przebarwie\u0144, kt\u00f3re nadaj\u0105 jej niepowtarzalny charakter. Dzi\u0119ki temu Twoja \u015bciana zyska autentyczny wygl\u0105d starego, ceglanego muru.<\/p>\n<blockquote><p>Kolory i odcienie<\/p><\/blockquote>\n<p style=\"text-align: left;\">W MILKE ka\u017cd\u0105 p\u0142ytk\u0119 dekoracyjn\u0105 barwimy r\u0119cznie, co daje nam pe\u0142n\u0105 swobod\u0119 w kreowaniu unikatowych kolor\u00f3w. Dzi\u0119ki temu ka\u017cdy element ma subtelnie r\u00f3\u017cni\u0105ce si\u0119 odcienie. Ponadto smugi, jak i ja\u015bniejsze czy ciemniejsze przebarwienia \u015bwiadomie pot\u0119gowane na etapie produkcji sprawiaj\u0105, \u017ce ka\u017cda z cegie\u0142ek jest unikatowa i jedyna w swoim rodzaju. Twoja \u015bciana zyskuje pe\u0142n\u0105 oryginalno\u015b\u0107.<\/p>\n<blockquote class=\"wp-embedded-content\" data-secret=\"ek9HtGe5qA\"><p><a href=\"https:\/\/milke.se\/en\/kolory\/\">\u015aCI\u0104GAWKA KOLOR\u00d3W<\/a><\/p><\/blockquote>\n<div class=\"page\" style=\"text-align: left;\" title=\"Page 4\">\n<div class=\"section\"><\/div>\n<\/div>\n<\/div>\n<\/div>\n<\/div>\n<\/div>\n<\/div>\n<\/div>\n<\/div>\n<\/div>\n<p><a href=\"https:\/\/milke.se\/en\/portfolio\/dom-nad-stawem-warszawa-wlochy\/\" target=\"_blank\" rel=\"noopener\"><img loading=\"lazy\" decoding=\"async\" class=\"alignnone wp-image-12026\" src=\"https:\/\/milke.se\/wp-content\/uploads\/2020\/07\/Stara-Cegla-MILKE-kolor-naturalny-300.png\" alt=\"\" width=\"915\" height=\"592\" srcset=\"https:\/\/milke.se\/wp-content\/uploads\/2020\/07\/Stara-Cegla-MILKE-kolor-naturalny-300.png 1500w, https:\/\/milke.se\/wp-content\/uploads\/2020\/07\/Stara-Cegla-MILKE-kolor-naturalny-300-300x194.png 300w, https:\/\/milke.se\/wp-content\/uploads\/2020\/07\/Stara-Cegla-MILKE-kolor-naturalny-300-1024x662.png 1024w, https:\/\/milke.se\/wp-content\/uploads\/2020\/07\/Stara-Cegla-MILKE-kolor-naturalny-300-768x497.png 768w, https:\/\/milke.se\/wp-content\/uploads\/2020\/07\/Stara-Cegla-MILKE-kolor-naturalny-300-565x365.png 565w, https:\/\/milke.se\/wp-content\/uploads\/2020\/07\/Stara-Cegla-MILKE-kolor-naturalny-300-937x606.png 937w\" sizes=\"auto, (max-width: 915px) 100vw, 915px\" \/><\/a><\/p>\n<p><a href=\"https:\/\/milke.se\/en\/portfolio\/dom-nad-stawem-warszawa-wlochy\/\" target=\"_blank\" rel=\"noopener\"><img loading=\"lazy\" decoding=\"async\" class=\"alignnone wp-image-12027\" src=\"https:\/\/milke.se\/wp-content\/uploads\/2020\/07\/Stara-Cegla-MILKE-kolor-naturalny-301.png\" alt=\"\" width=\"451\" height=\"292\" srcset=\"https:\/\/milke.se\/wp-content\/uploads\/2020\/07\/Stara-Cegla-MILKE-kolor-naturalny-301.png 1500w, https:\/\/milke.se\/wp-content\/uploads\/2020\/07\/Stara-Cegla-MILKE-kolor-naturalny-301-300x194.png 300w, https:\/\/milke.se\/wp-content\/uploads\/2020\/07\/Stara-Cegla-MILKE-kolor-naturalny-301-1024x662.png 1024w, https:\/\/milke.se\/wp-content\/uploads\/2020\/07\/Stara-Cegla-MILKE-kolor-naturalny-301-768x497.png 768w, https:\/\/milke.se\/wp-content\/uploads\/2020\/07\/Stara-Cegla-MILKE-kolor-naturalny-301-565x365.png 565w, https:\/\/milke.se\/wp-content\/uploads\/2020\/07\/Stara-Cegla-MILKE-kolor-naturalny-301-1140x740.png 1140w, https:\/\/milke.se\/wp-content\/uploads\/2020\/07\/Stara-Cegla-MILKE-kolor-naturalny-301-937x606.png 937w\" sizes=\"auto, (max-width: 451px) 100vw, 451px\" \/><\/a> \u00a0 <a href=\"https:\/\/milke.se\/en\/portfolio\/dom-nad-stawem-warszawa-wlochy\/\" target=\"_blank\" rel=\"noopener\"><img loading=\"lazy\" decoding=\"async\" class=\"alignnone wp-image-12028\" src=\"https:\/\/milke.se\/wp-content\/uploads\/2020\/07\/Stara-Cegla-MILKE-kolor-naturalny-302.png\" alt=\"\" width=\"451\" height=\"292\" srcset=\"https:\/\/milke.se\/wp-content\/uploads\/2020\/07\/Stara-Cegla-MILKE-kolor-naturalny-302.png 1500w, https:\/\/milke.se\/wp-content\/uploads\/2020\/07\/Stara-Cegla-MILKE-kolor-naturalny-302-300x194.png 300w, https:\/\/milke.se\/wp-content\/uploads\/2020\/07\/Stara-Cegla-MILKE-kolor-naturalny-302-1024x662.png 1024w, https:\/\/milke.se\/wp-content\/uploads\/2020\/07\/Stara-Cegla-MILKE-kolor-naturalny-302-768x497.png 768w, https:\/\/milke.se\/wp-content\/uploads\/2020\/07\/Stara-Cegla-MILKE-kolor-naturalny-302-565x365.png 565w, https:\/\/milke.se\/wp-content\/uploads\/2020\/07\/Stara-Cegla-MILKE-kolor-naturalny-302-1140x740.png 1140w, https:\/\/milke.se\/wp-content\/uploads\/2020\/07\/Stara-Cegla-MILKE-kolor-naturalny-302-937x606.png 937w\" sizes=\"auto, (max-width: 451px) 100vw, 451px\" \/><\/a><\/p>\n<p style=\"text-align: left;\">P\u0142ytki ceglane wykonane z betonu oferuj\u0105 nieograniczone mo\u017cliwo\u015bci kolorystyczne i pozwalaj\u0105 na eksperymenty z r\u00f3\u017cnorodnymi teksturami. Tworzenie niestandardowych kszta\u0142t\u00f3w, jak i specjalnych element\u00f3w o okre\u015blonej formie czy rozmiarze, staje si\u0119 prostsze i bardziej elastyczne.<\/p>\n<div class=\"page\" style=\"text-align: left;\" title=\"Page 4\">\n<div class=\"section\">\n<div class=\"layoutArea\">\n<blockquote>\n<div class=\"column\">Co wi\u0119cej, zastosowanie betonu przek\u0142ada si\u0119 na l\u017cejsz\u0105 wag\u0119 produktu, co czyni go nie tylko estetycznym, ale r\u00f3wnie\u017c praktycznym wyborem.<\/div>\n<\/blockquote>\n<\/div>\n<\/div>\n<\/div>\n<p><a href=\"https:\/\/milke.se\/en\/portfolio\/bieszczadzka-stodola\/\" target=\"_blank\" rel=\"noopener\"><img loading=\"lazy\" decoding=\"async\" class=\"alignnone wp-image-12031\" src=\"https:\/\/milke.se\/wp-content\/uploads\/2020\/07\/Stara-Cegla-MILKE-kolor-naturalny-305.png\" alt=\"\" width=\"915\" height=\"592\" srcset=\"https:\/\/milke.se\/wp-content\/uploads\/2020\/07\/Stara-Cegla-MILKE-kolor-naturalny-305.png 1500w, https:\/\/milke.se\/wp-content\/uploads\/2020\/07\/Stara-Cegla-MILKE-kolor-naturalny-305-300x194.png 300w, https:\/\/milke.se\/wp-content\/uploads\/2020\/07\/Stara-Cegla-MILKE-kolor-naturalny-305-1024x662.png 1024w, https:\/\/milke.se\/wp-content\/uploads\/2020\/07\/Stara-Cegla-MILKE-kolor-naturalny-305-768x497.png 768w, https:\/\/milke.se\/wp-content\/uploads\/2020\/07\/Stara-Cegla-MILKE-kolor-naturalny-305-565x365.png 565w, https:\/\/milke.se\/wp-content\/uploads\/2020\/07\/Stara-Cegla-MILKE-kolor-naturalny-305-937x606.png 937w\" sizes=\"auto, (max-width: 915px) 100vw, 915px\" \/><\/a><\/p>\n<p><a href=\"https:\/\/milke.se\/en\/portfolio\/bieszczadzka-stodola\/\" target=\"_blank\" rel=\"noopener\"><img loading=\"lazy\" decoding=\"async\" class=\"alignnone wp-image-12030\" src=\"https:\/\/milke.se\/wp-content\/uploads\/2020\/07\/Stara-Cegla-MILKE-kolor-naturalny-304.png\" alt=\"\" width=\"451\" height=\"292\" srcset=\"https:\/\/milke.se\/wp-content\/uploads\/2020\/07\/Stara-Cegla-MILKE-kolor-naturalny-304.png 1500w, https:\/\/milke.se\/wp-content\/uploads\/2020\/07\/Stara-Cegla-MILKE-kolor-naturalny-304-300x194.png 300w, https:\/\/milke.se\/wp-content\/uploads\/2020\/07\/Stara-Cegla-MILKE-kolor-naturalny-304-1024x662.png 1024w, https:\/\/milke.se\/wp-content\/uploads\/2020\/07\/Stara-Cegla-MILKE-kolor-naturalny-304-768x497.png 768w, https:\/\/milke.se\/wp-content\/uploads\/2020\/07\/Stara-Cegla-MILKE-kolor-naturalny-304-565x365.png 565w, https:\/\/milke.se\/wp-content\/uploads\/2020\/07\/Stara-Cegla-MILKE-kolor-naturalny-304-1140x740.png 1140w, https:\/\/milke.se\/wp-content\/uploads\/2020\/07\/Stara-Cegla-MILKE-kolor-naturalny-304-937x606.png 937w\" sizes=\"auto, (max-width: 451px) 100vw, 451px\" \/><\/a> \u00a0 <a href=\"https:\/\/milke.se\/en\/portfolio\/bieszczadzka-stodola\/\" target=\"_blank\" rel=\"noopener\"><img loading=\"lazy\" decoding=\"async\" class=\"alignnone wp-image-12029\" src=\"https:\/\/milke.se\/wp-content\/uploads\/2020\/07\/Stara-Cegla-MILKE-kolor-naturalny-303.png\" alt=\"\" width=\"451\" height=\"292\" srcset=\"https:\/\/milke.se\/wp-content\/uploads\/2020\/07\/Stara-Cegla-MILKE-kolor-naturalny-303.png 1500w, https:\/\/milke.se\/wp-content\/uploads\/2020\/07\/Stara-Cegla-MILKE-kolor-naturalny-303-300x194.png 300w, https:\/\/milke.se\/wp-content\/uploads\/2020\/07\/Stara-Cegla-MILKE-kolor-naturalny-303-1024x662.png 1024w, https:\/\/milke.se\/wp-content\/uploads\/2020\/07\/Stara-Cegla-MILKE-kolor-naturalny-303-768x497.png 768w, https:\/\/milke.se\/wp-content\/uploads\/2020\/07\/Stara-Cegla-MILKE-kolor-naturalny-303-565x365.png 565w, https:\/\/milke.se\/wp-content\/uploads\/2020\/07\/Stara-Cegla-MILKE-kolor-naturalny-303-1140x740.png 1140w, https:\/\/milke.se\/wp-content\/uploads\/2020\/07\/Stara-Cegla-MILKE-kolor-naturalny-303-937x606.png 937w\" sizes=\"auto, (max-width: 451px) 100vw, 451px\" \/><\/a><\/p>\n<div class=\"page\" title=\"Page 6\">\n<div class=\"section\">\n<div class=\"layoutArea\">\n<div class=\"column\">\n<div class=\"page\" style=\"text-align: left;\" title=\"Page 6\">\n<div class=\"section\">\n<div class=\"layoutArea\">\n<div class=\"column\">\n<div class=\"page\" title=\"Page 9\">\n<div class=\"section\">\n<div class=\"layoutArea\">\n<h5 class=\"column\">G\u0142\u00f3wne zalety\u00a0dekoracyjnych\u00a0p\u0142ytek betonowych MILKE:<\/h5>\n<\/div>\n<\/div>\n<\/div>\n<\/div>\n<\/div>\n<\/div>\n<\/div>\n<div class=\"page\" title=\"Page 9\">\n<div class=\"section\">\n<div class=\"layoutArea\">\n<div class=\"column\">\n<ul>\n<li style=\"text-align: left;\">trwa\u0142o\u015b\u0107 \u2013\u00a0czyli wytrzyma\u0142o\u015b\u0107 na uderzenia i \u015bcieranie<\/li>\n<li style=\"text-align: left;\">wytrzyma\u0142o\u015b\u0107 na warunki atmosferyczne \u2013 czyli mrozoodporno\u015b\u0107, niska nasi\u0105kliwo\u015b\u0107<\/li>\n<li style=\"text-align: left;\">odporno\u015b\u0107 \u2013\u00a0zar\u00f3wno na korozj\u0119 biologiczn\u0105, jak i agresywne \u015brodowisko naraz\u0307one na permanentne dzia\u0142anie i kontakt z wod\u0105, oparami czy t\u0142uszczem<\/li>\n<li style=\"text-align: left;\">niepalno\u015b\u0107 \u2013 w rozumieniu odporno\u015b\u0107 na ogie\u0144<\/li>\n<li style=\"text-align: left;\">podwy\u017cszona izolacja akustyczna i cieplna<\/li>\n<li style=\"text-align: left;\">niska waga<\/li>\n<\/ul>\n<\/div>\n<\/div>\n<\/div>\n<\/div>\n<\/div>\n<\/div>\n<\/div>\n<\/div>\n<p><a href=\"https:\/\/milke.se\/en\/portfolio\/pasta-fresca-warszawa\/\" target=\"_blank\" rel=\"noopener noreferrer\"><img loading=\"lazy\" decoding=\"async\" class=\"alignnone wp-image-7178\" src=\"https:\/\/milke.se\/wp-content\/uploads\/2020\/01\/MILKE-Pasta-Fresca-Warszawa-1024x681.png\" alt=\"\" width=\"451\" height=\"300\" srcset=\"https:\/\/milke.se\/wp-content\/uploads\/2020\/01\/MILKE-Pasta-Fresca-Warszawa-1024x681.png 1024w, https:\/\/milke.se\/wp-content\/uploads\/2020\/01\/MILKE-Pasta-Fresca-Warszawa-300x199.png 300w, https:\/\/milke.se\/wp-content\/uploads\/2020\/01\/MILKE-Pasta-Fresca-Warszawa-768x511.png 768w, https:\/\/milke.se\/wp-content\/uploads\/2020\/01\/MILKE-Pasta-Fresca-Warszawa-360x240.png 360w, https:\/\/milke.se\/wp-content\/uploads\/2020\/01\/MILKE-Pasta-Fresca-Warszawa-565x376.png 565w, https:\/\/milke.se\/wp-content\/uploads\/2020\/01\/MILKE-Pasta-Fresca-Warszawa-937x623.png 937w, https:\/\/milke.se\/wp-content\/uploads\/2020\/01\/MILKE-Pasta-Fresca-Warszawa.png 1074w\" sizes=\"auto, (max-width: 451px) 100vw, 451px\" \/>\u00a0 \u00a0\u00a0<\/a><a href=\"https:\/\/milke.se\/en\/portfolio\/pracownia-projektowania-inwestycja-prywatna\/\" target=\"_blank\" rel=\"noopener noreferrer\"><img loading=\"lazy\" decoding=\"async\" class=\"alignnone wp-image-7170\" src=\"https:\/\/milke.se\/wp-content\/uploads\/2020\/01\/MILKE-Pracownia-Projektowania-1024x682.png\" alt=\"\" width=\"451\" height=\"300\" srcset=\"https:\/\/milke.se\/wp-content\/uploads\/2020\/01\/MILKE-Pracownia-Projektowania-1024x682.png 1024w, https:\/\/milke.se\/wp-content\/uploads\/2020\/01\/MILKE-Pracownia-Projektowania-300x200.png 300w, https:\/\/milke.se\/wp-content\/uploads\/2020\/01\/MILKE-Pracownia-Projektowania-768x512.png 768w, https:\/\/milke.se\/wp-content\/uploads\/2020\/01\/MILKE-Pracownia-Projektowania-360x240.png 360w, https:\/\/milke.se\/wp-content\/uploads\/2020\/01\/MILKE-Pracownia-Projektowania-565x376.png 565w, https:\/\/milke.se\/wp-content\/uploads\/2020\/01\/MILKE-Pracownia-Projektowania-937x624.png 937w, https:\/\/milke.se\/wp-content\/uploads\/2020\/01\/MILKE-Pracownia-Projektowania.png 1073w\" sizes=\"auto, (max-width: 451px) 100vw, 451px\" \/><\/a><\/p>\n<p><a href=\"https:\/\/milke.se\/en\/portfolio\/przystanek-piekarnia-trk-system\/\" target=\"_blank\" rel=\"noopener noreferrer\"><img loading=\"lazy\" decoding=\"async\" class=\"alignnone wp-image-7186\" src=\"https:\/\/milke.se\/wp-content\/uploads\/2020\/01\/MILKE-Przystanek-Piekarnia-TRK-System-1-1024x683.png\" alt=\"\" width=\"451\" height=\"301\" srcset=\"https:\/\/milke.se\/wp-content\/uploads\/2020\/01\/MILKE-Przystanek-Piekarnia-TRK-System-1-1024x683.png 1024w, https:\/\/milke.se\/wp-content\/uploads\/2020\/01\/MILKE-Przystanek-Piekarnia-TRK-System-1-300x200.png 300w, https:\/\/milke.se\/wp-content\/uploads\/2020\/01\/MILKE-Przystanek-Piekarnia-TRK-System-1-768x512.png 768w, https:\/\/milke.se\/wp-content\/uploads\/2020\/01\/MILKE-Przystanek-Piekarnia-TRK-System-1-360x240.png 360w, https:\/\/milke.se\/wp-content\/uploads\/2020\/01\/MILKE-Przystanek-Piekarnia-TRK-System-1-565x377.png 565w, https:\/\/milke.se\/wp-content\/uploads\/2020\/01\/MILKE-Przystanek-Piekarnia-TRK-System-1-937x625.png 937w, https:\/\/milke.se\/wp-content\/uploads\/2020\/01\/MILKE-Przystanek-Piekarnia-TRK-System-1.png 1074w\" sizes=\"auto, (max-width: 451px) 100vw, 451px\" \/> \u00a0 \u00a0<\/a><a href=\"https:\/\/milke.se\/en\/portfolio\/decoroom-ul-barska-warszawa\/\" target=\"_blank\" rel=\"noopener\"><img loading=\"lazy\" decoding=\"async\" class=\"alignnone wp-image-7745\" src=\"https:\/\/milke.se\/wp-content\/uploads\/2021\/03\/Realizacja-DECOROOM.EU-3-1024x683.png\" alt=\"\" width=\"451\" height=\"301\" srcset=\"https:\/\/milke.se\/wp-content\/uploads\/2021\/03\/Realizacja-DECOROOM.EU-3-1024x683.png 1024w, https:\/\/milke.se\/wp-content\/uploads\/2021\/03\/Realizacja-DECOROOM.EU-3-300x200.png 300w, https:\/\/milke.se\/wp-content\/uploads\/2021\/03\/Realizacja-DECOROOM.EU-3-768x512.png 768w, https:\/\/milke.se\/wp-content\/uploads\/2021\/03\/Realizacja-DECOROOM.EU-3-1536x1024.png 1536w, https:\/\/milke.se\/wp-content\/uploads\/2021\/03\/Realizacja-DECOROOM.EU-3-2048x1365.png 2048w, https:\/\/milke.se\/wp-content\/uploads\/2021\/03\/Realizacja-DECOROOM.EU-3-360x240.png 360w, https:\/\/milke.se\/wp-content\/uploads\/2021\/03\/Realizacja-DECOROOM.EU-3-565x377.png 565w, https:\/\/milke.se\/wp-content\/uploads\/2021\/03\/Realizacja-DECOROOM.EU-3-937x625.png 937w\" sizes=\"auto, (max-width: 451px) 100vw, 451px\" \/><\/a><\/p>\n<blockquote><p>Zam\u00f3w Pr\u00f3bki<\/p><\/blockquote>\n<p style=\"text-align: left;\">\n<blockquote class=\"wp-embedded-content\" data-secret=\"ysXOzwh0Cg\"><p><a href=\"https:\/\/milke.se\/en\/product\/probki-plytek-ceglanych-klasyczny-format\/\">Brick Tile Samples - Classic Format<\/a><\/p><\/blockquote>\n<p>\u00a0<\/p>","protected":false},"excerpt":{"rendered":"<p style=\"text-align: left;\"><span style=\"text-decoration: underline; color: #000080;\"><a style=\"color: #000080; text-decoration: underline;\" href=\"https:\/\/milke.se\/en\/portfolio\/\" target=\"_blank\" rel=\"noopener\">Najcz\u0119stszy wyb\u00f3r Klient\u00f3w i Architekt\u00f3w.<\/a><\/span> Oryginalna, niepowtarzalna, wytrzyma\u0142a, a przy tym lekka &#8211; Stara Ceg\u0142a na \u015bcian\u0119 MILKE, idealna zar\u00f3wno do wn\u0119trz, jak i na elewacje.\u00a0<span style=\"text-decoration: underline;\"><span style=\"color: #000080; text-decoration: underline;\"><a style=\"color: #000080; text-decoration: underline;\" href=\"https:\/\/milke.se\/en\/kolory\/\" target=\"_blank\" rel=\"noopener\">Dost\u0119pna w r\u00f3\u017cnych kolorach<\/a><\/span><\/span>, aby\u015b m\u00f3g\u0142 j\u0105 dopasowa\u0107 do swojego projektu. Na 1m2 potrzeba 52 szt. p\u0142ytek (przy 10mm fudze).<\/p>","protected":false},"featured_media":18327,"template":"","meta":[],"product_brand":[],"product_cat":[225],"product_tag":[335,157,159,60],"class_list":{"0":"post-6241","1":"product","2":"type-product","3":"status-publish","4":"has-post-thumbnail","6":"product_cat-plytka-ceglana","7":"product_tag-kolor-naturalny","8":"product_tag-plytka-elewacyjna","9":"product_tag-plytka-scienna","10":"product_tag-stara-cegla","11":"product_shipping_class-produkty-wysylane-na-paletach","13":"first","14":"instock","15":"taxable","16":"shipping-taxable","17":"purchasable","18":"product-type-simple","19":"layout-style-2","20":"col-md-4 col-sm-4 col-xs-6","21":"col-lg-3","22":"product-has-gallery","23":"product-style-default"},"yoast_head":"<!-- This site is optimized with the Yoast SEO plugin v27.5 - https:\/\/yoast.com\/product\/yoast-seo-wordpress\/ -->\n<title>BESTSELLER Stara Ceg\u0142a - p\u0142ytka ceglana dekoracyjna - kolor naturalny - Sklep milke.se<\/title>\n<meta name=\"description\" content=\"Najcz\u0119stszy wyb\u00f3r Klient\u00f3w. Jeste\u015bmy manufaktur\u0105 i Star\u0105 Ceg\u0142\u0119 formujemy oraz barwimy r\u0119cznie. Ty uzyskujesz klimat starego, ceglanego muru.\" \/>\n<meta name=\"robots\" content=\"index, follow, max-snippet:-1, max-image-preview:large, max-video-preview:-1\" \/>\n<link rel=\"canonical\" href=\"https:\/\/milke.se\/en\/product\/stara-cegla-plytka-ceglana-dekoracyjna-kolor-naturalny\/\" \/>\n<meta property=\"og:locale\" content=\"en_GB\" \/>\n<meta property=\"og:type\" content=\"article\" \/>\n<meta property=\"og:title\" content=\"BESTSELLER Stara Ceg\u0142a - p\u0142ytka ceglana dekoracyjna - kolor naturalny - Sklep milke.se\" \/>\n<meta property=\"og:description\" content=\"Najcz\u0119stszy wyb\u00f3r Klient\u00f3w. Jeste\u015bmy manufaktur\u0105 i Star\u0105 Ceg\u0142\u0119 formujemy oraz barwimy r\u0119cznie. Ty uzyskujesz klimat starego, ceglanego muru.\" \/>\n<meta property=\"og:url\" content=\"https:\/\/milke.se\/en\/product\/stara-cegla-plytka-ceglana-dekoracyjna-kolor-naturalny\/\" \/>\n<meta property=\"og:site_name\" content=\"Sklep milke.se\" \/>\n<meta property=\"article:modified_time\" content=\"2026-03-31T23:42:25+00:00\" \/>\n<meta property=\"og:image\" content=\"https:\/\/milke.se\/wp-content\/uploads\/2026\/04\/Stara-Cegla-MILKE-kolor-naturalny-207-861x1024.png\" \/>\n\t<meta property=\"og:image:width\" content=\"861\" \/>\n\t<meta property=\"og:image:height\" content=\"1024\" \/>\n\t<meta property=\"og:image:type\" content=\"image\/png\" \/>\n<meta name=\"twitter:card\" content=\"summary_large_image\" \/>\n<meta name=\"twitter:label1\" content=\"Estimated reading time\" \/>\n\t<meta name=\"twitter:data1\" content=\"8 minutes\" \/>\n<script type=\"application\/ld+json\" class=\"yoast-schema-graph\">{\"@context\":\"https:\\\/\\\/schema.org\",\"@graph\":[{\"@type\":\"WebPage\",\"@id\":\"https:\\\/\\\/milke.se\\\/produkt\\\/stara-cegla-plytka-ceglana-dekoracyjna-kolor-naturalny\\\/\",\"url\":\"https:\\\/\\\/milke.se\\\/produkt\\\/stara-cegla-plytka-ceglana-dekoracyjna-kolor-naturalny\\\/\",\"name\":\"BESTSELLER Stara Ceg\u0142a - p\u0142ytka ceglana dekoracyjna - kolor naturalny - Sklep milke.se\",\"isPartOf\":{\"@id\":\"https:\\\/\\\/milke.se\\\/#website\"},\"primaryImageOfPage\":{\"@id\":\"https:\\\/\\\/milke.se\\\/produkt\\\/stara-cegla-plytka-ceglana-dekoracyjna-kolor-naturalny\\\/#primaryimage\"},\"image\":{\"@id\":\"https:\\\/\\\/milke.se\\\/produkt\\\/stara-cegla-plytka-ceglana-dekoracyjna-kolor-naturalny\\\/#primaryimage\"},\"thumbnailUrl\":\"https:\\\/\\\/milke.se\\\/wp-content\\\/uploads\\\/2026\\\/04\\\/Stara-Cegla-MILKE-kolor-naturalny-207.png\",\"datePublished\":\"2020-07-20T10:55:23+00:00\",\"dateModified\":\"2026-03-31T23:42:25+00:00\",\"description\":\"Najcz\u0119stszy wyb\u00f3r Klient\u00f3w. Jeste\u015bmy manufaktur\u0105 i Star\u0105 Ceg\u0142\u0119 formujemy oraz barwimy r\u0119cznie. Ty uzyskujesz klimat starego, ceglanego muru.\",\"breadcrumb\":{\"@id\":\"https:\\\/\\\/milke.se\\\/produkt\\\/stara-cegla-plytka-ceglana-dekoracyjna-kolor-naturalny\\\/#breadcrumb\"},\"inLanguage\":\"en-GB\",\"potentialAction\":[{\"@type\":\"ReadAction\",\"target\":[\"https:\\\/\\\/milke.se\\\/produkt\\\/stara-cegla-plytka-ceglana-dekoracyjna-kolor-naturalny\\\/\"]}]},{\"@type\":\"ImageObject\",\"inLanguage\":\"en-GB\",\"@id\":\"https:\\\/\\\/milke.se\\\/produkt\\\/stara-cegla-plytka-ceglana-dekoracyjna-kolor-naturalny\\\/#primaryimage\",\"url\":\"https:\\\/\\\/milke.se\\\/wp-content\\\/uploads\\\/2026\\\/04\\\/Stara-Cegla-MILKE-kolor-naturalny-207.png\",\"contentUrl\":\"https:\\\/\\\/milke.se\\\/wp-content\\\/uploads\\\/2026\\\/04\\\/Stara-Cegla-MILKE-kolor-naturalny-207.png\",\"width\":1160,\"height\":1380},{\"@type\":\"BreadcrumbList\",\"@id\":\"https:\\\/\\\/milke.se\\\/produkt\\\/stara-cegla-plytka-ceglana-dekoracyjna-kolor-naturalny\\\/#breadcrumb\",\"itemListElement\":[{\"@type\":\"ListItem\",\"position\":1,\"name\":\"Strona g\u0142\u00f3wna\",\"item\":\"https:\\\/\\\/milke.se\\\/\"},{\"@type\":\"ListItem\",\"position\":2,\"name\":\"Sklep\",\"item\":\"https:\\\/\\\/milke.se\\\/sklep\\\/\"},{\"@type\":\"ListItem\",\"position\":3,\"name\":\"BESTSELLER Stara Ceg\u0142a &#8211; p\u0142ytka ceglana dekoracyjna &#8211; kolor naturalny\"}]},{\"@type\":\"WebSite\",\"@id\":\"https:\\\/\\\/milke.se\\\/#website\",\"url\":\"https:\\\/\\\/milke.se\\\/\",\"name\":\"Sklep milke.se\",\"description\":\"\",\"potentialAction\":[{\"@type\":\"SearchAction\",\"target\":{\"@type\":\"EntryPoint\",\"urlTemplate\":\"https:\\\/\\\/milke.se\\\/?s={search_term_string}\"},\"query-input\":{\"@type\":\"PropertyValueSpecification\",\"valueRequired\":true,\"valueName\":\"search_term_string\"}}],\"inLanguage\":\"en-GB\"}]}<\/script>\n<!-- \/ Yoast SEO plugin. -->","yoast_head_json":{"title":"BESTSELLER Stara Ceg\u0142a - p\u0142ytka ceglana dekoracyjna - kolor naturalny - Sklep milke.se","description":"Najcz\u0119stszy wyb\u00f3r Klient\u00f3w. Jeste\u015bmy manufaktur\u0105 i Star\u0105 Ceg\u0142\u0119 formujemy oraz barwimy r\u0119cznie. Ty uzyskujesz klimat starego, ceglanego muru.","robots":{"index":"index","follow":"follow","max-snippet":"max-snippet:-1","max-image-preview":"max-image-preview:large","max-video-preview":"max-video-preview:-1"},"canonical":"https:\/\/milke.se\/en\/product\/stara-cegla-plytka-ceglana-dekoracyjna-kolor-naturalny\/","og_locale":"en_GB","og_type":"article","og_title":"BESTSELLER Stara Ceg\u0142a - p\u0142ytka ceglana dekoracyjna - kolor naturalny - Sklep milke.se","og_description":"Najcz\u0119stszy wyb\u00f3r Klient\u00f3w. Jeste\u015bmy manufaktur\u0105 i Star\u0105 Ceg\u0142\u0119 formujemy oraz barwimy r\u0119cznie. Ty uzyskujesz klimat starego, ceglanego muru.","og_url":"https:\/\/milke.se\/en\/product\/stara-cegla-plytka-ceglana-dekoracyjna-kolor-naturalny\/","og_site_name":"Sklep milke.se","article_modified_time":"2026-03-31T23:42:25+00:00","og_image":[{"width":861,"height":1024,"url":"https:\/\/milke.se\/wp-content\/uploads\/2026\/04\/Stara-Cegla-MILKE-kolor-naturalny-207-861x1024.png","type":"image\/png"}],"twitter_card":"summary_large_image","twitter_misc":{"Estimated reading time":"8 minutes"},"schema":{"@context":"https:\/\/schema.org","@graph":[{"@type":"WebPage","@id":"https:\/\/milke.se\/produkt\/stara-cegla-plytka-ceglana-dekoracyjna-kolor-naturalny\/","url":"https:\/\/milke.se\/produkt\/stara-cegla-plytka-ceglana-dekoracyjna-kolor-naturalny\/","name":"BESTSELLER Stara Ceg\u0142a - p\u0142ytka ceglana dekoracyjna - kolor naturalny - Sklep milke.se","isPartOf":{"@id":"https:\/\/milke.se\/#website"},"primaryImageOfPage":{"@id":"https:\/\/milke.se\/produkt\/stara-cegla-plytka-ceglana-dekoracyjna-kolor-naturalny\/#primaryimage"},"image":{"@id":"https:\/\/milke.se\/produkt\/stara-cegla-plytka-ceglana-dekoracyjna-kolor-naturalny\/#primaryimage"},"thumbnailUrl":"https:\/\/milke.se\/wp-content\/uploads\/2026\/04\/Stara-Cegla-MILKE-kolor-naturalny-207.png","datePublished":"2020-07-20T10:55:23+00:00","dateModified":"2026-03-31T23:42:25+00:00","description":"Najcz\u0119stszy wyb\u00f3r Klient\u00f3w. Jeste\u015bmy manufaktur\u0105 i Star\u0105 Ceg\u0142\u0119 formujemy oraz barwimy r\u0119cznie. Ty uzyskujesz klimat starego, ceglanego muru.","breadcrumb":{"@id":"https:\/\/milke.se\/produkt\/stara-cegla-plytka-ceglana-dekoracyjna-kolor-naturalny\/#breadcrumb"},"inLanguage":"en-GB","potentialAction":[{"@type":"ReadAction","target":["https:\/\/milke.se\/produkt\/stara-cegla-plytka-ceglana-dekoracyjna-kolor-naturalny\/"]}]},{"@type":"ImageObject","inLanguage":"en-GB","@id":"https:\/\/milke.se\/produkt\/stara-cegla-plytka-ceglana-dekoracyjna-kolor-naturalny\/#primaryimage","url":"https:\/\/milke.se\/wp-content\/uploads\/2026\/04\/Stara-Cegla-MILKE-kolor-naturalny-207.png","contentUrl":"https:\/\/milke.se\/wp-content\/uploads\/2026\/04\/Stara-Cegla-MILKE-kolor-naturalny-207.png","width":1160,"height":1380},{"@type":"BreadcrumbList","@id":"https:\/\/milke.se\/produkt\/stara-cegla-plytka-ceglana-dekoracyjna-kolor-naturalny\/#breadcrumb","itemListElement":[{"@type":"ListItem","position":1,"name":"Strona g\u0142\u00f3wna","item":"https:\/\/milke.se\/"},{"@type":"ListItem","position":2,"name":"Sklep","item":"https:\/\/milke.se\/sklep\/"},{"@type":"ListItem","position":3,"name":"BESTSELLER Stara Ceg\u0142a &#8211; p\u0142ytka ceglana dekoracyjna &#8211; kolor naturalny"}]},{"@type":"WebSite","@id":"https:\/\/milke.se\/#website","url":"https:\/\/milke.se\/","name":"Shop milke.se","description":"","potentialAction":[{"@type":"SearchAction","target":{"@type":"EntryPoint","urlTemplate":"https:\/\/milke.se\/?s={search_term_string}"},"query-input":{"@type":"PropertyValueSpecification","valueRequired":true,"valueName":"search_term_string"}}],"inLanguage":"en-GB"}]}},"_links":{"self":[{"href":"https:\/\/milke.se\/en\/wp-json\/wp\/v2\/product\/6241","targetHints":{"allow":["GET"]}}],"collection":[{"href":"https:\/\/milke.se\/en\/wp-json\/wp\/v2\/product"}],"about":[{"href":"https:\/\/milke.se\/en\/wp-json\/wp\/v2\/types\/product"}],"wp:featuredmedia":[{"embeddable":true,"href":"https:\/\/milke.se\/en\/wp-json\/wp\/v2\/media\/18327"}],"wp:attachment":[{"href":"https:\/\/milke.se\/en\/wp-json\/wp\/v2\/media?parent=6241"}],"wp:term":[{"taxonomy":"product_brand","embeddable":true,"href":"https:\/\/milke.se\/en\/wp-json\/wp\/v2\/product_brand?post=6241"},{"taxonomy":"product_cat","embeddable":true,"href":"https:\/\/milke.se\/en\/wp-json\/wp\/v2\/product_cat?post=6241"},{"taxonomy":"product_tag","embeddable":true,"href":"https:\/\/milke.se\/en\/wp-json\/wp\/v2\/product_tag?post=6241"}],"curies":[{"name":"wp","href":"https:\/\/api.w.org\/{rel}","templated":true}]}}