{"id":6350,"date":"2020-07-28T11:35:12","date_gmt":"2020-07-28T09:35:12","guid":{"rendered":"https:\/\/milke.se\/?post_type=product&#038;p=6350"},"modified":"2026-04-01T02:16:46","modified_gmt":"2026-04-01T00:16:46","slug":"long-naroznik-klasyczny-plytka-ceglana-dekoracyjna-dluga","status":"publish","type":"product","link":"https:\/\/milke.se\/en\/product\/long-naroznik-klasyczny-plytka-ceglana-dekoracyjna-dluga\/","title":{"rendered":"Long naro\u017cnik klasyczny &#8211; p\u0142ytka ceglana dekoracyjna d\u0142uga"},"content":{"rendered":"<div class=\"page\" title=\"Page 17\">\n<div class=\"section\">\n<div class=\"layoutArea\">\n<div class=\"column\">\n<div class=\"column\">\n<h4 style=\"text-align: left;\">D\u0142uga p\u0142ytka ceglana LONG jest odpowiedzi\u0105 na to, jak nowoczesno\u015b\u0107 \u0142\u0105czy si\u0119 z klasyk\u0105.<\/h4>\n<\/div>\n<p style=\"text-align: left;\">Wytwarzana z pasj\u0105 w tradycyjnej manufakturze MILKE, p\u0142ytka LONG zachwyca swoj\u0105 wyd\u0142u\u017con\u0105 form\u0105, kt\u00f3ra nadaje projektom nieoczywisty, intryguj\u0105cy charakter. Dzi\u0119ki temu mo\u017cesz tworzy\u0107 unikalne aran\u017cacje, zachwycaj\u0105ce zar\u00f3wno wewn\u0105trz, jak i na zewn\u0105trz budynk\u00f3w. Wykonana z trwa\u0142ego betonu architektonicznego, oferuje szerok\u0105 palet\u0119 barw i odcieni, tak\u017ce w ramach jednej partii.<\/p>\n<\/div>\n<\/div>\n<\/div>\n<\/div>\n<div class=\"page\" title=\"Page 17\">\n<div class=\"section\">\n<div class=\"layoutArea\">\n<p><a href=\"https:\/\/milke.se\/wp-content\/uploads\/2020\/07\/Dluga-plytka-LONG-MILKE_3_naroznik-scaled.jpg\" target=\"_blank\" rel=\"noopener\"><img loading=\"lazy\" decoding=\"async\" class=\"alignnone wp-image-14145\" src=\"https:\/\/milke.se\/wp-content\/uploads\/2020\/07\/Dluga-plytka-LONG-MILKE_3_naroznik-scaled.jpg\" alt=\"\" width=\"451\" height=\"301\" \/><\/a><a href=\"https:\/\/milke.se\/en\/portfolio\/long-brick-gdansk-arkano\/\" target=\"_blank\" rel=\"noopener\">\u00a0 \u00a0 <\/a><a href=\"https:\/\/milke.se\/wp-content\/uploads\/2020\/07\/Naroznik-LONG-klasyczny-MILKE_kolor-naturalny_1-scaled.jpg\" target=\"_blank\" rel=\"noopener\"><img loading=\"lazy\" decoding=\"async\" class=\"alignnone wp-image-15044\" src=\"https:\/\/milke.se\/wp-content\/uploads\/2020\/07\/Naroznik-LONG-klasyczny-MILKE_kolor-naturalny_1-scaled.jpg\" alt=\"\" width=\"451\" height=\"301\" \/><\/a><\/p>\n<p><a href=\"https:\/\/milke.se\/en\/portfolio\/long-brick-gdansk-arkano\/\" target=\"_blank\" rel=\"noopener\"><img loading=\"lazy\" decoding=\"async\" class=\"wp-image-11901 aligncenter\" src=\"https:\/\/milke.se\/wp-content\/uploads\/2019\/09\/Plytka-LONG-MILKE-kolor-naturalny-104.png\" alt=\"\" width=\"915\" height=\"592\" srcset=\"https:\/\/milke.se\/wp-content\/uploads\/2019\/09\/Plytka-LONG-MILKE-kolor-naturalny-104.png 1500w, https:\/\/milke.se\/wp-content\/uploads\/2019\/09\/Plytka-LONG-MILKE-kolor-naturalny-104-300x194.png 300w, https:\/\/milke.se\/wp-content\/uploads\/2019\/09\/Plytka-LONG-MILKE-kolor-naturalny-104-1024x662.png 1024w, https:\/\/milke.se\/wp-content\/uploads\/2019\/09\/Plytka-LONG-MILKE-kolor-naturalny-104-768x497.png 768w, https:\/\/milke.se\/wp-content\/uploads\/2019\/09\/Plytka-LONG-MILKE-kolor-naturalny-104-565x365.png 565w, https:\/\/milke.se\/wp-content\/uploads\/2019\/09\/Plytka-LONG-MILKE-kolor-naturalny-104-937x606.png 937w\" sizes=\"auto, (max-width: 915px) 100vw, 915px\" \/><\/a><\/p>\n<\/div>\n<\/div>\n<\/div>\n<div class=\"page\" title=\"Page 17\">\n<div class=\"section\">\n<div class=\"layoutArea\">\n<div class=\"column\">\n<p><a href=\"https:\/\/milke.se\/en\/portfolio\/long-brick-gdansk-arkano\/\" target=\"_blank\" rel=\"noopener\"><img loading=\"lazy\" decoding=\"async\" class=\"alignnone wp-image-11902\" src=\"https:\/\/milke.se\/wp-content\/uploads\/2019\/09\/Plytka-LONG-MILKE-kolor-naturalny-105.png\" alt=\"\" width=\"450\" height=\"291\" srcset=\"https:\/\/milke.se\/wp-content\/uploads\/2019\/09\/Plytka-LONG-MILKE-kolor-naturalny-105.png 1500w, https:\/\/milke.se\/wp-content\/uploads\/2019\/09\/Plytka-LONG-MILKE-kolor-naturalny-105-300x194.png 300w, https:\/\/milke.se\/wp-content\/uploads\/2019\/09\/Plytka-LONG-MILKE-kolor-naturalny-105-1024x662.png 1024w, https:\/\/milke.se\/wp-content\/uploads\/2019\/09\/Plytka-LONG-MILKE-kolor-naturalny-105-768x497.png 768w, https:\/\/milke.se\/wp-content\/uploads\/2019\/09\/Plytka-LONG-MILKE-kolor-naturalny-105-565x365.png 565w, https:\/\/milke.se\/wp-content\/uploads\/2019\/09\/Plytka-LONG-MILKE-kolor-naturalny-105-1140x740.png 1140w, https:\/\/milke.se\/wp-content\/uploads\/2019\/09\/Plytka-LONG-MILKE-kolor-naturalny-105-937x606.png 937w\" sizes=\"auto, (max-width: 450px) 100vw, 450px\" \/> \u00a0 \u00a0<\/a><a href=\"https:\/\/milke.se\/en\/portfolio\/long-brick-gdansk-arkano\/\" target=\"_blank\" rel=\"noopener\"><img loading=\"lazy\" decoding=\"async\" class=\"alignnone wp-image-11899\" src=\"https:\/\/milke.se\/wp-content\/uploads\/2019\/09\/Plytka-LONG-MILKE-kolor-naturalny-102.png\" alt=\"\" width=\"451\" height=\"292\" srcset=\"https:\/\/milke.se\/wp-content\/uploads\/2019\/09\/Plytka-LONG-MILKE-kolor-naturalny-102.png 1500w, https:\/\/milke.se\/wp-content\/uploads\/2019\/09\/Plytka-LONG-MILKE-kolor-naturalny-102-300x194.png 300w, https:\/\/milke.se\/wp-content\/uploads\/2019\/09\/Plytka-LONG-MILKE-kolor-naturalny-102-1024x662.png 1024w, https:\/\/milke.se\/wp-content\/uploads\/2019\/09\/Plytka-LONG-MILKE-kolor-naturalny-102-768x497.png 768w, https:\/\/milke.se\/wp-content\/uploads\/2019\/09\/Plytka-LONG-MILKE-kolor-naturalny-102-565x365.png 565w, https:\/\/milke.se\/wp-content\/uploads\/2019\/09\/Plytka-LONG-MILKE-kolor-naturalny-102-1140x740.png 1140w, https:\/\/milke.se\/wp-content\/uploads\/2019\/09\/Plytka-LONG-MILKE-kolor-naturalny-102-937x606.png 937w\" sizes=\"auto, (max-width: 451px) 100vw, 451px\" \/><\/a><\/p>\n<div class=\"page\" title=\"Page 17\">\n<div class=\"section\">\n<div class=\"layoutArea\">\n<div class=\"column\">\n<blockquote><p>LONG klasyczny technicznie<\/p><\/blockquote>\n<p style=\"font-weight: 400; text-align: left;\">P\u0142ytki LONG formujemy i produkujemy r\u0119cznie z barwionego w masie betonu architektonicznego. Dzi\u0119ki temu nie tylko osi\u0105gamy wyj\u0105tkow\u0105 lekko\u015b\u0107 produktu, ale r\u00f3wnie\u017c zapewniamy mu najwy\u017csze parametry jako\u015bciowe i wytrzyma\u0142o\u015bciowe.<\/p>\n<p style=\"font-weight: 400; text-align: left;\"><span style=\"color: #000000;\"><span style=\"text-decoration: underline;\">Chocia\u017c p\u0142ytki LONG nale\u017c\u0105 do rodziny cegie\u0142ek dekoracyjnych, ich format wyra\u017anie wyr\u00f3\u017cnia si\u0119 na tle tradycyjnych p\u0142ytek. Long jest d\u0142ugi i smuk\u0142y. Jego lico jest delikatne i minimalistyczne.<\/span><\/span><\/p>\n<p style=\"font-weight: 400; text-align: left;\"><span style=\"color: #000000;\">Aktualna wielko\u015b\u0107 (+\/- 0,5 cm): wysoko\u015b\u0107 ~ 4 cm, d\u0142ugo\u015b\u0107 ~ 60 cm, grubo\u015b\u0107 ~ 1,5-1,7 cm.<\/p>\n<p><span class=\"OYPEnA font-feature-liga-off font-feature-clig-off font-feature-calt-off text-decoration-none text-strikethrough-none\">Na 1 m2 potrzeba 36 szt. p\u0142ytki (przy 6-8 mm fudze)\u00a0<\/span><span class=\"OYPEnA font-feature-liga-off font-feature-clig-off font-feature-calt-off text-decoration-none text-strikethrough-none\">lub 42 szt. przy monta\u017cu bezfugowym.<\/p>\n<p>Na 1mb potrzeba 22 szt. naro\u017cnik\u00f3w (przy 6-8 mm fudze) lub 24 szt. przy monta\u017cu bezfugowym.<\/p>\n<p><\/span><\/span><\/p>\n<\/div>\n<\/div>\n<\/div>\n<\/div>\n<ul>\n<li style=\"text-align: left;\">LONG daje niesko\u0144czone mo\u017cliwo\u015bci aran\u017cacyjne \u2013 mo\u017cesz uk\u0142ada\u0107 go bezfugowo, z cienk\u0105 spoin\u0105 6-8mm lub wed\u0142ug wizji projektanta, si\u0119gaj\u0105c wi\u0119kszych szeroko\u015bci.<\/li>\n<li style=\"text-align: left;\">P\u0142ytki mog\u0105 by\u0107 uk\u0142adane poziomo, pionowo, a nawet sko\u015bnie, co otwiera szerokie pole do kreatywnej zabawy form\u0105.<\/li>\n<li style=\"text-align: left;\">Je\u015bli zdecydujesz si\u0119 na monta\u017c bezfugowy, skontaktuj si\u0119 z nami \u2013 <span style=\"text-decoration: underline; color: #000080;\"><a style=\"color: #000080;\" href=\"https:\/\/milke.sekontakt\/\" target=\"_blank\" rel=\"noopener\">ch\u0119tnie doradzimy, jak zrobi\u0107 to najlepiej.<\/a><\/span><\/li>\n<\/ul>\n<div class=\"page\" title=\"Page 17\">\n<div class=\"section\">\n<div class=\"layoutArea\">\n<div class=\"column\">\n<p style=\"font-weight: 400; text-align: left;\">Uzupe\u0142nieniem serii p\u0142ytek LONG s\u0105 dodatkowe elementy \u2013 p\u0142ytka po\u0142\u00f3wkowa, naro\u017cnik w wersji klasycznej, parapetowej oraz nadpro\u017ca, kt\u00f3re pozwalaj\u0105 na sp\u00f3jne i estetyczne wyko\u0144czenie ka\u017cdego projektu.<\/p>\n<\/div>\n<div class=\"column\">\n<p><a href=\"https:\/\/milke.se\/en\/portfolio\/long-bazukastudio\/\" target=\"_blank\" rel=\"noopener\"><img loading=\"lazy\" decoding=\"async\" class=\"alignnone wp-image-11896\" src=\"https:\/\/milke.se\/wp-content\/uploads\/2019\/09\/Plytka-LONG-MILKE-kolor-indywidulany-104.png\" alt=\"\" width=\"915\" height=\"592\" srcset=\"https:\/\/milke.se\/wp-content\/uploads\/2019\/09\/Plytka-LONG-MILKE-kolor-indywidulany-104.png 1500w, https:\/\/milke.se\/wp-content\/uploads\/2019\/09\/Plytka-LONG-MILKE-kolor-indywidulany-104-300x194.png 300w, https:\/\/milke.se\/wp-content\/uploads\/2019\/09\/Plytka-LONG-MILKE-kolor-indywidulany-104-1024x662.png 1024w, https:\/\/milke.se\/wp-content\/uploads\/2019\/09\/Plytka-LONG-MILKE-kolor-indywidulany-104-768x497.png 768w, https:\/\/milke.se\/wp-content\/uploads\/2019\/09\/Plytka-LONG-MILKE-kolor-indywidulany-104-565x365.png 565w, https:\/\/milke.se\/wp-content\/uploads\/2019\/09\/Plytka-LONG-MILKE-kolor-indywidulany-104-937x606.png 937w\" sizes=\"auto, (max-width: 915px) 100vw, 915px\" \/><\/a><\/p>\n<p><a href=\"https:\/\/milke.se\/en\/portfolio\/long-bazukastudio\/\" target=\"_blank\" rel=\"noopener\"><img loading=\"lazy\" decoding=\"async\" class=\"alignnone wp-image-11905\" src=\"https:\/\/milke.se\/wp-content\/uploads\/2019\/09\/Plytka-LONG-MILKE-kolor-indywidulany-105.png\" alt=\"\" width=\"451\" height=\"292\" srcset=\"https:\/\/milke.se\/wp-content\/uploads\/2019\/09\/Plytka-LONG-MILKE-kolor-indywidulany-105.png 1500w, https:\/\/milke.se\/wp-content\/uploads\/2019\/09\/Plytka-LONG-MILKE-kolor-indywidulany-105-300x194.png 300w, https:\/\/milke.se\/wp-content\/uploads\/2019\/09\/Plytka-LONG-MILKE-kolor-indywidulany-105-1024x662.png 1024w, https:\/\/milke.se\/wp-content\/uploads\/2019\/09\/Plytka-LONG-MILKE-kolor-indywidulany-105-768x497.png 768w, https:\/\/milke.se\/wp-content\/uploads\/2019\/09\/Plytka-LONG-MILKE-kolor-indywidulany-105-565x365.png 565w, https:\/\/milke.se\/wp-content\/uploads\/2019\/09\/Plytka-LONG-MILKE-kolor-indywidulany-105-1140x740.png 1140w, https:\/\/milke.se\/wp-content\/uploads\/2019\/09\/Plytka-LONG-MILKE-kolor-indywidulany-105-937x606.png 937w\" sizes=\"auto, (max-width: 451px) 100vw, 451px\" \/><\/a> \u00a0 \u00a0<a href=\"https:\/\/milke.se\/en\/portfolio\/long-bazukastudio\/\" target=\"_blank\" rel=\"noopener\"><img loading=\"lazy\" decoding=\"async\" class=\"alignnone wp-image-11895\" src=\"https:\/\/milke.se\/wp-content\/uploads\/2019\/09\/Plytka-LONG-MILKE-kolor-indywidulany-103.png\" alt=\"\" width=\"451\" height=\"292\" srcset=\"https:\/\/milke.se\/wp-content\/uploads\/2019\/09\/Plytka-LONG-MILKE-kolor-indywidulany-103.png 1500w, https:\/\/milke.se\/wp-content\/uploads\/2019\/09\/Plytka-LONG-MILKE-kolor-indywidulany-103-300x194.png 300w, https:\/\/milke.se\/wp-content\/uploads\/2019\/09\/Plytka-LONG-MILKE-kolor-indywidulany-103-1024x662.png 1024w, https:\/\/milke.se\/wp-content\/uploads\/2019\/09\/Plytka-LONG-MILKE-kolor-indywidulany-103-768x497.png 768w, https:\/\/milke.se\/wp-content\/uploads\/2019\/09\/Plytka-LONG-MILKE-kolor-indywidulany-103-565x365.png 565w, https:\/\/milke.se\/wp-content\/uploads\/2019\/09\/Plytka-LONG-MILKE-kolor-indywidulany-103-1140x740.png 1140w, https:\/\/milke.se\/wp-content\/uploads\/2019\/09\/Plytka-LONG-MILKE-kolor-indywidulany-103-937x606.png 937w\" sizes=\"auto, (max-width: 451px) 100vw, 451px\" \/><\/a><\/p>\n<p style=\"text-align: left;\">Ka\u017cda budowa, remont czy metamorfoza to wyzwanie, przypominaj\u0105ce uk\u0142adanie skomplikowanych puzzli, kt\u00f3re w efekcie stworz\u0105 Tw\u00f3j wymarzony dom. Dlatego tak wa\u017cne jest, by \u015bwiadomie wybiera\u0107 elementy wyko\u0144czeniowe, kt\u00f3re najlepiej odzwierciedlaj\u0105 Tw\u00f3j charakter. To moment, w kt\u00f3rym warto zaufa\u0107 swojemu sercu i pod\u0105\u017ca\u0107 za marzeniami. Dzi\u0119ki temu stworzysz przestrze\u0144, w kt\u00f3rej poczujesz si\u0119 swobodnie, przytulnie i bezpiecznie.<\/p>\n<blockquote>\n<p style=\"font-weight: 400;\">P\u0142ytki ceglane MILKE s\u0105 jednym z tych wa\u017cnych sk\u0142adnik\u00f3w, kt\u00f3re stawiaj\u0105 kropk\u0119 nad \u201ei\u201d Twojej realizacji, nadaj\u0105c jej charakter i podkre\u015blaj\u0105c jej indywidualno\u015b\u0107.<\/p>\n<\/blockquote>\n<p><a href=\"https:\/\/milke.se\/en\/portfolio\/long-magdalenka\/\" target=\"_blank\" rel=\"noopener\"><img loading=\"lazy\" decoding=\"async\" class=\"wp-image-11892 aligncenter\" src=\"https:\/\/milke.se\/wp-content\/uploads\/2019\/09\/Plytka-LONG-MILKE-kolor-indywidulany-100.png\" alt=\"\" width=\"916\" height=\"592\" srcset=\"https:\/\/milke.se\/wp-content\/uploads\/2019\/09\/Plytka-LONG-MILKE-kolor-indywidulany-100.png 1500w, https:\/\/milke.se\/wp-content\/uploads\/2019\/09\/Plytka-LONG-MILKE-kolor-indywidulany-100-300x194.png 300w, https:\/\/milke.se\/wp-content\/uploads\/2019\/09\/Plytka-LONG-MILKE-kolor-indywidulany-100-1024x662.png 1024w, https:\/\/milke.se\/wp-content\/uploads\/2019\/09\/Plytka-LONG-MILKE-kolor-indywidulany-100-768x497.png 768w, https:\/\/milke.se\/wp-content\/uploads\/2019\/09\/Plytka-LONG-MILKE-kolor-indywidulany-100-565x365.png 565w, https:\/\/milke.se\/wp-content\/uploads\/2019\/09\/Plytka-LONG-MILKE-kolor-indywidulany-100-937x606.png 937w\" sizes=\"auto, (max-width: 916px) 100vw, 916px\" \/><\/a><\/p>\n<p><a href=\"https:\/\/milke.se\/en\/portfolio\/long-magdalenka\/\" target=\"_blank\" rel=\"noopener\"><img loading=\"lazy\" decoding=\"async\" class=\"alignnone wp-image-11894\" src=\"https:\/\/milke.se\/wp-content\/uploads\/2019\/09\/Plytka-LONG-MILKE-kolor-indywidulany-102.png\" alt=\"\" width=\"451\" height=\"292\" srcset=\"https:\/\/milke.se\/wp-content\/uploads\/2019\/09\/Plytka-LONG-MILKE-kolor-indywidulany-102.png 1500w, https:\/\/milke.se\/wp-content\/uploads\/2019\/09\/Plytka-LONG-MILKE-kolor-indywidulany-102-300x194.png 300w, https:\/\/milke.se\/wp-content\/uploads\/2019\/09\/Plytka-LONG-MILKE-kolor-indywidulany-102-1024x662.png 1024w, https:\/\/milke.se\/wp-content\/uploads\/2019\/09\/Plytka-LONG-MILKE-kolor-indywidulany-102-768x497.png 768w, https:\/\/milke.se\/wp-content\/uploads\/2019\/09\/Plytka-LONG-MILKE-kolor-indywidulany-102-565x365.png 565w, https:\/\/milke.se\/wp-content\/uploads\/2019\/09\/Plytka-LONG-MILKE-kolor-indywidulany-102-1140x740.png 1140w, https:\/\/milke.se\/wp-content\/uploads\/2019\/09\/Plytka-LONG-MILKE-kolor-indywidulany-102-937x606.png 937w\" sizes=\"auto, (max-width: 451px) 100vw, 451px\" \/> \u00a0 \u00a0<\/a><a href=\"https:\/\/milke.se\/en\/portfolio\/long-magdalenka\/\" target=\"_blank\" rel=\"noopener\"><img loading=\"lazy\" decoding=\"async\" class=\"alignnone wp-image-11893\" src=\"https:\/\/milke.se\/wp-content\/uploads\/2019\/09\/Plytka-LONG-MILKE-kolor-indywidulany-101.png\" alt=\"\" width=\"451\" height=\"292\" srcset=\"https:\/\/milke.se\/wp-content\/uploads\/2019\/09\/Plytka-LONG-MILKE-kolor-indywidulany-101.png 1500w, https:\/\/milke.se\/wp-content\/uploads\/2019\/09\/Plytka-LONG-MILKE-kolor-indywidulany-101-300x194.png 300w, https:\/\/milke.se\/wp-content\/uploads\/2019\/09\/Plytka-LONG-MILKE-kolor-indywidulany-101-1024x662.png 1024w, https:\/\/milke.se\/wp-content\/uploads\/2019\/09\/Plytka-LONG-MILKE-kolor-indywidulany-101-768x497.png 768w, https:\/\/milke.se\/wp-content\/uploads\/2019\/09\/Plytka-LONG-MILKE-kolor-indywidulany-101-565x365.png 565w, https:\/\/milke.se\/wp-content\/uploads\/2019\/09\/Plytka-LONG-MILKE-kolor-indywidulany-101-1140x740.png 1140w, https:\/\/milke.se\/wp-content\/uploads\/2019\/09\/Plytka-LONG-MILKE-kolor-indywidulany-101-937x606.png 937w\" sizes=\"auto, (max-width: 451px) 100vw, 451px\" \/><\/a><\/p>\n<h5 style=\"text-align: left;\">P\u0142ytki ceglane LONG MILKE mo\u017cesz wykorzysta\u0107:<\/h5>\n<ul>\n<li style=\"font-weight: 400; text-align: left;\">we wn\u0119trzach, jak i na zewn\u0105trz budynk\u00f3w<\/li>\n<li style=\"font-weight: 400; text-align: left;\">na \u015bcianach, fasadach i elewacjach<\/li>\n<li style=\"font-weight: 400; text-align: left;\">w pomieszczeniach suchych i mokrych<\/li>\n<li style=\"font-weight: 400; text-align: left;\">w pokoju, kuchni, \u0142azience i na kominku<\/li>\n<\/ul>\n<\/div>\n<\/div>\n<div class=\"layoutArea\">\n<p><a href=\"https:\/\/milke.se\/en\/portfolio\/long-chotomow-inwestycja-prywatana\/\" target=\"_blank\" rel=\"noopener\"><img loading=\"lazy\" decoding=\"async\" class=\"alignnone wp-image-11908\" src=\"https:\/\/milke.se\/wp-content\/uploads\/2019\/09\/Plytka-LONG-MILKE-kolor-indywidulany-skalna-biel-106.png\" alt=\"\" width=\"916\" height=\"592\" srcset=\"https:\/\/milke.se\/wp-content\/uploads\/2019\/09\/Plytka-LONG-MILKE-kolor-indywidulany-skalna-biel-106.png 1500w, https:\/\/milke.se\/wp-content\/uploads\/2019\/09\/Plytka-LONG-MILKE-kolor-indywidulany-skalna-biel-106-300x194.png 300w, https:\/\/milke.se\/wp-content\/uploads\/2019\/09\/Plytka-LONG-MILKE-kolor-indywidulany-skalna-biel-106-1024x662.png 1024w, https:\/\/milke.se\/wp-content\/uploads\/2019\/09\/Plytka-LONG-MILKE-kolor-indywidulany-skalna-biel-106-768x497.png 768w, https:\/\/milke.se\/wp-content\/uploads\/2019\/09\/Plytka-LONG-MILKE-kolor-indywidulany-skalna-biel-106-565x365.png 565w, https:\/\/milke.se\/wp-content\/uploads\/2019\/09\/Plytka-LONG-MILKE-kolor-indywidulany-skalna-biel-106-937x606.png 937w\" sizes=\"auto, (max-width: 916px) 100vw, 916px\" \/><\/a><\/p>\n<p><a href=\"https:\/\/milke.se\/en\/portfolio\/long-chotomow-inwestycja-prywatana\/\" target=\"_blank\" rel=\"noopener\"><img loading=\"lazy\" decoding=\"async\" class=\"alignnone wp-image-11906\" src=\"https:\/\/milke.se\/wp-content\/uploads\/2019\/09\/Plytka-LONG-MILKE-kolor-indywidulany-skalna-biel-107.png\" alt=\"\" width=\"451\" height=\"292\" srcset=\"https:\/\/milke.se\/wp-content\/uploads\/2019\/09\/Plytka-LONG-MILKE-kolor-indywidulany-skalna-biel-107.png 1500w, https:\/\/milke.se\/wp-content\/uploads\/2019\/09\/Plytka-LONG-MILKE-kolor-indywidulany-skalna-biel-107-300x194.png 300w, https:\/\/milke.se\/wp-content\/uploads\/2019\/09\/Plytka-LONG-MILKE-kolor-indywidulany-skalna-biel-107-1024x662.png 1024w, https:\/\/milke.se\/wp-content\/uploads\/2019\/09\/Plytka-LONG-MILKE-kolor-indywidulany-skalna-biel-107-768x497.png 768w, https:\/\/milke.se\/wp-content\/uploads\/2019\/09\/Plytka-LONG-MILKE-kolor-indywidulany-skalna-biel-107-565x365.png 565w, https:\/\/milke.se\/wp-content\/uploads\/2019\/09\/Plytka-LONG-MILKE-kolor-indywidulany-skalna-biel-107-1140x740.png 1140w, https:\/\/milke.se\/wp-content\/uploads\/2019\/09\/Plytka-LONG-MILKE-kolor-indywidulany-skalna-biel-107-937x606.png 937w\" sizes=\"auto, (max-width: 451px) 100vw, 451px\" \/> \u00a0 \u00a0<\/a><a href=\"https:\/\/milke.se\/en\/portfolio\/long-chotomow-inwestycja-prywatana\/\" target=\"_blank\" rel=\"noopener\"><img loading=\"lazy\" decoding=\"async\" class=\"alignnone wp-image-11907\" src=\"https:\/\/milke.se\/wp-content\/uploads\/2019\/09\/Plytka-LONG-MILKE-kolor-indywidulany-skalna-biel-108.png\" alt=\"\" width=\"451\" height=\"292\" srcset=\"https:\/\/milke.se\/wp-content\/uploads\/2019\/09\/Plytka-LONG-MILKE-kolor-indywidulany-skalna-biel-108.png 1500w, https:\/\/milke.se\/wp-content\/uploads\/2019\/09\/Plytka-LONG-MILKE-kolor-indywidulany-skalna-biel-108-300x194.png 300w, https:\/\/milke.se\/wp-content\/uploads\/2019\/09\/Plytka-LONG-MILKE-kolor-indywidulany-skalna-biel-108-1024x662.png 1024w, https:\/\/milke.se\/wp-content\/uploads\/2019\/09\/Plytka-LONG-MILKE-kolor-indywidulany-skalna-biel-108-768x497.png 768w, https:\/\/milke.se\/wp-content\/uploads\/2019\/09\/Plytka-LONG-MILKE-kolor-indywidulany-skalna-biel-108-565x365.png 565w, https:\/\/milke.se\/wp-content\/uploads\/2019\/09\/Plytka-LONG-MILKE-kolor-indywidulany-skalna-biel-108-1140x740.png 1140w, https:\/\/milke.se\/wp-content\/uploads\/2019\/09\/Plytka-LONG-MILKE-kolor-indywidulany-skalna-biel-108-937x606.png 937w\" sizes=\"auto, (max-width: 451px) 100vw, 451px\" \/><\/a><\/p>\n<blockquote>\n<p style=\"text-align: center;\">Zastanawiasz si\u0119 nad wyborem d\u0142ugiej p\u0142ytki LONG do swojego projektu? Odkryj, dlaczego jest to Bestseller w nowoczesnym budownictwie. Sprawd\u017a odpowiedzi na kluczowe pytania i dowiedz si\u0119, co musisz wiedzie\u0107 przed jej zakupem. <span style=\"text-decoration: underline; color: #000080;\"><a style=\"color: #000080; text-decoration: underline;\" href=\"https:\/\/milke.semilke-brick\/dluga-cegla-scienna-i-elewacyjna-long-co-warto-wiedziec-przed-jej-zakupem-14-najwazniejszych-pytan-i-odpowiedzi\/\" target=\"_blank\" rel=\"noopener\">Specjalnie dla Ciebie przygotowali\u015bmy artyku\u0142, kt\u00f3ry pomo\u017ce podj\u0105\u0107 Ci najlepsz\u0105 decyzj\u0119.<\/a><\/span><\/p>\n<\/blockquote>\n<p><a href=\"https:\/\/milke.se\/en\/portfolio\/malu-kunkiewicz-architekci\/\" target=\"_blank\" rel=\"noopener\"><img loading=\"lazy\" decoding=\"async\" class=\"alignnone wp-image-11911\" src=\"https:\/\/milke.se\/wp-content\/uploads\/2019\/09\/Plytka-LONG-MILKE-kolor-naturalny-110.png\" alt=\"\" width=\"451\" height=\"292\" srcset=\"https:\/\/milke.se\/wp-content\/uploads\/2019\/09\/Plytka-LONG-MILKE-kolor-naturalny-110.png 1500w, https:\/\/milke.se\/wp-content\/uploads\/2019\/09\/Plytka-LONG-MILKE-kolor-naturalny-110-300x194.png 300w, https:\/\/milke.se\/wp-content\/uploads\/2019\/09\/Plytka-LONG-MILKE-kolor-naturalny-110-1024x662.png 1024w, https:\/\/milke.se\/wp-content\/uploads\/2019\/09\/Plytka-LONG-MILKE-kolor-naturalny-110-768x497.png 768w, https:\/\/milke.se\/wp-content\/uploads\/2019\/09\/Plytka-LONG-MILKE-kolor-naturalny-110-565x365.png 565w, https:\/\/milke.se\/wp-content\/uploads\/2019\/09\/Plytka-LONG-MILKE-kolor-naturalny-110-1140x740.png 1140w, https:\/\/milke.se\/wp-content\/uploads\/2019\/09\/Plytka-LONG-MILKE-kolor-naturalny-110-937x606.png 937w\" sizes=\"auto, (max-width: 451px) 100vw, 451px\" \/><\/a>\u00a0 \u00a0 <a href=\"https:\/\/milke.se\/en\/portfolio\/malu-kunkiewicz-architekci\/\" target=\"_blank\" rel=\"noopener\"><img loading=\"lazy\" decoding=\"async\" class=\"alignnone wp-image-11912\" src=\"https:\/\/milke.se\/wp-content\/uploads\/2019\/09\/Plytka-LONG-MILKE-kolor-naturalny-109.png\" alt=\"\" width=\"451\" height=\"292\" srcset=\"https:\/\/milke.se\/wp-content\/uploads\/2019\/09\/Plytka-LONG-MILKE-kolor-naturalny-109.png 1500w, https:\/\/milke.se\/wp-content\/uploads\/2019\/09\/Plytka-LONG-MILKE-kolor-naturalny-109-300x194.png 300w, https:\/\/milke.se\/wp-content\/uploads\/2019\/09\/Plytka-LONG-MILKE-kolor-naturalny-109-1024x662.png 1024w, https:\/\/milke.se\/wp-content\/uploads\/2019\/09\/Plytka-LONG-MILKE-kolor-naturalny-109-768x497.png 768w, https:\/\/milke.se\/wp-content\/uploads\/2019\/09\/Plytka-LONG-MILKE-kolor-naturalny-109-565x365.png 565w, https:\/\/milke.se\/wp-content\/uploads\/2019\/09\/Plytka-LONG-MILKE-kolor-naturalny-109-1140x740.png 1140w, https:\/\/milke.se\/wp-content\/uploads\/2019\/09\/Plytka-LONG-MILKE-kolor-naturalny-109-937x606.png 937w\" sizes=\"auto, (max-width: 451px) 100vw, 451px\" \/><\/a><\/p>\n<\/div>\n<blockquote><p>P\u0142ytki LONG produkujemy r\u0119cznie<\/p><\/blockquote>\n<p style=\"font-weight: 400; text-align: left;\">Produkcja p\u0142ytek LONG MILKE to rzemios\u0142o \u2013 ka\u017cda p\u0142ytka powstaje r\u0119cznie, wed\u0142ug tradycyjnych metod. W naszej manufakturze dbamy o to, aby ka\u017cda z nich by\u0142a unikatowa, dodaj\u0105c Twojemu projektowi wyj\u0105tkowy charakter.<\/p>\n<blockquote><p>Kolory i odcienie<\/p><\/blockquote>\n<p style=\"text-align: left;\">W MILKE ka\u017cd\u0105 p\u0142ytk\u0119 dekoracyjn\u0105 barwimy r\u0119cznie, co daje nam pe\u0142n\u0105 swobod\u0119 w kreowaniu unikatowych kolor\u00f3w. Dzi\u0119ki temu ka\u017cdy element ma subtelnie r\u00f3\u017cni\u0105ce si\u0119 odcienie. Ponadto smugi, jak i ja\u015bniejsze czy ciemniejsze przebarwienia \u015bwiadomie pot\u0119gowane na etapie produkcji sprawiaj\u0105, \u017ce ka\u017cda z cegie\u0142ek jest unikatowa i jedyna w swoim rodzaju. Twoja \u015bciana zyskuje pe\u0142n\u0105 oryginalno\u015b\u0107.<\/p>\n<blockquote class=\"wp-embedded-content\" data-secret=\"yqJ2InKSMv\"><p><a href=\"https:\/\/milke.se\/en\/kolory\/\">\u015aCI\u0104GAWKA KOLOR\u00d3W<\/a><\/p><\/blockquote>\n<p style=\"text-align: left;\">P\u0142ytki ceglane wykonane z betonu oferuj\u0105 nieograniczone mo\u017cliwo\u015bci kolorystyczne i pozwalaj\u0105 na eksperymenty z r\u00f3\u017cnorodnymi teksturami. Tworzenie niestandardowych kszta\u0142t\u00f3w, jak i specjalnych element\u00f3w o okre\u015blonej formie czy rozmiarze, staje si\u0119 prostsze i bardziej elastyczne.<\/p>\n<div class=\"page\" style=\"text-align: left;\" title=\"Page 4\">\n<div class=\"section\">\n<div class=\"layoutArea\">\n<blockquote>\n<div class=\"column\">Co wi\u0119cej, zastosowanie betonu przek\u0142ada si\u0119 na l\u017cejsz\u0105 wag\u0119 produktu, co czyni go nie tylko estetycznym, ale r\u00f3wnie\u017c praktycznym wyborem.<\/div>\n<\/blockquote>\n<\/div>\n<\/div>\n<\/div>\n<div class=\"layoutArea\">\n<p><a href=\"https:\/\/milke.se\/en\/portfolio\/long-brick-nowa-cegla-stodola-arkano\/\" target=\"_blank\" rel=\"noopener\"><img loading=\"lazy\" decoding=\"async\" class=\"wp-image-11909 aligncenter\" src=\"https:\/\/milke.se\/wp-content\/uploads\/2019\/09\/Plytka-LONG-MILKE-kolor-naturalny-100-1.png\" alt=\"\" width=\"916\" height=\"592\" srcset=\"https:\/\/milke.se\/wp-content\/uploads\/2019\/09\/Plytka-LONG-MILKE-kolor-naturalny-100-1.png 1500w, https:\/\/milke.se\/wp-content\/uploads\/2019\/09\/Plytka-LONG-MILKE-kolor-naturalny-100-1-300x194.png 300w, https:\/\/milke.se\/wp-content\/uploads\/2019\/09\/Plytka-LONG-MILKE-kolor-naturalny-100-1-1024x662.png 1024w, https:\/\/milke.se\/wp-content\/uploads\/2019\/09\/Plytka-LONG-MILKE-kolor-naturalny-100-1-768x497.png 768w, https:\/\/milke.se\/wp-content\/uploads\/2019\/09\/Plytka-LONG-MILKE-kolor-naturalny-100-1-565x365.png 565w, https:\/\/milke.se\/wp-content\/uploads\/2019\/09\/Plytka-LONG-MILKE-kolor-naturalny-100-1-937x606.png 937w\" sizes=\"auto, (max-width: 916px) 100vw, 916px\" \/><\/a><\/p>\n<p><a href=\"https:\/\/milke.se\/en\/portfolio\/long-brick-nowa-cegla-stodola-arkano\/\" target=\"_blank\" rel=\"noopener\"><img loading=\"lazy\" decoding=\"async\" class=\"alignnone wp-image-11910\" src=\"https:\/\/milke.se\/wp-content\/uploads\/2019\/09\/Plytka-LONG-MILKE-kolor-naturalny-111.png\" alt=\"\" width=\"451\" height=\"292\" srcset=\"https:\/\/milke.se\/wp-content\/uploads\/2019\/09\/Plytka-LONG-MILKE-kolor-naturalny-111.png 1500w, https:\/\/milke.se\/wp-content\/uploads\/2019\/09\/Plytka-LONG-MILKE-kolor-naturalny-111-300x194.png 300w, https:\/\/milke.se\/wp-content\/uploads\/2019\/09\/Plytka-LONG-MILKE-kolor-naturalny-111-1024x662.png 1024w, https:\/\/milke.se\/wp-content\/uploads\/2019\/09\/Plytka-LONG-MILKE-kolor-naturalny-111-768x497.png 768w, https:\/\/milke.se\/wp-content\/uploads\/2019\/09\/Plytka-LONG-MILKE-kolor-naturalny-111-565x365.png 565w, https:\/\/milke.se\/wp-content\/uploads\/2019\/09\/Plytka-LONG-MILKE-kolor-naturalny-111-1140x740.png 1140w, https:\/\/milke.se\/wp-content\/uploads\/2019\/09\/Plytka-LONG-MILKE-kolor-naturalny-111-937x606.png 937w\" sizes=\"auto, (max-width: 451px) 100vw, 451px\" \/> \u00a0 \u00a0<\/a><a href=\"https:\/\/milke.se\/en\/portfolio\/long-brick-nowa-cegla-stodola-arkano\/\" target=\"_blank\" rel=\"noopener\"><img loading=\"lazy\" decoding=\"async\" class=\"alignnone wp-image-11913\" src=\"https:\/\/milke.se\/wp-content\/uploads\/2019\/09\/Plytka-LONG-MILKE-kolor-naturalny-108.png\" alt=\"\" width=\"451\" height=\"292\" srcset=\"https:\/\/milke.se\/wp-content\/uploads\/2019\/09\/Plytka-LONG-MILKE-kolor-naturalny-108.png 1500w, https:\/\/milke.se\/wp-content\/uploads\/2019\/09\/Plytka-LONG-MILKE-kolor-naturalny-108-300x194.png 300w, https:\/\/milke.se\/wp-content\/uploads\/2019\/09\/Plytka-LONG-MILKE-kolor-naturalny-108-1024x662.png 1024w, https:\/\/milke.se\/wp-content\/uploads\/2019\/09\/Plytka-LONG-MILKE-kolor-naturalny-108-768x497.png 768w, https:\/\/milke.se\/wp-content\/uploads\/2019\/09\/Plytka-LONG-MILKE-kolor-naturalny-108-565x365.png 565w, https:\/\/milke.se\/wp-content\/uploads\/2019\/09\/Plytka-LONG-MILKE-kolor-naturalny-108-1140x740.png 1140w, https:\/\/milke.se\/wp-content\/uploads\/2019\/09\/Plytka-LONG-MILKE-kolor-naturalny-108-937x606.png 937w\" sizes=\"auto, (max-width: 451px) 100vw, 451px\" \/><\/a><\/p>\n<\/div>\n<\/div>\n<\/div>\n<div class=\"page\" style=\"text-align: left;\" title=\"Page 6\">\n<div class=\"section\">\n<div class=\"layoutArea\">\n<div class=\"column\">\n<div class=\"page\" style=\"text-align: left;\" title=\"Page 6\">\n<div class=\"section\">\n<div class=\"layoutArea\">\n<div class=\"column\">\n<div class=\"page\" title=\"Page 9\">\n<div class=\"section\">\n<div class=\"layoutArea\">\n<h5 class=\"column\">G\u0142\u00f3wne zalety\u00a0dekoracyjnych\u00a0p\u0142ytek betonowych MILKE:<\/h5>\n<\/div>\n<\/div>\n<\/div>\n<\/div>\n<\/div>\n<\/div>\n<\/div>\n<div class=\"page\" title=\"Page 9\">\n<div class=\"section\">\n<div class=\"layoutArea\">\n<div class=\"column\">\n<ul>\n<li style=\"text-align: left;\">trwa\u0142o\u015b\u0107 \u2013\u00a0czyli wytrzyma\u0142o\u015b\u0107 na uderzenia i \u015bcieranie<\/li>\n<li style=\"text-align: left;\">wytrzyma\u0142o\u015b\u0107 na warunki atmosferyczne \u2013 czyli mrozoodporno\u015b\u0107, niska nasi\u0105kliwo\u015b\u0107<\/li>\n<li style=\"text-align: left;\">odporno\u015b\u0107 \u2013\u00a0zar\u00f3wno na korozj\u0119 biologiczn\u0105, jak i agresywne \u015brodowisko naraz\u0307one na permanentne dzia\u0142anie i kontakt z wod\u0105, oparami czy t\u0142uszczem<\/li>\n<li style=\"text-align: left;\">niepalno\u015b\u0107 \u2013 w rozumieniu odporno\u015b\u0107 na ogie\u0144<\/li>\n<li style=\"text-align: left;\">podwy\u017cszona izolacja akustyczna i cieplna<\/li>\n<li style=\"text-align: left;\">niska waga<\/li>\n<\/ul>\n<\/div>\n<\/div>\n<\/div>\n<\/div>\n<\/div>\n<\/div>\n<\/div>\n<\/div>\n<div class=\"page\" title=\"Page 17\">\n<div class=\"section\">\n<div class=\"layoutArea\">\n<blockquote>\n<p style=\"text-align: center;\">Wybierz swoj\u0105 wersj\u0119 p\u0142ytki \u2013\u00a0w<span style=\"color: #000000;\">\u00a0ofercie MILKE posiadamy dwa rodzaje:<\/p>\n<p>d\u0142ug\u0105 p\u0142ytk\u0119 LONG klasyczny i p\u0142ytk\u0119 LONG RAW.<\/span><\/p>\n<\/blockquote>\n<p style=\"font-weight: 400; text-align: left;\">P\u0142ytka LONG klasyczna posiada lico g\u0142adkie, minimalistyczne. Powsta\u0142a u nas jako pierwsza i od pierwszej realizacji zyska\u0142a Wasze uznanie. Obecnie obok Starej Ceg\u0142y to Bestseller w\u015br\u00f3d p\u0142ytek elewacyjnych. Idealne po\u0142\u0105czenie nowoczesno\u015bci i klasyki. Jej nietypowy format otwiera przed Architektami nowe mo\u017cliwo\u015bci kompozycyjne i pozwala dowolnie kszta\u0142towa\u0107 powierzchnie.<\/p>\n<p style=\"font-weight: 400; text-align: left;\"><span style=\"text-decoration: underline; color: #000080;\"><a style=\"color: #000080; text-decoration: underline;\" href=\"https:\/\/milke.se\/en\/product\/long-raw-plytka-ceglana-dekoracyjna-dluga\/\" target=\"_blank\" rel=\"noopener\">Je\u015bli natomiast poszukujesz bardziej surowego wygl\u0105du, p\u0142ytka LONG w wersji RAW jest dla Ciebie.<\/a><\/span> To odpowied\u017a na nieustanny dialog, kt\u00f3ry prowadzimy z Architektami na temat ich potrzeb i uk\u0142on w kierunku koneser\u00f3w mniej regularnego rysunku na elewacji. R\u0119cznie wykonana forma o wyrazistej fakturze odwo\u0142uje si\u0119 do natury i wprowadza bardziej organiczny charakter na \u015bcianie budynku.<\/p>\n<p style=\"font-weight: 400; text-align: left;\"><span style=\"text-decoration: underline; color: #000080;\"><a style=\"color: #000080; text-decoration: underline;\" href=\"https:\/\/milke.se\/en\/kolory\/\" target=\"_blank\" rel=\"noopener\">Obie wersje LONGa s\u0105 dost\u0119pne w bogatej gamie kolor\u00f3w<\/a><\/span>, obejmuj\u0105cej podstawowe odcienie oraz indywidualne wybarwienia, co pozwala dostosowa\u0107 je do Twoich potrzeb i upodoba\u0144.<\/p>\n<\/div>\n<\/div>\n<div class=\"section\">\n<div class=\"layoutArea\">\n<p><a href=\"https:\/\/milke.se\/wp-content\/uploads\/2019\/09\/Plytka-LONG-MILKE-kolor-indywidulany-101.png\"><img loading=\"lazy\" decoding=\"async\" class=\"alignnone wp-image-11893\" src=\"https:\/\/milke.se\/wp-content\/uploads\/2019\/09\/Plytka-LONG-MILKE-kolor-indywidulany-101.png\" alt=\"\" width=\"452\" height=\"292\" srcset=\"https:\/\/milke.se\/wp-content\/uploads\/2019\/09\/Plytka-LONG-MILKE-kolor-indywidulany-101.png 1500w, https:\/\/milke.se\/wp-content\/uploads\/2019\/09\/Plytka-LONG-MILKE-kolor-indywidulany-101-300x194.png 300w, https:\/\/milke.se\/wp-content\/uploads\/2019\/09\/Plytka-LONG-MILKE-kolor-indywidulany-101-1024x662.png 1024w, https:\/\/milke.se\/wp-content\/uploads\/2019\/09\/Plytka-LONG-MILKE-kolor-indywidulany-101-768x497.png 768w, https:\/\/milke.se\/wp-content\/uploads\/2019\/09\/Plytka-LONG-MILKE-kolor-indywidulany-101-565x365.png 565w, https:\/\/milke.se\/wp-content\/uploads\/2019\/09\/Plytka-LONG-MILKE-kolor-indywidulany-101-1140x740.png 1140w, https:\/\/milke.se\/wp-content\/uploads\/2019\/09\/Plytka-LONG-MILKE-kolor-indywidulany-101-937x606.png 937w\" sizes=\"auto, (max-width: 452px) 100vw, 452px\" \/> \u00a0 \u00a0<\/a><a href=\"https:\/\/milke.se\/wp-content\/uploads\/2021\/08\/Plytka-LONG-RAW-MILKE-kolor-indywidualny-107.png\"><img loading=\"lazy\" decoding=\"async\" class=\"alignnone wp-image-11928\" src=\"https:\/\/milke.se\/wp-content\/uploads\/2021\/08\/Plytka-LONG-RAW-MILKE-kolor-indywidualny-107.png\" alt=\"\" width=\"451\" height=\"292\" srcset=\"https:\/\/milke.se\/wp-content\/uploads\/2021\/08\/Plytka-LONG-RAW-MILKE-kolor-indywidualny-107.png 1500w, https:\/\/milke.se\/wp-content\/uploads\/2021\/08\/Plytka-LONG-RAW-MILKE-kolor-indywidualny-107-300x194.png 300w, https:\/\/milke.se\/wp-content\/uploads\/2021\/08\/Plytka-LONG-RAW-MILKE-kolor-indywidualny-107-1024x662.png 1024w, https:\/\/milke.se\/wp-content\/uploads\/2021\/08\/Plytka-LONG-RAW-MILKE-kolor-indywidualny-107-768x497.png 768w, https:\/\/milke.se\/wp-content\/uploads\/2021\/08\/Plytka-LONG-RAW-MILKE-kolor-indywidualny-107-565x365.png 565w, https:\/\/milke.se\/wp-content\/uploads\/2021\/08\/Plytka-LONG-RAW-MILKE-kolor-indywidualny-107-1140x740.png 1140w, https:\/\/milke.se\/wp-content\/uploads\/2021\/08\/Plytka-LONG-RAW-MILKE-kolor-indywidualny-107-937x606.png 937w\" sizes=\"auto, (max-width: 451px) 100vw, 451px\" \/><\/a><\/p>\n<\/div>\n<\/div>\n<\/div>\n<blockquote><p>Zam\u00f3w Pr\u00f3bki<\/p><\/blockquote>\n<p style=\"text-align: left;\">\n<blockquote class=\"wp-embedded-content\" data-secret=\"z4nF8OOrg1\"><p><a href=\"https:\/\/milke.se\/en\/product\/probki-plytek-long-dlugi-format\/\">LONG Tile Samples - Long Format<\/a><\/p><\/blockquote>\n<\/div>\n<\/div>\n<\/div>\n<\/div>\n<p>\u00a0<\/p>","protected":false},"excerpt":{"rendered":"<p style=\"text-align: left;\">D\u0142uga p\u0142ytka ceglana LONG \u0142\u0105czy nowoczesno\u015b\u0107 z klasyk\u0105, prze\u0142amuj\u0105c standardowy rozmiar cegie\u0142. Jest d\u0142uga, smuk\u0142a i <span style=\"color: #000080;\"><a style=\"color: #000080;\" href=\"https:\/\/milke.se\/en\/kolory\/\" target=\"_blank\" rel=\"noopener\"><span style=\"text-decoration: underline;\">dost\u0119pna w kolorach podstawowych<\/span><\/a><\/span> lub na zam\u00f3wienie w dowolnym odcieniu. Na 1mb potrzeba 22 szt. naro\u017cnik\u00f3w (przy 6-8 mm fudze) lub 24 szt. przy monta\u017cu bezfugowym.<\/p>","protected":false},"featured_media":18355,"template":"","meta":[],"product_brand":[],"product_cat":[369,378],"product_tag":[108,363,194,157,159],"class_list":{"0":"post-6350","1":"product","2":"type-product","3":"status-publish","4":"has-post-thumbnail","6":"product_cat-naroznik","7":"product_cat-plytka-long","8":"product_tag-long","9":"product_tag-long-klasyczny","10":"product_tag-naroznik-long","11":"product_tag-plytka-elewacyjna","12":"product_tag-plytka-scienna","13":"product_shipping_class-produkty-wysylane-na-paletach","15":"first","16":"instock","17":"taxable","18":"shipping-taxable","19":"purchasable","20":"product-type-variable","21":"layout-style-2","22":"col-md-4 col-sm-4 col-xs-6","23":"col-lg-3","24":"product-has-gallery","25":"product-style-default"},"yoast_head":"<!-- This site is optimized with the Yoast SEO plugin v27.5 - https:\/\/yoast.com\/product\/yoast-seo-wordpress\/ -->\n<title>Long naro\u017cnik klasyczny - p\u0142ytka ceglana dekoracyjna d\u0142uga - Sklep milke.se<\/title>\n<meta name=\"description\" content=\"P\u0142ytka Long jest d\u0142uga i smuk\u0142a. Na Twoje specjalnie zam\u00f3wienie mo\u017cemy wyprodukowa\u0107 j\u0105 w dowolnym, wskazanym kolorze.\" \/>\n<meta name=\"robots\" content=\"index, follow, max-snippet:-1, max-image-preview:large, max-video-preview:-1\" \/>\n<link rel=\"canonical\" href=\"https:\/\/milke.se\/en\/product\/long-naroznik-klasyczny-plytka-ceglana-dekoracyjna-dluga\/\" \/>\n<meta property=\"og:locale\" content=\"en_GB\" \/>\n<meta property=\"og:type\" content=\"article\" \/>\n<meta property=\"og:title\" content=\"Long naro\u017cnik klasyczny - p\u0142ytka ceglana dekoracyjna d\u0142uga - Sklep milke.se\" \/>\n<meta property=\"og:description\" content=\"P\u0142ytka Long jest d\u0142uga i smuk\u0142a. Na Twoje specjalnie zam\u00f3wienie mo\u017cemy wyprodukowa\u0107 j\u0105 w dowolnym, wskazanym kolorze.\" \/>\n<meta property=\"og:url\" content=\"https:\/\/milke.se\/en\/product\/long-naroznik-klasyczny-plytka-ceglana-dekoracyjna-dluga\/\" \/>\n<meta property=\"og:site_name\" content=\"Sklep milke.se\" \/>\n<meta property=\"article:modified_time\" content=\"2026-04-01T00:16:46+00:00\" \/>\n<meta property=\"og:image\" content=\"https:\/\/milke.se\/wp-content\/uploads\/2026\/04\/Naroznik-LONG-klasyczny-MILKE_kolor-naturalny_2-861x1024.png\" \/>\n\t<meta property=\"og:image:width\" content=\"861\" \/>\n\t<meta property=\"og:image:height\" content=\"1024\" \/>\n\t<meta property=\"og:image:type\" content=\"image\/png\" \/>\n<meta name=\"twitter:card\" content=\"summary_large_image\" \/>\n<meta name=\"twitter:label1\" content=\"Estimated reading time\" \/>\n\t<meta name=\"twitter:data1\" content=\"9 minutes\" \/>\n<script type=\"application\/ld+json\" class=\"yoast-schema-graph\">{\"@context\":\"https:\\\/\\\/schema.org\",\"@graph\":[{\"@type\":\"WebPage\",\"@id\":\"https:\\\/\\\/milke.se\\\/en\\\/product\\\/long-naroznik-klasyczny-plytka-ceglana-dekoracyjna-dluga\\\/\",\"url\":\"https:\\\/\\\/milke.se\\\/en\\\/product\\\/long-naroznik-klasyczny-plytka-ceglana-dekoracyjna-dluga\\\/\",\"name\":\"Long naro\u017cnik klasyczny - p\u0142ytka ceglana dekoracyjna d\u0142uga - Sklep milke.se\",\"isPartOf\":{\"@id\":\"https:\\\/\\\/milke.se\\\/#website\"},\"primaryImageOfPage\":{\"@id\":\"https:\\\/\\\/milke.se\\\/en\\\/product\\\/long-naroznik-klasyczny-plytka-ceglana-dekoracyjna-dluga\\\/#primaryimage\"},\"image\":{\"@id\":\"https:\\\/\\\/milke.se\\\/en\\\/product\\\/long-naroznik-klasyczny-plytka-ceglana-dekoracyjna-dluga\\\/#primaryimage\"},\"thumbnailUrl\":\"https:\\\/\\\/milke.se\\\/wp-content\\\/uploads\\\/2026\\\/04\\\/Naroznik-LONG-klasyczny-MILKE_kolor-naturalny_2.png\",\"datePublished\":\"2020-07-28T09:35:12+00:00\",\"dateModified\":\"2026-04-01T00:16:46+00:00\",\"description\":\"P\u0142ytka Long jest d\u0142uga i smuk\u0142a. Na Twoje specjalnie zam\u00f3wienie mo\u017cemy wyprodukowa\u0107 j\u0105 w dowolnym, wskazanym kolorze.\",\"breadcrumb\":{\"@id\":\"https:\\\/\\\/milke.se\\\/en\\\/product\\\/long-naroznik-klasyczny-plytka-ceglana-dekoracyjna-dluga\\\/#breadcrumb\"},\"inLanguage\":\"en-GB\",\"potentialAction\":[{\"@type\":\"ReadAction\",\"target\":[\"https:\\\/\\\/milke.se\\\/en\\\/product\\\/long-naroznik-klasyczny-plytka-ceglana-dekoracyjna-dluga\\\/\"]}]},{\"@type\":\"ImageObject\",\"inLanguage\":\"en-GB\",\"@id\":\"https:\\\/\\\/milke.se\\\/en\\\/product\\\/long-naroznik-klasyczny-plytka-ceglana-dekoracyjna-dluga\\\/#primaryimage\",\"url\":\"https:\\\/\\\/milke.se\\\/wp-content\\\/uploads\\\/2026\\\/04\\\/Naroznik-LONG-klasyczny-MILKE_kolor-naturalny_2.png\",\"contentUrl\":\"https:\\\/\\\/milke.se\\\/wp-content\\\/uploads\\\/2026\\\/04\\\/Naroznik-LONG-klasyczny-MILKE_kolor-naturalny_2.png\",\"width\":1160,\"height\":1380},{\"@type\":\"BreadcrumbList\",\"@id\":\"https:\\\/\\\/milke.se\\\/en\\\/product\\\/long-naroznik-klasyczny-plytka-ceglana-dekoracyjna-dluga\\\/#breadcrumb\",\"itemListElement\":[{\"@type\":\"ListItem\",\"position\":1,\"name\":\"Strona g\u0142\u00f3wna\",\"item\":\"https:\\\/\\\/milke.se\\\/\"},{\"@type\":\"ListItem\",\"position\":2,\"name\":\"Sklep\",\"item\":\"https:\\\/\\\/milke.se\\\/sklep\\\/\"},{\"@type\":\"ListItem\",\"position\":3,\"name\":\"Long naro\u017cnik klasyczny &#8211; p\u0142ytka ceglana dekoracyjna d\u0142uga\"}]},{\"@type\":\"WebSite\",\"@id\":\"https:\\\/\\\/milke.se\\\/#website\",\"url\":\"https:\\\/\\\/milke.se\\\/\",\"name\":\"Sklep milke.se\",\"description\":\"\",\"potentialAction\":[{\"@type\":\"SearchAction\",\"target\":{\"@type\":\"EntryPoint\",\"urlTemplate\":\"https:\\\/\\\/milke.se\\\/?s={search_term_string}\"},\"query-input\":{\"@type\":\"PropertyValueSpecification\",\"valueRequired\":true,\"valueName\":\"search_term_string\"}}],\"inLanguage\":\"en-GB\"}]}<\/script>\n<!-- \/ Yoast SEO plugin. -->","yoast_head_json":{"title":"Long naro\u017cnik klasyczny - p\u0142ytka ceglana dekoracyjna d\u0142uga - Sklep milke.se","description":"P\u0142ytka Long jest d\u0142uga i smuk\u0142a. Na Twoje specjalnie zam\u00f3wienie mo\u017cemy wyprodukowa\u0107 j\u0105 w dowolnym, wskazanym kolorze.","robots":{"index":"index","follow":"follow","max-snippet":"max-snippet:-1","max-image-preview":"max-image-preview:large","max-video-preview":"max-video-preview:-1"},"canonical":"https:\/\/milke.se\/en\/product\/long-naroznik-klasyczny-plytka-ceglana-dekoracyjna-dluga\/","og_locale":"en_GB","og_type":"article","og_title":"Long naro\u017cnik klasyczny - p\u0142ytka ceglana dekoracyjna d\u0142uga - Sklep milke.se","og_description":"P\u0142ytka Long jest d\u0142uga i smuk\u0142a. Na Twoje specjalnie zam\u00f3wienie mo\u017cemy wyprodukowa\u0107 j\u0105 w dowolnym, wskazanym kolorze.","og_url":"https:\/\/milke.se\/en\/product\/long-naroznik-klasyczny-plytka-ceglana-dekoracyjna-dluga\/","og_site_name":"Sklep milke.se","article_modified_time":"2026-04-01T00:16:46+00:00","og_image":[{"width":861,"height":1024,"url":"https:\/\/milke.se\/wp-content\/uploads\/2026\/04\/Naroznik-LONG-klasyczny-MILKE_kolor-naturalny_2-861x1024.png","type":"image\/png"}],"twitter_card":"summary_large_image","twitter_misc":{"Estimated reading time":"9 minutes"},"schema":{"@context":"https:\/\/schema.org","@graph":[{"@type":"WebPage","@id":"https:\/\/milke.se\/en\/product\/long-naroznik-klasyczny-plytka-ceglana-dekoracyjna-dluga\/","url":"https:\/\/milke.se\/en\/product\/long-naroznik-klasyczny-plytka-ceglana-dekoracyjna-dluga\/","name":"Long naro\u017cnik klasyczny - p\u0142ytka ceglana dekoracyjna d\u0142uga - Sklep milke.se","isPartOf":{"@id":"https:\/\/milke.se\/#website"},"primaryImageOfPage":{"@id":"https:\/\/milke.se\/en\/product\/long-naroznik-klasyczny-plytka-ceglana-dekoracyjna-dluga\/#primaryimage"},"image":{"@id":"https:\/\/milke.se\/en\/product\/long-naroznik-klasyczny-plytka-ceglana-dekoracyjna-dluga\/#primaryimage"},"thumbnailUrl":"https:\/\/milke.se\/wp-content\/uploads\/2026\/04\/Naroznik-LONG-klasyczny-MILKE_kolor-naturalny_2.png","datePublished":"2020-07-28T09:35:12+00:00","dateModified":"2026-04-01T00:16:46+00:00","description":"P\u0142ytka Long jest d\u0142uga i smuk\u0142a. Na Twoje specjalnie zam\u00f3wienie mo\u017cemy wyprodukowa\u0107 j\u0105 w dowolnym, wskazanym kolorze.","breadcrumb":{"@id":"https:\/\/milke.se\/en\/product\/long-naroznik-klasyczny-plytka-ceglana-dekoracyjna-dluga\/#breadcrumb"},"inLanguage":"en-GB","potentialAction":[{"@type":"ReadAction","target":["https:\/\/milke.se\/en\/product\/long-naroznik-klasyczny-plytka-ceglana-dekoracyjna-dluga\/"]}]},{"@type":"ImageObject","inLanguage":"en-GB","@id":"https:\/\/milke.se\/en\/product\/long-naroznik-klasyczny-plytka-ceglana-dekoracyjna-dluga\/#primaryimage","url":"https:\/\/milke.se\/wp-content\/uploads\/2026\/04\/Naroznik-LONG-klasyczny-MILKE_kolor-naturalny_2.png","contentUrl":"https:\/\/milke.se\/wp-content\/uploads\/2026\/04\/Naroznik-LONG-klasyczny-MILKE_kolor-naturalny_2.png","width":1160,"height":1380},{"@type":"BreadcrumbList","@id":"https:\/\/milke.se\/en\/product\/long-naroznik-klasyczny-plytka-ceglana-dekoracyjna-dluga\/#breadcrumb","itemListElement":[{"@type":"ListItem","position":1,"name":"Strona g\u0142\u00f3wna","item":"https:\/\/milke.se\/"},{"@type":"ListItem","position":2,"name":"Sklep","item":"https:\/\/milke.se\/sklep\/"},{"@type":"ListItem","position":3,"name":"Long naro\u017cnik klasyczny &#8211; p\u0142ytka ceglana dekoracyjna d\u0142uga"}]},{"@type":"WebSite","@id":"https:\/\/milke.se\/#website","url":"https:\/\/milke.se\/","name":"Shop milke.se","description":"","potentialAction":[{"@type":"SearchAction","target":{"@type":"EntryPoint","urlTemplate":"https:\/\/milke.se\/?s={search_term_string}"},"query-input":{"@type":"PropertyValueSpecification","valueRequired":true,"valueName":"search_term_string"}}],"inLanguage":"en-GB"}]}},"_links":{"self":[{"href":"https:\/\/milke.se\/en\/wp-json\/wp\/v2\/product\/6350","targetHints":{"allow":["GET"]}}],"collection":[{"href":"https:\/\/milke.se\/en\/wp-json\/wp\/v2\/product"}],"about":[{"href":"https:\/\/milke.se\/en\/wp-json\/wp\/v2\/types\/product"}],"wp:featuredmedia":[{"embeddable":true,"href":"https:\/\/milke.se\/en\/wp-json\/wp\/v2\/media\/18355"}],"wp:attachment":[{"href":"https:\/\/milke.se\/en\/wp-json\/wp\/v2\/media?parent=6350"}],"wp:term":[{"taxonomy":"product_brand","embeddable":true,"href":"https:\/\/milke.se\/en\/wp-json\/wp\/v2\/product_brand?post=6350"},{"taxonomy":"product_cat","embeddable":true,"href":"https:\/\/milke.se\/en\/wp-json\/wp\/v2\/product_cat?post=6350"},{"taxonomy":"product_tag","embeddable":true,"href":"https:\/\/milke.se\/en\/wp-json\/wp\/v2\/product_tag?post=6350"}],"curies":[{"name":"wp","href":"https:\/\/api.w.org\/{rel}","templated":true}]}}