{"id":924,"date":"2019-09-24T20:32:17","date_gmt":"2019-09-24T18:32:17","guid":{"rendered":"https:\/\/milke.se\/?post_type=product&#038;p=924"},"modified":"2026-04-01T11:02:40","modified_gmt":"2026-04-01T09:02:40","slug":"roofo-kafel-elewacyjno-dachowy","status":"publish","type":"product","link":"https:\/\/milke.se\/en\/product\/roofo-kafel-elewacyjno-dachowy\/","title":{"rendered":"Roofo &#8211; kafel elewacyjno-dachowy"},"content":{"rendered":"<div class=\"page\" title=\"Page 19\">\n<div class=\"section\">\n<div class=\"layoutArea\" style=\"text-align: left;\">\n<h4>Kafel dekoracyjny Roofo to innowacyjny produkt dach\u00f3wkowo-elewacyjny, kt\u00f3ry mo\u017cna zastosowa\u0107 na dowolnej p\u0142aszczy\u017anie budynku, co daje szerokie mo\u017cliwo\u015bci projektowe.<\/h4>\n<\/div>\n<div class=\"page\" title=\"Page 11\">\n<div class=\"section\">\n<div class=\"layoutArea\">\n<div class=\"column\">\n<ul>\n<li style=\"text-align: left;\"><strong>Opcja pierwsza<\/strong> \u2013 monta\u017c na \u015bcianie, gdzie Roofo tworzy nowoczesny, geometryczny efekt.<\/li>\n<li style=\"text-align: left;\"><strong>Opcja druga<\/strong> \u2013 zastosowanie na dachu, nadaj\u0105c budynkowi sp\u00f3jny, minimalistyczny wygl\u0105d.<\/li>\n<li style=\"text-align: left;\"><strong>Opcja trzecia<\/strong> \u2013 po\u0142\u0105czenie \u015bciany i dachu, co wprowadza harmoni\u0119 mi\u0119dzy r\u00f3\u017cnymi p\u0142aszczyznami obiektu.<\/li>\n<\/ul>\n<p style=\"text-align: left;\">Co wi\u0119cej, Roofo w po\u0142\u0105czeniu ze swoj\u0105 mniejsz\u0105 wersj\u0105 &#8211;\u00a0<span style=\"text-decoration: underline; color: #000080;\"><a style=\"color: #000080; text-decoration: underline;\" href=\"https:\/\/milke.se\/en\/product\/semiroofo-kafel-ceglany-dekoracyjny\/\" target=\"_blank\" rel=\"noopener\">kaflem elewacyjnym Semiroofo<\/a><\/span> otwiera <strong>czwart\u0105 opcj\u0119<\/strong>, zapewniaj\u0105c Architektom zupe\u0142nie nowe mo\u017cliwo\u015bci aran\u017cacyjne. To \u015bwie\u017ce podej\u015bcie do projektowania, kt\u00f3re pozwala tworzy\u0107 budynki o silnym charakterze, jednocze\u015bnie zachowuj\u0105c ciep\u0142o i przytulno\u015b\u0107 formy. Roofo wnosi powiew nowoczesno\u015bci, oferuj\u0105c wyj\u0105tkowy balans mi\u0119dzy surowo\u015bci\u0105 a elegancj\u0105.<\/p>\n<p><a href=\"https:\/\/milke.se\/en\/portfolio\/siedlisko-rezerwat-lukta-stoprocent-architekci\/\" target=\"_blank\" rel=\"noopener\"><img loading=\"lazy\" decoding=\"async\" class=\"alignnone wp-image-11971\" src=\"https:\/\/milke.se\/wp-content\/uploads\/2019\/09\/Kafel-Roofo-MILKE-101.png\" alt=\"\" width=\"915\" height=\"592\" srcset=\"https:\/\/milke.se\/wp-content\/uploads\/2019\/09\/Kafel-Roofo-MILKE-101.png 1500w, https:\/\/milke.se\/wp-content\/uploads\/2019\/09\/Kafel-Roofo-MILKE-101-300x194.png 300w, https:\/\/milke.se\/wp-content\/uploads\/2019\/09\/Kafel-Roofo-MILKE-101-1024x662.png 1024w, https:\/\/milke.se\/wp-content\/uploads\/2019\/09\/Kafel-Roofo-MILKE-101-768x497.png 768w, https:\/\/milke.se\/wp-content\/uploads\/2019\/09\/Kafel-Roofo-MILKE-101-565x365.png 565w, https:\/\/milke.se\/wp-content\/uploads\/2019\/09\/Kafel-Roofo-MILKE-101-937x606.png 937w\" sizes=\"auto, (max-width: 915px) 100vw, 915px\" \/><\/a><\/p>\n<p><a href=\"https:\/\/milke.se\/en\/portfolio\/siedlisko-rezerwat-lukta-stoprocent-architekci\/\"><img loading=\"lazy\" decoding=\"async\" class=\"alignnone wp-image-11970\" src=\"https:\/\/milke.se\/wp-content\/uploads\/2019\/09\/Kafel-Roofo-MILKE-100.png\" alt=\"\" width=\"451\" height=\"292\" srcset=\"https:\/\/milke.se\/wp-content\/uploads\/2019\/09\/Kafel-Roofo-MILKE-100.png 1500w, https:\/\/milke.se\/wp-content\/uploads\/2019\/09\/Kafel-Roofo-MILKE-100-300x194.png 300w, https:\/\/milke.se\/wp-content\/uploads\/2019\/09\/Kafel-Roofo-MILKE-100-1024x662.png 1024w, https:\/\/milke.se\/wp-content\/uploads\/2019\/09\/Kafel-Roofo-MILKE-100-768x497.png 768w, https:\/\/milke.se\/wp-content\/uploads\/2019\/09\/Kafel-Roofo-MILKE-100-565x365.png 565w, https:\/\/milke.se\/wp-content\/uploads\/2019\/09\/Kafel-Roofo-MILKE-100-1140x740.png 1140w, https:\/\/milke.se\/wp-content\/uploads\/2019\/09\/Kafel-Roofo-MILKE-100-937x606.png 937w\" sizes=\"auto, (max-width: 451px) 100vw, 451px\" \/><\/a> \u00a0 \u00a0<a href=\"https:\/\/milke.se\/en\/portfolio\/siedlisko-rezerwat-lukta-stoprocent-architekci\/\"><img loading=\"lazy\" decoding=\"async\" class=\"alignnone wp-image-11972\" src=\"https:\/\/milke.se\/wp-content\/uploads\/2019\/09\/Kafel-Roofo-MILKE-102.png\" alt=\"\" width=\"451\" height=\"292\" srcset=\"https:\/\/milke.se\/wp-content\/uploads\/2019\/09\/Kafel-Roofo-MILKE-102.png 1500w, https:\/\/milke.se\/wp-content\/uploads\/2019\/09\/Kafel-Roofo-MILKE-102-300x194.png 300w, https:\/\/milke.se\/wp-content\/uploads\/2019\/09\/Kafel-Roofo-MILKE-102-1024x662.png 1024w, https:\/\/milke.se\/wp-content\/uploads\/2019\/09\/Kafel-Roofo-MILKE-102-768x497.png 768w, https:\/\/milke.se\/wp-content\/uploads\/2019\/09\/Kafel-Roofo-MILKE-102-565x365.png 565w, https:\/\/milke.se\/wp-content\/uploads\/2019\/09\/Kafel-Roofo-MILKE-102-1140x740.png 1140w, https:\/\/milke.se\/wp-content\/uploads\/2019\/09\/Kafel-Roofo-MILKE-102-937x606.png 937w\" sizes=\"auto, (max-width: 451px) 100vw, 451px\" \/><\/a><\/p>\n<\/div>\n<\/div>\n<\/div>\n<\/div>\n<blockquote>\n<p style=\"text-align: center;\">Roofo technicznie<\/p>\n<\/blockquote>\n<p style=\"text-align: left;\">Kafle MILKE s\u0105 r\u0119cznie formowane z betonu architektonicznego barwionego w masie, co pozwala na tworzenie du\u017cych element\u00f3w elewacyjnych, zachowuj\u0105c przy tym najwy\u017csz\u0105 jako\u015b\u0107 i trwa\u0142o\u015b\u0107. Beton architektoniczny doskonale sprawdza si\u0119 w takich projektach, \u0142\u0105cz\u0105c estetyk\u0119 z wytrzyma\u0142o\u015bci\u0105.<\/p>\n<p style=\"text-align: left;\">Kafle Roofo wyr\u00f3\u017cniaj\u0105 si\u0119 nietypow\u0105 d\u0142ugo\u015bci\u0105 77 cm oraz C-kszta\u0142tnym przekrojem, co pozwala na uk\u0142adanie ich z niewielk\u0105 zak\u0142adk\u0105 na podkonstrukcji. To rozwi\u0105zanie umo\u017cliwia zastosowanie niewidocznych system\u00f3w odprowadzania wody, co nie tylko podnosi walory estetyczne, ale r\u00f3wnie\u017c funkcjonalne elewacji.<\/p>\n<p style=\"font-weight: 400; text-align: left;\"><span style=\"color: #000000;\">Aktualne wymiary Roofo, wielko\u015b\u0107 (+\/- 0,5 cm): wysoko\u015b\u0107 ~ 24 cm, d\u0142ugo\u015b\u0107 ~ 77 cm, grubo\u015b\u0107 ~ zewn. 4 cm \/ wewn. 2,5 cm, rami\u0119 ~ 1,3-2 cm (przekr\u00f3j kafla \u2013 C kszta\u0142tny).<\/span><\/p>\n<p><span style=\"color: #000000;\">Na 1m2 potrzeba 7,5 szt. kafla (w zwi\u0105zku z jego pochyleniem i tym, \u017ce kafle zachodz\u0105 na siebie).<\/span><\/p>\n<p><a href=\"https:\/\/milke.se\/en\/portfolio\/dom-w-lancucie-meeko-architekci\/\" target=\"_blank\" rel=\"noopener\"><img loading=\"lazy\" decoding=\"async\" class=\"alignnone wp-image-13356\" src=\"https:\/\/milke.se\/wp-content\/uploads\/2023\/07\/Dom-Lancut-MEEKO-Architekci-10-scaled.jpg\" alt=\"\" width=\"915\" height=\"515\" \/><\/a><\/p>\n<p><a href=\"https:\/\/milke.se\/en\/portfolio\/dom-w-lancucie-meeko-architekci\/\" target=\"_blank\" rel=\"noopener\"><img loading=\"lazy\" decoding=\"async\" class=\"alignnone wp-image-13348\" src=\"https:\/\/milke.se\/wp-content\/uploads\/2023\/07\/Dom-Lancut-MEEKO-Architekci-2-scaled.jpg\" alt=\"\" width=\"452\" height=\"254\" \/><\/a> \u00a0 \u00a0<a href=\"https:\/\/milke.se\/en\/portfolio\/dom-w-lancucie-meeko-architekci\/\" target=\"_blank\" rel=\"noopener\"><img loading=\"lazy\" decoding=\"async\" class=\"alignnone wp-image-13355\" src=\"https:\/\/milke.se\/wp-content\/uploads\/2023\/07\/Dom-Lancut-MEEKO-Architekci-9-scaled.jpg\" alt=\"\" width=\"452\" height=\"254\" \/><\/a><\/p>\n<\/div>\n<div class=\"section\">\n<blockquote>\n<div>Roofo to element ok\u0142adzinowy<\/div>\n<\/blockquote>\n<div>\n<p style=\"text-align: left;\"><span style=\"text-decoration: underline; color: #000000;\">Roofo to innowacyjny produkt elewacyjno-dachowy, kt\u00f3ry pe\u0142ni funkcj\u0119 ok\u0142adzinow\u0105, ale nie izolacyjn\u0105, jak klasyczna dach\u00f3wka.<\/span> Oznacza to, \u017ce Roofo mo\u017cna stosowa\u0107 wy\u0142\u0105cznie na pe\u0142nym, szczelnym dachu, kt\u00f3ry zapewnia ochron\u0119 przed czynnikami atmosferycznymi.<\/p>\n<p style=\"text-align: left;\">Monta\u017c kafli odbywa si\u0119 poprzez przykr\u0119cenie ich do wcze\u015bniej przygotowanej podkonstrukcji. Mo\u017cna to zrobi\u0107 zar\u00f3wno na systemie drewnianym, co jest popularne w krajach takich jak: Benelux, Litwa, \u0141otwa, Estonia czy Rosja, jak i na stela\u017cu aluminiowym. Wyb\u00f3r odpowiedniego systemu zale\u017cy od preferencji wykonawcy dachu.<\/p>\n<p style=\"text-align: left;\">Dla dodatkowej ochrony i zwi\u0119kszenia trwa\u0142o\u015bci, ka\u017cdy element betonowy Roofo nale\u017cy pokry\u0107 dwiema warstwami impregnatu hydrofobowego, co zapewnia skuteczn\u0105 ochron\u0119 przed wilgoci\u0105 i przed\u0142u\u017ca \u017cywotno\u015b\u0107 materia\u0142u.<\/p>\n<\/div>\n<\/div>\n<\/div>\n<div class=\"page\" title=\"Page 11\">\n<div class=\"section\">\n<div class=\"layoutArea\">\n<div class=\"column\">\n<p><a href=\"https:\/\/milke.se\/en\/portfolio\/willa-lake-house-mokaa-architekci\/\" target=\"_blank\" rel=\"noopener\"><img loading=\"lazy\" decoding=\"async\" class=\"alignnone wp-image-14279\" src=\"https:\/\/milke.se\/wp-content\/uploads\/2024\/05\/MOKAA_Lukow_28-scaled.jpg\" alt=\"\" width=\"915\" height=\"610\" \/><\/a><\/p>\n<p><a href=\"https:\/\/milke.se\/en\/portfolio\/willa-lake-house-mokaa-architekci\/\" target=\"_blank\" rel=\"noopener\"><img loading=\"lazy\" decoding=\"async\" class=\"alignnone wp-image-14275\" src=\"https:\/\/milke.se\/wp-content\/uploads\/2024\/05\/MOKAA_Lukow_11-scaled.jpg\" alt=\"\" width=\"452\" height=\"565\" \/><\/a> \u00a0 \u00a0<a href=\"https:\/\/milke.se\/en\/portfolio\/willa-lake-house-mokaa-architekci\/\" target=\"_blank\" rel=\"noopener\"><img loading=\"lazy\" decoding=\"async\" class=\"alignnone wp-image-14277\" src=\"https:\/\/milke.se\/wp-content\/uploads\/2024\/05\/MOKAA_Lukow_21-scaled.jpg\" alt=\"\" width=\"452\" height=\"565\" \/><\/a><\/p>\n<\/div>\n<\/div>\n<\/div>\n<\/div>\n<div class=\"page\" title=\"Page 19\">\n<div class=\"section\">\n<div class=\"page\" style=\"text-align: left;\" title=\"Page 6\">\n<div class=\"section\">\n<div class=\"layoutArea\">\n<div class=\"column\">\n<div class=\"page\" title=\"Page 6\">\n<div class=\"section\">\n<div class=\"layoutArea\">\n<div class=\"column\">\n<div class=\"page\" title=\"Page 9\">\n<div class=\"section\">\n<div class=\"layoutArea\">\n<h5 class=\"column\">G\u0142\u00f3wne zalety kafli betonowych MILKE:<\/h5>\n<\/div>\n<\/div>\n<\/div>\n<\/div>\n<\/div>\n<\/div>\n<\/div>\n<div class=\"page\" title=\"Page 9\">\n<div class=\"section\">\n<div class=\"layoutArea\">\n<div class=\"column\">\n<ul>\n<li>trwa\u0142o\u015b\u0107 \u2013\u00a0czyli wytrzyma\u0142o\u015b\u0107 na uderzenia i \u015bcieranie<\/li>\n<li>wytrzyma\u0142o\u015b\u0107 na warunki atmosferyczne \u2013\u00a0czyli mrozoodporno\u015b\u0107, niska nasia\u0328kliwo\u015b\u0107<\/li>\n<li>odporno\u015b\u0107 \u2013\u00a0zar\u00f3wno na korozj\u0119 biologiczn\u0105, jak i agresywne \u015brodowisko naraz\u0307one na permanentne dzia\u0142anie i kontakt z wod\u0105, oparami czy t\u0142uszczem<\/li>\n<li>niepalno\u015b\u0107 \u2013\u00a0w rozumieniu odporno\u015b\u0107 na ogien\u0301<\/li>\n<li>podwyz\u0307szona izolacja akustyczna i cieplna<\/li>\n<\/ul>\n<\/div>\n<\/div>\n<\/div>\n<\/div>\n<\/div>\n<\/div>\n<\/div>\n<\/div>\n<div class=\"page\" style=\"text-align: left;\" title=\"Page 4\">\n<div class=\"section\">\n<div class=\"layoutArea\">\n<div class=\"column\"><\/div>\n<\/div>\n<\/div>\n<\/div>\n<p><a href=\"https:\/\/milke.se\/wp-content\/uploads\/2019\/09\/Kafel-Roofo-MILKE-105.png\" target=\"_blank\" rel=\"noopener\"><img loading=\"lazy\" decoding=\"async\" class=\"alignnone wp-image-11975\" src=\"https:\/\/milke.se\/wp-content\/uploads\/2019\/09\/Kafel-Roofo-MILKE-105.png\" alt=\"\" width=\"451\" height=\"292\" srcset=\"https:\/\/milke.se\/wp-content\/uploads\/2019\/09\/Kafel-Roofo-MILKE-105.png 1500w, https:\/\/milke.se\/wp-content\/uploads\/2019\/09\/Kafel-Roofo-MILKE-105-300x194.png 300w, https:\/\/milke.se\/wp-content\/uploads\/2019\/09\/Kafel-Roofo-MILKE-105-1024x662.png 1024w, https:\/\/milke.se\/wp-content\/uploads\/2019\/09\/Kafel-Roofo-MILKE-105-768x497.png 768w, https:\/\/milke.se\/wp-content\/uploads\/2019\/09\/Kafel-Roofo-MILKE-105-565x365.png 565w, https:\/\/milke.se\/wp-content\/uploads\/2019\/09\/Kafel-Roofo-MILKE-105-1140x740.png 1140w, https:\/\/milke.se\/wp-content\/uploads\/2019\/09\/Kafel-Roofo-MILKE-105-937x606.png 937w\" sizes=\"auto, (max-width: 451px) 100vw, 451px\" \/><\/a> \u00a0 \u00a0<a href=\"https:\/\/milke.se\/wp-content\/uploads\/2019\/09\/Kafel-Roofo-MILKE-106.png\" target=\"_blank\" rel=\"noopener\"><img loading=\"lazy\" decoding=\"async\" class=\"alignnone wp-image-11977\" src=\"https:\/\/milke.se\/wp-content\/uploads\/2019\/09\/Kafel-Roofo-MILKE-106.png\" alt=\"\" width=\"451\" height=\"292\" srcset=\"https:\/\/milke.se\/wp-content\/uploads\/2019\/09\/Kafel-Roofo-MILKE-106.png 1500w, https:\/\/milke.se\/wp-content\/uploads\/2019\/09\/Kafel-Roofo-MILKE-106-300x194.png 300w, https:\/\/milke.se\/wp-content\/uploads\/2019\/09\/Kafel-Roofo-MILKE-106-1024x662.png 1024w, https:\/\/milke.se\/wp-content\/uploads\/2019\/09\/Kafel-Roofo-MILKE-106-768x497.png 768w, https:\/\/milke.se\/wp-content\/uploads\/2019\/09\/Kafel-Roofo-MILKE-106-565x365.png 565w, https:\/\/milke.se\/wp-content\/uploads\/2019\/09\/Kafel-Roofo-MILKE-106-1140x740.png 1140w, https:\/\/milke.se\/wp-content\/uploads\/2019\/09\/Kafel-Roofo-MILKE-106-937x606.png 937w\" sizes=\"auto, (max-width: 451px) 100vw, 451px\" \/><\/a><\/p>\n<blockquote><p>Kolory i odcienie<\/p><\/blockquote>\n<p style=\"text-align: left;\">W MILKE ka\u017cdy kafel barwimy r\u0119cznie, co daje nam pe\u0142n\u0105 swobod\u0119 w kreowaniu unikatowych kolor\u00f3w. Te nadaj\u0105 elewacji wyj\u0105tkowy charakter. <span style=\"text-decoration: underline; color: #000080;\"><a style=\"color: #000080; text-decoration: underline;\" href=\"https:\/\/milke.se\/en\/kolory\/\" target=\"_blank\" rel=\"noopener\">Kafle Roofo kieruj\u0105 si\u0119 tymi samymi zasadami odcieni, co nasze klasyczne p\u0142ytki ceglane<\/a><\/span> \u2013 ich mniejsi \u201ekoledzy\u201d. Dzi\u0119ki temu ka\u017cdy element posiada subtelnie r\u00f3\u017cni\u0105ce si\u0119 odcienie, co wprowadza dynamik\u0119 i naturalno\u015b\u0107 do ca\u0142ej powierzchni.<\/p>\n<p style=\"text-align: left;\">Kafle z betonu architektonicznego oferuj\u0105 nieograniczone mo\u017cliwo\u015bci kolorystyczne, pozwalaj\u0105c na kreatywne eksperymenty. Mo\u017cesz zatem skupi\u0107 si\u0119 na kolorach podstawowych lub <span style=\"text-decoration: underline; color: #000080;\"><a style=\"color: #000080; text-decoration: underline;\" href=\"https:\/\/milke.se\/en\/product\/probki-produktow-kolor-indywidualny\/\" target=\"_blank\" rel=\"noopener\">znale\u017a\u0107 sw\u00f3j w\u0142asny, unikalny odcie\u0144 Roofo.<\/a><\/span><\/p>\n<blockquote class=\"wp-embedded-content\" data-secret=\"QlHsgwHaAy\"><p><a href=\"https:\/\/milke.se\/en\/kolory\/\">\u015aCI\u0104GAWKA KOLOR\u00d3W<\/a><\/p><\/blockquote>\n<p><iframe loading=\"lazy\" class=\"wp-embedded-content\" sandbox=\"allow-scripts\" security=\"restricted\" style=\"position: absolute; visibility: hidden;\" title=\"&#8222;\u015aCI\u0104GAWKA KOLOR\u00d3W&#8221; &#8212; Sklep milke.se\" src=\"https:\/\/milke.se\/kolory\/embed\/#?secret=Xjcewi1r7s#?secret=QlHsgwHaAy\" data-secret=\"QlHsgwHaAy\" width=\"600\" height=\"338\" frameborder=\"0\" marginwidth=\"0\" marginheight=\"0\" scrolling=\"no\"><\/iframe><\/p>\n<\/div>\n<\/div>","protected":false},"excerpt":{"rendered":"<p style=\"text-align: left;\">Roofo to jedyny kafel w ofercie MILKE, kt\u00f3ry \u0142\u0105czy funkcj\u0119 dachow\u0105 i elewacyjn\u0105, oferuj\u0105c sp\u00f3jno\u015b\u0107 i nowoczesno\u015b\u0107 w jednym rozwi\u0105zaniu. Dzi\u0119ki swojemu unikalnemu designowi i wielofunkcyjno\u015bci, Roofo mo\u017ce by\u0107 stosowany zar\u00f3wno na \u015bcianach, jak i dachach, co pozwala na stworzenie p\u0142ynnych, harmonijnych projekt\u00f3w. <span style=\"text-decoration: underline;\"><span style=\"color: #000080;\"><a style=\"color: #000080; text-decoration: underline;\" href=\"https:\/\/milke.se\/en\/kolory\/\" target=\"_blank\" rel=\"noopener\">Dost\u0119pny w r\u00f3\u017cnych kolorach, typowych dla klasycznych cegie\u0142.<\/a><\/span><\/span>\u00a0Na 1m2 potrzeba 7,5 szt. kafla, co wynika z jego pochylenia i zak\u0142adkowego uk\u0142adania, gdzie kafle delikatnie nachodz\u0105 na siebie.<\/p>","protected":false},"featured_media":18250,"template":"","meta":[],"product_brand":[],"product_cat":[377],"product_tag":[68,69,109],"class_list":{"0":"post-924","1":"product","2":"type-product","3":"status-publish","4":"has-post-thumbnail","6":"product_cat-kafel-ceglany","7":"product_tag-dachowka","8":"product_tag-elewacja","9":"product_tag-roofo","10":"product_shipping_class-produkty-wysylane-na-paletach","12":"first","13":"instock","14":"taxable","15":"shipping-taxable","16":"purchasable","17":"product-type-variable","18":"layout-style-2","19":"col-md-4 col-sm-4 col-xs-6","20":"col-lg-3","21":"product-has-gallery","22":"product-style-default"},"yoast_head":"<!-- This site is optimized with the Yoast SEO plugin v27.5 - https:\/\/yoast.com\/product\/yoast-seo-wordpress\/ -->\n<title>Roofo - kafel elewacyjno-dachowy - Sklep milke.se<\/title>\n<meta name=\"description\" content=\"Roofo jest produktem dach\u00f3wkowo\u2013elewacyjnym, co determinuje jego kszta\u0142t i wielko\u015b\u0107. Produkcja - manufaktura.\" \/>\n<meta name=\"robots\" content=\"index, follow, max-snippet:-1, max-image-preview:large, max-video-preview:-1\" \/>\n<link rel=\"canonical\" href=\"https:\/\/milke.se\/en\/product\/roofo-kafel-elewacyjno-dachowy\/\" \/>\n<meta property=\"og:locale\" content=\"en_GB\" \/>\n<meta property=\"og:type\" content=\"article\" \/>\n<meta property=\"og:title\" content=\"Roofo - kafel elewacyjno-dachowy - Sklep milke.se\" \/>\n<meta property=\"og:description\" content=\"Roofo jest produktem dach\u00f3wkowo\u2013elewacyjnym, co determinuje jego kszta\u0142t i wielko\u015b\u0107. Produkcja - manufaktura.\" \/>\n<meta property=\"og:url\" content=\"https:\/\/milke.se\/en\/product\/roofo-kafel-elewacyjno-dachowy\/\" \/>\n<meta property=\"og:site_name\" content=\"Sklep milke.se\" \/>\n<meta property=\"article:modified_time\" content=\"2026-04-01T09:02:40+00:00\" \/>\n<meta property=\"og:image\" content=\"https:\/\/milke.se\/wp-content\/uploads\/2026\/04\/Kafel-Roofo-MILKE_2-861x1024.png\" \/>\n\t<meta property=\"og:image:width\" content=\"861\" \/>\n\t<meta property=\"og:image:height\" content=\"1024\" \/>\n\t<meta property=\"og:image:type\" content=\"image\/png\" \/>\n<meta name=\"twitter:card\" content=\"summary_large_image\" \/>\n<meta name=\"twitter:label1\" content=\"Estimated reading time\" \/>\n\t<meta name=\"twitter:data1\" content=\"6 minutes\" \/>\n<script type=\"application\/ld+json\" class=\"yoast-schema-graph\">{\"@context\":\"https:\\\/\\\/schema.org\",\"@graph\":[{\"@type\":\"WebPage\",\"@id\":\"https:\\\/\\\/milke.se\\\/en\\\/product\\\/roofo-kafel-elewacyjno-dachowy\\\/\",\"url\":\"https:\\\/\\\/milke.se\\\/en\\\/product\\\/roofo-kafel-elewacyjno-dachowy\\\/\",\"name\":\"Roofo - kafel elewacyjno-dachowy - Sklep milke.se\",\"isPartOf\":{\"@id\":\"https:\\\/\\\/milke.se\\\/en\\\/#website\"},\"primaryImageOfPage\":{\"@id\":\"https:\\\/\\\/milke.se\\\/en\\\/product\\\/roofo-kafel-elewacyjno-dachowy\\\/#primaryimage\"},\"image\":{\"@id\":\"https:\\\/\\\/milke.se\\\/en\\\/product\\\/roofo-kafel-elewacyjno-dachowy\\\/#primaryimage\"},\"thumbnailUrl\":\"https:\\\/\\\/milke.se\\\/wp-content\\\/uploads\\\/2026\\\/04\\\/Kafel-Roofo-MILKE_2.png\",\"datePublished\":\"2019-09-24T18:32:17+00:00\",\"dateModified\":\"2026-04-01T09:02:40+00:00\",\"description\":\"Roofo jest produktem dach\u00f3wkowo\u2013elewacyjnym, co determinuje jego kszta\u0142t i wielko\u015b\u0107. Produkcja - manufaktura.\",\"breadcrumb\":{\"@id\":\"https:\\\/\\\/milke.se\\\/en\\\/product\\\/roofo-kafel-elewacyjno-dachowy\\\/#breadcrumb\"},\"inLanguage\":\"en-GB\",\"potentialAction\":[{\"@type\":\"ReadAction\",\"target\":[\"https:\\\/\\\/milke.se\\\/en\\\/product\\\/roofo-kafel-elewacyjno-dachowy\\\/\"]}]},{\"@type\":\"ImageObject\",\"inLanguage\":\"en-GB\",\"@id\":\"https:\\\/\\\/milke.se\\\/en\\\/product\\\/roofo-kafel-elewacyjno-dachowy\\\/#primaryimage\",\"url\":\"https:\\\/\\\/milke.se\\\/wp-content\\\/uploads\\\/2026\\\/04\\\/Kafel-Roofo-MILKE_2.png\",\"contentUrl\":\"https:\\\/\\\/milke.se\\\/wp-content\\\/uploads\\\/2026\\\/04\\\/Kafel-Roofo-MILKE_2.png\",\"width\":1160,\"height\":1380},{\"@type\":\"BreadcrumbList\",\"@id\":\"https:\\\/\\\/milke.se\\\/en\\\/product\\\/roofo-kafel-elewacyjno-dachowy\\\/#breadcrumb\",\"itemListElement\":[{\"@type\":\"ListItem\",\"position\":1,\"name\":\"Strona g\u0142\u00f3wna\",\"item\":\"https:\\\/\\\/milke.se\\\/\"},{\"@type\":\"ListItem\",\"position\":2,\"name\":\"Sklep\",\"item\":\"https:\\\/\\\/milke.se\\\/sklep\\\/\"},{\"@type\":\"ListItem\",\"position\":3,\"name\":\"Roofo &#8211; kafel elewacyjno-dachowy\"}]},{\"@type\":\"WebSite\",\"@id\":\"https:\\\/\\\/milke.se\\\/en\\\/#website\",\"url\":\"https:\\\/\\\/milke.se\\\/en\\\/\",\"name\":\"Sklep milke.se\",\"description\":\"\",\"potentialAction\":[{\"@type\":\"SearchAction\",\"target\":{\"@type\":\"EntryPoint\",\"urlTemplate\":\"https:\\\/\\\/milke.se\\\/en\\\/?s={search_term_string}\"},\"query-input\":{\"@type\":\"PropertyValueSpecification\",\"valueRequired\":true,\"valueName\":\"search_term_string\"}}],\"inLanguage\":\"en-GB\"}]}<\/script>\n<!-- \/ Yoast SEO plugin. -->","yoast_head_json":{"title":"Roofo - kafel elewacyjno-dachowy - Sklep milke.se","description":"Roofo jest produktem dach\u00f3wkowo\u2013elewacyjnym, co determinuje jego kszta\u0142t i wielko\u015b\u0107. Produkcja - manufaktura.","robots":{"index":"index","follow":"follow","max-snippet":"max-snippet:-1","max-image-preview":"max-image-preview:large","max-video-preview":"max-video-preview:-1"},"canonical":"https:\/\/milke.se\/en\/product\/roofo-kafel-elewacyjno-dachowy\/","og_locale":"en_GB","og_type":"article","og_title":"Roofo - kafel elewacyjno-dachowy - Sklep milke.se","og_description":"Roofo jest produktem dach\u00f3wkowo\u2013elewacyjnym, co determinuje jego kszta\u0142t i wielko\u015b\u0107. Produkcja - manufaktura.","og_url":"https:\/\/milke.se\/en\/product\/roofo-kafel-elewacyjno-dachowy\/","og_site_name":"Sklep milke.se","article_modified_time":"2026-04-01T09:02:40+00:00","og_image":[{"width":861,"height":1024,"url":"https:\/\/milke.se\/wp-content\/uploads\/2026\/04\/Kafel-Roofo-MILKE_2-861x1024.png","type":"image\/png"}],"twitter_card":"summary_large_image","twitter_misc":{"Estimated reading time":"6 minutes"},"schema":{"@context":"https:\/\/schema.org","@graph":[{"@type":"WebPage","@id":"https:\/\/milke.se\/en\/product\/roofo-kafel-elewacyjno-dachowy\/","url":"https:\/\/milke.se\/en\/product\/roofo-kafel-elewacyjno-dachowy\/","name":"Roofo - kafel elewacyjno-dachowy - Sklep milke.se","isPartOf":{"@id":"https:\/\/milke.se\/en\/#website"},"primaryImageOfPage":{"@id":"https:\/\/milke.se\/en\/product\/roofo-kafel-elewacyjno-dachowy\/#primaryimage"},"image":{"@id":"https:\/\/milke.se\/en\/product\/roofo-kafel-elewacyjno-dachowy\/#primaryimage"},"thumbnailUrl":"https:\/\/milke.se\/wp-content\/uploads\/2026\/04\/Kafel-Roofo-MILKE_2.png","datePublished":"2019-09-24T18:32:17+00:00","dateModified":"2026-04-01T09:02:40+00:00","description":"Roofo jest produktem dach\u00f3wkowo\u2013elewacyjnym, co determinuje jego kszta\u0142t i wielko\u015b\u0107. Produkcja - manufaktura.","breadcrumb":{"@id":"https:\/\/milke.se\/en\/product\/roofo-kafel-elewacyjno-dachowy\/#breadcrumb"},"inLanguage":"en-GB","potentialAction":[{"@type":"ReadAction","target":["https:\/\/milke.se\/en\/product\/roofo-kafel-elewacyjno-dachowy\/"]}]},{"@type":"ImageObject","inLanguage":"en-GB","@id":"https:\/\/milke.se\/en\/product\/roofo-kafel-elewacyjno-dachowy\/#primaryimage","url":"https:\/\/milke.se\/wp-content\/uploads\/2026\/04\/Kafel-Roofo-MILKE_2.png","contentUrl":"https:\/\/milke.se\/wp-content\/uploads\/2026\/04\/Kafel-Roofo-MILKE_2.png","width":1160,"height":1380},{"@type":"BreadcrumbList","@id":"https:\/\/milke.se\/en\/product\/roofo-kafel-elewacyjno-dachowy\/#breadcrumb","itemListElement":[{"@type":"ListItem","position":1,"name":"Strona g\u0142\u00f3wna","item":"https:\/\/milke.se\/"},{"@type":"ListItem","position":2,"name":"Sklep","item":"https:\/\/milke.se\/sklep\/"},{"@type":"ListItem","position":3,"name":"Roofo &#8211; kafel elewacyjno-dachowy"}]},{"@type":"WebSite","@id":"https:\/\/milke.se\/en\/#website","url":"https:\/\/milke.se\/en\/","name":"Shop milke.se","description":"","potentialAction":[{"@type":"SearchAction","target":{"@type":"EntryPoint","urlTemplate":"https:\/\/milke.se\/en\/?s={search_term_string}"},"query-input":{"@type":"PropertyValueSpecification","valueRequired":true,"valueName":"search_term_string"}}],"inLanguage":"en-GB"}]}},"_links":{"self":[{"href":"https:\/\/milke.se\/en\/wp-json\/wp\/v2\/product\/924","targetHints":{"allow":["GET"]}}],"collection":[{"href":"https:\/\/milke.se\/en\/wp-json\/wp\/v2\/product"}],"about":[{"href":"https:\/\/milke.se\/en\/wp-json\/wp\/v2\/types\/product"}],"wp:featuredmedia":[{"embeddable":true,"href":"https:\/\/milke.se\/en\/wp-json\/wp\/v2\/media\/18250"}],"wp:attachment":[{"href":"https:\/\/milke.se\/en\/wp-json\/wp\/v2\/media?parent=924"}],"wp:term":[{"taxonomy":"product_brand","embeddable":true,"href":"https:\/\/milke.se\/en\/wp-json\/wp\/v2\/product_brand?post=924"},{"taxonomy":"product_cat","embeddable":true,"href":"https:\/\/milke.se\/en\/wp-json\/wp\/v2\/product_cat?post=924"},{"taxonomy":"product_tag","embeddable":true,"href":"https:\/\/milke.se\/en\/wp-json\/wp\/v2\/product_tag?post=924"}],"curies":[{"name":"wp","href":"https:\/\/api.w.org\/{rel}","templated":true}]}}